{"id":77,"date":"2015-02-03T13:38:38","date_gmt":"2015-02-03T12:38:38","guid":{"rendered":"http:\/\/ldwgxvi.preview.infomaniak.com\/?page_id=77"},"modified":"2016-08-08T08:48:45","modified_gmt":"2016-08-08T08:48:45","slug":"modeles-numeriques-de-prevision-meteo","status":"publish","type":"page","link":"https:\/\/test.philippe-durussel.info\/?page_id=77","title":{"rendered":"Mod\u00e8les num\u00e9riques &#8211; Europe + Suisse"},"content":{"rendered":"<p>[et_pb_section admin_label=\u00a0\u00bbsection\u00a0\u00bb][et_pb_row admin_label=\u00a0\u00bbrow\u00a0\u00bb][et_pb_column type=\u00a0\u00bb4_4&Prime;][et_pb_text admin_label=\u00a0\u00bbMod\u00e8le GFS &#8211; explications et pr\u00e9sentation\u00a0\u00bb background_layout=\u00a0\u00bblight\u00a0\u00bb text_orientation=\u00a0\u00bbleft\u00a0\u00bb use_border_color=\u00a0\u00bboff\u00a0\u00bb border_color=\u00a0\u00bb#ffffff\u00a0\u00bb border_style=\u00a0\u00bbsolid\u00a0\u00bb]<\/p>\n<p style=\"text-align: justify;\">Dans\u00a0cet espace, vous trouverez\u00a0les donn\u00e9es des principaux mod\u00e8les num\u00e9riques\u00a0utilis\u00e9s pour \u00e9tablir\u00a0des pr\u00e9visions m\u00e9t\u00e9o. L&rsquo;interpr\u00e9tation de ces mod\u00e8les n&rsquo;est pas tr\u00e8s\u00a0compliqu\u00e9e, puisqu&rsquo;on peut y retrouver tous les param\u00e8tres n\u00e9cessaires\u00a0\u00e0 l&rsquo;\u00e9tablissement de pr\u00e9visions (vents au sol, vents en altitude, isobares, temp\u00e9ratures \u00e0 1500m et\u00a0au sol, pression atmosph\u00e9rique au niveau du sol, etc.). Il est par contre n\u00e9cessaire de consulter plusieurs mod\u00e8les diff\u00e9rents et de les comparer, car les donn\u00e9es sont souvent tr\u00e8s diff\u00e9rentes selon la source utilis\u00e9e.<\/p>\n<p>Vous pouvez directement acc\u00e9der aux mod\u00e8les pr\u00e9sents sur cette page en cliquant sur les liens ci-dessous<\/p>\n<ul>\n<li><a href=\"#europe\">Le mod\u00e8le GFS de pr\u00e9vision \u00e0 9 jours pour l&rsquo;Europe enti\u00e8re<\/a><\/li>\n<li><a href=\"#geneve\">Les diagrammes m\u00e9t\u00e9o pour Gen\u00e8ve (et la Suisse-Romande) pour les 7 prochains jours<\/a><\/li>\n<li><a href=\"#suisse\">Le\u00a0mod\u00e8le GFS de pr\u00e9visions \u00e0 7 jour pour la Suisse et les pays limitrophes (meilleure r\u00e9solution que le mod\u00e8le pour l&rsquo;Europe)<\/a><\/li>\n<\/ul>\n<p>Cette page sera progressivement enrichie\u00a0par l&rsquo;ajout de nouveaux liens et\/ou mod\u00e8les num\u00e9riques. Revenez nous voir r\u00e9guli\u00e8rement !<\/p>\n<hr \/>\n<p><a name=\"europe\"><\/a> <strong>Le mod\u00e8le GFS de pr\u00e9visions \u00e0 9 jours<\/strong><\/p>\n<p style=\"text-align: justify;\">Le mod\u00e8le GFS (Global Forecast System) est un mod\u00e8le m\u00e9t\u00e9o am\u00e9ricain. Ce mod\u00e8le est r\u00e9actualis\u00e9 4 fois quotidiennement. Les r\u00e9actualisations commencent vers 5h40, 11h40, 17h40 et 23h40 et une r\u00e9actualisation compl\u00e8te dure environ 1h30. Ce mod\u00e8le pr\u00e9sente une bonne fiabilit\u00e9 pour l&rsquo;Europe. La premi\u00e8re image correspond \u00e0 la pr\u00e9vision pour le jour suivant\u00a0(\u00e0 00h00, 06h00, 12h00 ou 18h00 GMT,\u00a0selon la sortie du mod\u00e8le) et les 8\u00a0autres images aux jours qui suivent. La mise \u00e0 jour est automatique.<\/p>\n<p>[\/et_pb_text][\/et_pb_column][\/et_pb_row][\/et_pb_section][et_pb_section admin_label=\u00a0\u00bbsection\u00a0\u00bb fullwidth=\u00a0\u00bboff\u00a0\u00bb specialty=\u00a0\u00bboff\u00a0\u00bb][et_pb_row admin_label=\u00a0\u00bbrow\u00a0\u00bb][et_pb_column type=\u00a0\u00bb4_4&Prime;][et_pb_text admin_label=\u00a0\u00bbGFS &#8211; temp\u00e9rature au sol 7 jours &#8211; Europe\u00a0\u00bb background_layout=\u00a0\u00bblight\u00a0\u00bb text_orientation=\u00a0\u00bbleft\u00a0\u00bb use_border_color=\u00a0\u00bboff\u00a0\u00bb border_color=\u00a0\u00bb#ffffff\u00a0\u00bb border_style=\u00a0\u00bbsolid\u00a0\u00bb]<\/p>\n<hr \/>\n<p><strong>La temp\u00e9rature au sol<\/strong><\/p>\n<div>Plus on tend vers le bleu fonc\u00e9 et le violet, plus les temp\u00e9ratures seront basses. Pour le d\u00e9cryptage exact, vous pouvez consulter\u00a0<a href=\"http:\/\/www.wetterzentrale.de\/\" target=\"_blank\" charset=\"larger\">le site qui diffuse ces informations (cliquez ici pour ouvrir une nouvelle fen\u00eatre)<\/a>.<\/div>\n<div>Cliquez sur la carte pour l&rsquo;agrandir et l&rsquo;ouvrir dans une nouvelle fen\u00eatre.<\/div>\n<div>\n<div style=\"width: 1210px\" class=\"wp-caption aligncenter\"><a href=\"http:\/\/www.wetterzentrale.de\/pics\/avnpanel5.gif\"><img loading=\"lazy\" decoding=\"async\" class=\"\" src=\"http:\/\/www.wetterzentrale.de\/pics\/avnpanel5.gif\" width=\"1200\" height=\"900\" \/><\/a><p class=\"wp-caption-text\">Temp\u00e9rature au sol pr\u00e9vue<\/p><\/div>\n<\/div>\n<p>[\/et_pb_text][\/et_pb_column][\/et_pb_row][\/et_pb_section][et_pb_section admin_label=\u00a0\u00bbSection\u00a0\u00bb fullwidth=\u00a0\u00bboff\u00a0\u00bb specialty=\u00a0\u00bboff\u00a0\u00bb][et_pb_row admin_label=\u00a0\u00bbLigne\u00a0\u00bb][et_pb_column type=\u00a0\u00bb4_4&Prime;][et_pb_text admin_label=\u00a0\u00bbGFS &#8211; temp\u00e9rature pr\u00e9vue \u00e0 7 jours \u00e0 1500 m\u00e8tres\u00a0\u00bb background_layout=\u00a0\u00bblight\u00a0\u00bb text_orientation=\u00a0\u00bbleft\u00a0\u00bb use_border_color=\u00a0\u00bboff\u00a0\u00bb border_color=\u00a0\u00bb#ffffff\u00a0\u00bb border_style=\u00a0\u00bbsolid\u00a0\u00bb]<\/p>\n<hr \/>\n<p><strong>La temp\u00e9rature \u00e0 1500 m<\/strong><\/p>\n<div style=\"text-align: justify;\">Plus on tend vers le bleu fonc\u00e9 et le violet, plus les temp\u00e9ratures seront basses. Pour le d\u00e9cryptage exact, vous pouvez consulter le<span style=\"color: #810081;\"><a href=\"http:\/\/www.wetterzentrale.de\/\" target=\"_blank\" charset=\"larger\">\u00a0site qui diffuse ces informations (cliquez ici pour ouvrir une nouvelle fen\u00eatre)<\/a>.<\/span><\/div>\n<div>\n<p><strong>Cliquez sur la carte pour l&rsquo;agrandir et l&rsquo;ouvrir dans une nouvelle fen\u00eatre<\/strong><\/p>\n<div style=\"width: 910px\" class=\"wp-caption aligncenter\"><a href=\"http:\/\/www.wetterzentrale.de\/pics\/avnpanel2.gif\" target=\"_blank\"><img loading=\"lazy\" decoding=\"async\" src=\"http:\/\/www.wetterzentrale.de\/pics\/avnpanel2.gif\" alt=\"La temp\u00e9rature \u00e0 1500 m\u00e8tres\" width=\"900\" height=\"704\" align=\"middle\" border=\"0\" \/><\/a><p class=\"wp-caption-text\">Temp\u00e9rature pr\u00e9vue \u00e0 1500 m\u00e8tres<\/p><\/div>\n<\/div>\n<p>[\/et_pb_text][\/et_pb_column][\/et_pb_row][\/et_pb_section][et_pb_section admin_label=\u00a0\u00bbSection\u00a0\u00bb fullwidth=\u00a0\u00bboff\u00a0\u00bb specialty=\u00a0\u00bboff\u00a0\u00bb][et_pb_row admin_label=\u00a0\u00bbLigne\u00a0\u00bb][et_pb_column type=\u00a0\u00bb4_4&Prime;][et_pb_text admin_label=\u00a0\u00bbGFS &#8211; pr\u00e9cipitations pr\u00e9vues \u00e0 7 jours -Europe\u00a0\u00bb background_layout=\u00a0\u00bblight\u00a0\u00bb text_orientation=\u00a0\u00bbleft\u00a0\u00bb use_border_color=\u00a0\u00bboff\u00a0\u00bb border_color=\u00a0\u00bb#ffffff\u00a0\u00bb border_style=\u00a0\u00bbsolid\u00a0\u00bb]<\/p>\n<hr \/>\n<p><strong>Les pr\u00e9cipitations (pluie, neige, gr\u00eale, etc.)<\/strong><\/p>\n<div>Plus on tend vers le bleu fonc\u00e9 et le violet, plus les pr\u00e9cipitations seront abondantes. Pour le d\u00e9cryptage exact, vous pouvez consulter<span style=\"color: #810081;\"><a href=\"http:\/\/www.wetterzentrale.de\/\" target=\"_blank\" charset=\"larger\">\u00a0le site qui diffuse ces informations (cliquez ici pour ouvrir une nouvelle fen\u00eatre)<\/a>.<\/span><\/div>\n<div>\n<p>Cliquez sur la carte pour l&rsquo;agrandir et l&rsquo;ouvrir dans une nouvelle fen\u00eatre.<\/p>\n<div style=\"width: 910px\" class=\"wp-caption aligncenter\"><a href=\"http:\/\/www.wetterzentrale.de\/pics\/avnpanel4.gif\" target=\"_blank\"><img loading=\"lazy\" decoding=\"async\" src=\"http:\/\/www.wetterzentrale.de\/pics\/avnpanel4.gif\" alt=\"Les pr\u00e9cipitations\" width=\"900\" height=\"704\" align=\"middle\" border=\"0\" \/><\/a><p class=\"wp-caption-text\">Pr\u00e9cipitations pr\u00e9vues en Europe<\/p><\/div>\n<\/div>\n<p>[\/et_pb_text][\/et_pb_column][\/et_pb_row][\/et_pb_section][et_pb_section admin_label=\u00a0\u00bbSection\u00a0\u00bb fullwidth=\u00a0\u00bboff\u00a0\u00bb specialty=\u00a0\u00bboff\u00a0\u00bb][et_pb_row admin_label=\u00a0\u00bbLigne\u00a0\u00bb][et_pb_column type=\u00a0\u00bb4_4&Prime;][et_pb_text admin_label=\u00a0\u00bbGFS &#8211; pression vers 5500 m ramen\u00e9e \u00e0 celle du sol et les temp\u00e9ratures\u00a0\u00bb background_layout=\u00a0\u00bblight\u00a0\u00bb text_orientation=\u00a0\u00bbleft\u00a0\u00bb use_border_color=\u00a0\u00bboff\u00a0\u00bb border_color=\u00a0\u00bb#ffffff\u00a0\u00bb border_style=\u00a0\u00bbsolid\u00a0\u00bb]<\/p>\n<div>\n<hr \/>\n<p><strong>La pression vers 5500 m ramen\u00e9e \u00e0 celle du sol et les temp\u00e9ratures<\/strong><\/p>\n<\/div>\n<div>Plus on tend vers le bleu fonc\u00e9 et le violet, plus les temp\u00e9ratures seront basses. Pour le d\u00e9cryptage exact, <a href=\"http:\/\/www.wetterzentrale.de\/\" target=\"_blank\" charset=\"larger\">allez sur le site qui diffuse ces informations (cliquez ici pour ouvrir une nouvelle fen\u00eatre)<\/a>.<\/div>\n<div>\n<p>Cliquez sur la carte pour l&rsquo;agrandir et l&rsquo;ouvrir dans une nouvelle fen\u00eatre.<\/p>\n<div style=\"width: 910px\" class=\"wp-caption aligncenter\"><a href=\"http:\/\/www.wetterzentrale.de\/pics\/avnpanel1.gif\" target=\"_blank\"><img loading=\"lazy\" decoding=\"async\" src=\"http:\/\/www.wetterzentrale.de\/pics\/avnpanel1.gif\" alt=\"La pression vers 5500 m ramen\u00e9e \u00e0 celle du sol et les temp\u00e9ratures\" width=\"900\" height=\"704\" align=\"middle\" border=\"0\" \/><\/a><p class=\"wp-caption-text\">La pression vers 5500 m ramen\u00e9e \u00e0 celle du sol et les temp\u00e9ratures<\/p><\/div>\n<\/div>\n<p>[\/et_pb_text][\/et_pb_column][\/et_pb_row][\/et_pb_section][et_pb_section admin_label=\u00a0\u00bbSection\u00a0\u00bb fullwidth=\u00a0\u00bboff\u00a0\u00bb specialty=\u00a0\u00bboff\u00a0\u00bb][et_pb_row admin_label=\u00a0\u00bbLigne\u00a0\u00bb][et_pb_column type=\u00a0\u00bb4_4&Prime;][et_pb_text admin_label=\u00a0\u00bbGFS &#8211; n\u00e9bulosit\u00e9 \u00e0 l&rsquo;\u00e9tage moyen \u00e0 7 jours\u00a0\u00bb background_layout=\u00a0\u00bblight\u00a0\u00bb text_orientation=\u00a0\u00bbleft\u00a0\u00bb use_border_color=\u00a0\u00bboff\u00a0\u00bb border_color=\u00a0\u00bb#ffffff\u00a0\u00bb border_style=\u00a0\u00bbsolid\u00a0\u00bb]<\/p>\n<hr \/>\n<p><strong>N\u00e9bulosit\u00e9 \u00e0 l&rsquo;\u00e9tage moyen<\/strong><\/p>\n<div style=\"text-align: justify;\">Plus on tend vers le blanc, plus le ciel restera couvert. Pour le d\u00e9cryptage exact, vous pouvez consulter\u00a0<a href=\"http:\/\/www.wetterzentrale.de\/\" target=\"_blank\" charset=\"larger\">le site qui diffuse ces informations (cliquez ici pour ouvrir une nouvelle fen\u00eatre)<\/a>.<\/div>\n<div>\n<p>Cliquez sur la carte pour l&rsquo;agrandir et l&rsquo;ouvrir dans une nouvelle fen\u00eatre.<\/p>\n<div style=\"width: 910px\" class=\"wp-caption aligncenter\"><a href=\"http:\/\/www.wetterzentrale.de\/pics\/avnpanel3.gif\" target=\"_blank\"><img loading=\"lazy\" decoding=\"async\" src=\"http:\/\/www.wetterzentrale.de\/pics\/avnpanel3.gif\" alt=\"N\u00e9bulosit\u00e9 \u00e0 l'\u00e9tage moyen\" width=\"900\" height=\"704\" align=\"middle\" border=\"0\" \/><\/a><p class=\"wp-caption-text\">N\u00e9bulosit\u00e9 \u00e0 l&rsquo;\u00e9tage moyen<\/p><\/div>\n<\/div>\n<p>[\/et_pb_text][\/et_pb_column][\/et_pb_row][\/et_pb_section][et_pb_section admin_label=\u00a0\u00bbSection\u00a0\u00bb fullwidth=\u00a0\u00bboff\u00a0\u00bb specialty=\u00a0\u00bboff\u00a0\u00bb][et_pb_row admin_label=\u00a0\u00bbLigne\u00a0\u00bb][et_pb_column type=\u00a0\u00bb4_4&Prime;][et_pb_text admin_label=\u00a0\u00bbTexte et explications GFS &#8211; Gen\u00e8ve \u00e0 7 jours\u00a0\u00bb background_layout=\u00a0\u00bblight\u00a0\u00bb text_orientation=\u00a0\u00bbleft\u00a0\u00bb use_border_color=\u00a0\u00bboff\u00a0\u00bb border_color=\u00a0\u00bb#ffffff\u00a0\u00bb border_style=\u00a0\u00bbsolid\u00a0\u00bb]<\/p>\n<hr \/>\n<p><a name=\"geneve\"><\/a><br \/>\n<strong>Le diagramme m\u00e9t\u00e9o\u00a0de Gen\u00e8ve, selon le mod\u00e8le GFS<\/strong><\/p>\n<p style=\"text-align: justify;\">Ce diagramme m\u00e9t\u00e9o est \u00e9galement bas\u00e9 sur le mod\u00e8le GFS. Vous y trouverez les pr\u00e9visions\u00a0m\u00e9t\u00e9o de la zone g\u00e9ographique qui correspond environ \u00e0 la Suisse Romande pour les 7 prochains jours. Le diagramme de pr\u00e9vision m\u00e9t\u00e9o commence le jour-m\u00eame et recoupe les 7 jours suivants. La mise \u00e0 jour s&rsquo;effectue \u00e0\u00a000h00, 06h00, 12h00 ou 18h00 GMT,\u00a0selon la sortie du mod\u00e8le. La mise \u00e0 jour est automatique.<\/p>\n<p>[\/et_pb_text][\/et_pb_column][\/et_pb_row][\/et_pb_section][et_pb_section admin_label=\u00a0\u00bbSection\u00a0\u00bb fullwidth=\u00a0\u00bboff\u00a0\u00bb specialty=\u00a0\u00bboff\u00a0\u00bb][et_pb_row admin_label=\u00a0\u00bbLigne\u00a0\u00bb][et_pb_column type=\u00a0\u00bb4_4&Prime;][et_pb_text admin_label=\u00a0\u00bbDiagramme donn\u00e9es au sol GFS &#8211; Gen\u00e8ve \u00e0 7 jours\u00a0\u00bb background_layout=\u00a0\u00bblight\u00a0\u00bb text_orientation=\u00a0\u00bbleft\u00a0\u00bb use_border_color=\u00a0\u00bboff\u00a0\u00bb border_color=\u00a0\u00bb#ffffff\u00a0\u00bb border_style=\u00a0\u00bbsolid\u00a0\u00bb]<\/p>\n<div>\n<hr \/>\n<p><strong>M\u00e9t\u00e9ogramme de Gen\u00e8ve : donn\u00e9es au sol<\/strong><\/p>\n<\/div>\n<div>De haut en bas : pression atmosph\u00e9rique (hPa), vitesse du vent (en noeuds), temp\u00e9rature (\u00b0C), humidit\u00e9 relative (%) et pr\u00e9cipitations (mm).\u00a0\u00a0<a href=\"http:\/\/www.wetterzentrale.de\/\" target=\"_blank\" charset=\"larger\">Allez sur le site qui diffuse ces informations (cliquez ici pour ouvrir une nouvelle fen\u00eatre)<\/a>.<\/div>\n<div>Cliquez sur la carte pour l&rsquo;agrandir et l&rsquo;ouvrir dans une nouvelle fen\u00eatre<\/div>\n<div>\n<div style=\"width: 747px\" class=\"wp-caption aligncenter\"><img loading=\"lazy\" decoding=\"async\" src=\"http:\/\/www.wetterzentrale.de\/pics\/MS_Genf_avn.png\" alt=\"M\u00e9t\u00e9ogramme de Gen\u00e8ve : donn\u00e9es au sol\" width=\"737\" height=\"573\" align=\"middle\" border=\"0\" \/><p class=\"wp-caption-text\">M\u00e9t\u00e9ogramme de Gen\u00e8ve : donn\u00e9es au sol<\/p><\/div>\n<\/div>\n<p>[\/et_pb_text][\/et_pb_column][\/et_pb_row][\/et_pb_section][et_pb_section admin_label=\u00a0\u00bbSection\u00a0\u00bb fullwidth=\u00a0\u00bboff\u00a0\u00bb specialty=\u00a0\u00bboff\u00a0\u00bb][et_pb_row admin_label=\u00a0\u00bbLigne\u00a0\u00bb][et_pb_column type=\u00a0\u00bb4_4&Prime;][et_pb_text admin_label=\u00a0\u00bbCoupe atmosph\u00e8re GFS &#8211; Gen\u00e8ve \u00e0 7 jours\u00a0\u00bb background_layout=\u00a0\u00bblight\u00a0\u00bb text_orientation=\u00a0\u00bbleft\u00a0\u00bb use_border_color=\u00a0\u00bboff\u00a0\u00bb border_color=\u00a0\u00bb#ffffff\u00a0\u00bb border_style=\u00a0\u00bbsolid\u00a0\u00bb]<\/p>\n<hr \/>\n<p><strong>M\u00e9t\u00e9ogramme de Gen\u00e8ve : coupe de l&rsquo;atmosph\u00e8re<\/strong><\/p>\n<div style=\"text-align: justify;\">De haut en bas: n\u00e9bulosit\u00e9 \u00e0\u00a0haute, moyenne et basse altitude puis\u00a0isothermes (une pression de 850 hPa correspond \u00e0 1500m d&rsquo;altitude) et informations au sujet de l&rsquo;\u00e9paisseur des diff\u00e9rentes couches atmosph\u00e9riques. Vous pouvez consulter le<a href=\"http:\/\/www.wetterzentrale.de\/\" target=\"_blank\" charset=\"larger\">\u00a0site qui diffuse ces informations (cliquez ici pour ouvrir une nouvelle fen\u00eatre)<\/a><\/div>\n<div>Cliquez sur la carte pour l&rsquo;agrandir et l&rsquo;ouvrir dans une nouvelle fen\u00eatre.<\/div>\n<div>\n<div style=\"width: 747px\" class=\"wp-caption aligncenter\"><a href=\"http:\/\/www.wetterzentrale.de\/pics\/MU_Genf_avn.png\" target=\"_blank\"><img loading=\"lazy\" decoding=\"async\" src=\"http:\/\/www.wetterzentrale.de\/pics\/MU_Genf_avn.png\" alt=\"M\u00e9t\u00e9ogramme de Gen\u00e8ve : coupe de l'atmosph\u00e8re\" width=\"737\" height=\"573\" align=\"middle\" border=\"0\" \/><\/a><p class=\"wp-caption-text\">M\u00e9t\u00e9ogramme de Gen\u00e8ve : coupe de l&rsquo;atmosph\u00e8re<\/p><\/div>\n<\/div>\n<p>[\/et_pb_text][\/et_pb_column][\/et_pb_row][\/et_pb_section][et_pb_section admin_label=\u00a0\u00bbSection\u00a0\u00bb fullwidth=\u00a0\u00bboff\u00a0\u00bb specialty=\u00a0\u00bboff\u00a0\u00bb][et_pb_row admin_label=\u00a0\u00bbLigne\u00a0\u00bb][et_pb_column type=\u00a0\u00bb4_4&Prime;][et_pb_text admin_label=\u00a0\u00bbTemp\u00e9rature \u00e0 1500 m\u00e8tres et pr\u00e9cipitations GFS &#8211; Gen\u00e8ve \u00e0 7 jours\u00a0\u00bb background_layout=\u00a0\u00bblight\u00a0\u00bb text_orientation=\u00a0\u00bbleft\u00a0\u00bb use_border_color=\u00a0\u00bboff\u00a0\u00bb border_color=\u00a0\u00bb#ffffff\u00a0\u00bb border_style=\u00a0\u00bbsolid\u00a0\u00bb]<\/p>\n<hr \/>\n<p><strong>M\u00e9t\u00e9ogramme de Gen\u00e8ve : temp\u00e9ratures \u00e0 1500m et pr\u00e9cipitations<\/strong><\/p>\n<div style=\"text-align: justify;\">Ces diagrammes vous\u00a0indiquent\u00a0quelles seront\u00a0les temp\u00e9ratures \u00e0 1500m et quelles seront les pr\u00e9cipitation (mm) pr\u00e9vue durant les 15 prochains jours. La courbe\u00a0rouge correspond aux moyennes saisonni\u00e8res. La courbe blanche correspond \u00e0 la moyenne de tous les mod\u00e8les. La courbe verte correspond au mod\u00e8le GFS le plus probable. Pour une bonne fiabilit\u00e9, il faut que toutes les courbes soient proches. <strong>Plus les\u00a0courbes\u00a0sont dispers\u00e9es\u00a0plus \u00a0la pr\u00e9vision est\u00a0mauvaise\u00a0<\/strong>! Vous pouvez consulter<a href=\"http:\/\/www.wetterzentrale.de\/\" target=\"_blank\" charset=\"larger\">\u00a0le site qui diffuse ces informations (cliquez ici pour ouvrir une nouvelle fen\u00eatre)<\/a><\/div>\n<div>\n<p>Cliquez sur la carte pour l&rsquo;agrandir et l&rsquo;ouvrir dans une nouvelle fen\u00eatre.<\/p>\n<div style=\"width: 747px\" class=\"wp-caption aligncenter\"><a href=\"http:\/\/www.wetterzentrale.de\/pics\/MT8_Genf_ens.png\" target=\"_blank\"><img loading=\"lazy\" decoding=\"async\" src=\"http:\/\/www.wetterzentrale.de\/pics\/MT8_Genf_ens.png\" alt=\"M\u00e9t\u00e9ogramme de Gen\u00e8ve : temp\u00e9ratures \u00e0 1500 m\u00e8tres et pr\u00e9cipitations\" width=\"737\" height=\"573\" align=\"middle\" border=\"0\" \/><\/a><p class=\"wp-caption-text\">M\u00e9t\u00e9ogramme de Gen\u00e8ve : temp\u00e9ratures \u00e0 1500m et pr\u00e9cipitations<\/p><\/div>\n<\/div>\n<p>[\/et_pb_text][\/et_pb_column][\/et_pb_row][\/et_pb_section][et_pb_section admin_label=\u00a0\u00bbSection\u00a0\u00bb fullwidth=\u00a0\u00bboff\u00a0\u00bb specialty=\u00a0\u00bboff\u00a0\u00bb][et_pb_row admin_label=\u00a0\u00bbLigne\u00a0\u00bb][et_pb_column type=\u00a0\u00bb4_4&Prime;][et_pb_text admin_label=\u00a0\u00bbMod\u00e8le GFS Europe centrale &#8211; explications\u00a0\u00bb background_layout=\u00a0\u00bblight\u00a0\u00bb text_orientation=\u00a0\u00bbleft\u00a0\u00bb use_border_color=\u00a0\u00bboff\u00a0\u00bb border_color=\u00a0\u00bb#ffffff\u00a0\u00bb border_style=\u00a0\u00bbsolid\u00a0\u00bb]<\/p>\n<hr \/>\n<p><a name=\"suisse\"><\/a><br \/>\n<strong>Le mod\u00e8le GFS de pr\u00e9visions \u00e0\u00a07 jours pour la Suisse et l&rsquo;Europe centrale<\/strong><\/p>\n<p style=\"text-align: justify;\">Ce mod\u00e8le\u00a0 \u00e0 mailles fines (qui est plus pr\u00e9cis que le GFS pour l&rsquo;Europe) est r\u00e9actualis\u00e9 4 fois quotidiennement. Les r\u00e9actualisations commencent vers 5h40, 11h40, 17h40 et 23h40 et une r\u00e9actualisation compl\u00e8te dure environ 1h30. Ce mod\u00e8le pr\u00e9sente une bonne fiabilit\u00e9 pour l&rsquo;Europe.<br \/>\nLa premi\u00e8re image correspond \u00e0 la pr\u00e9vision pour le jour suivant\u00a0(\u00e0 00h00, 06h00, 12h00 ou 18h00 GMT,\u00a0selon la sortie du mod\u00e8le) et les\u00a011\u00a0autres images aux jours qui suivent (voir la l\u00e9gende de chaque image). La mise \u00e0 jour est automatique.<\/p>\n<p>[\/et_pb_text][\/et_pb_column][\/et_pb_row][\/et_pb_section][et_pb_section admin_label=\u00a0\u00bbSection\u00a0\u00bb fullwidth=\u00a0\u00bboff\u00a0\u00bb specialty=\u00a0\u00bboff\u00a0\u00bb][et_pb_row admin_label=\u00a0\u00bbLigne\u00a0\u00bb][et_pb_column type=\u00a0\u00bb4_4&Prime;][et_pb_text admin_label=\u00a0\u00bbMod\u00e8le GFS Europe centrale &#8211; temp\u00e9ratures\u00a0\u00bb background_layout=\u00a0\u00bblight\u00a0\u00bb text_orientation=\u00a0\u00bbleft\u00a0\u00bb use_border_color=\u00a0\u00bboff\u00a0\u00bb border_color=\u00a0\u00bb#ffffff\u00a0\u00bb border_style=\u00a0\u00bbsolid\u00a0\u00bb]<\/p>\n<hr \/>\n<p><strong>La temp\u00e9rature \u00e0 1500 m<\/strong><\/p>\n<div>Plus on tend vers le bleu fonc\u00e9 et le violet, plus les temp\u00e9ratures seront basses.<br \/>\nPour le mod\u00e8le complet (intervalles de\u00a03 heures et sur 8 jours) : <a href=\"http:\/\/www.wetterzentrale.de\/topkarten\/ani\/gfsmeur\/\" target=\"_blank\" charset=\"larger\">cliquez ici pour ouvrir une nouvelle fen\u00eatre<\/a><br \/>\nCliquez sur la carte pour l&rsquo;agrandir et l&rsquo;ouvrir dans une nouvelle fen\u00eatre.<\/div>\n<p>[\/et_pb_text][\/et_pb_column][\/et_pb_row][et_pb_row admin_label=\u00a0\u00bbLigne\u00a0\u00bb make_fullwidth=\u00a0\u00bboff\u00a0\u00bb use_custom_width=\u00a0\u00bboff\u00a0\u00bb width_unit=\u00a0\u00bbon\u00a0\u00bb use_custom_gutter=\u00a0\u00bboff\u00a0\u00bb padding_mobile=\u00a0\u00bboff\u00a0\u00bb allow_player_pause=\u00a0\u00bboff\u00a0\u00bb parallax=\u00a0\u00bboff\u00a0\u00bb parallax_method=\u00a0\u00bboff\u00a0\u00bb make_equal=\u00a0\u00bboff\u00a0\u00bb parallax_1=\u00a0\u00bboff\u00a0\u00bb parallax_method_1=\u00a0\u00bboff\u00a0\u00bb parallax_2=\u00a0\u00bboff\u00a0\u00bb parallax_method_2=\u00a0\u00bboff\u00a0\u00bb parallax_3=\u00a0\u00bboff\u00a0\u00bb parallax_method_3=\u00a0\u00bboff\u00a0\u00bb parallax_4=\u00a0\u00bboff\u00a0\u00bb parallax_method_4=\u00a0\u00bboff\u00a0\u00bb column_padding_mobile=\u00a0\u00bbon\u00a0\u00bb][et_pb_column type=\u00a0\u00bb1_3&Prime;][et_pb_text admin_label=\u00a0\u00bbT850 &#8211; 12h\u00a0\u00bb background_layout=\u00a0\u00bblight\u00a0\u00bb text_orientation=\u00a0\u00bbcenter\u00a0\u00bb use_border_color=\u00a0\u00bboff\u00a0\u00bb border_color=\u00a0\u00bb#ffffff\u00a0\u00bb border_style=\u00a0\u00bbsolid\u00a0\u00bb]<\/p>\n<div style=\"width: 860px\" class=\"wp-caption aligncenter\"><a href=\"http:\/\/www.wetterzentrale.de\/pics\/Rmgfs122.gif\"><img loading=\"lazy\" decoding=\"async\" src=\"http:\/\/www.wetterzentrale.de\/pics\/Rmgfs122.gif\" width=\"850\" height=\"657\" \/><\/a><p class=\"wp-caption-text\">heure initiale + 12 heures<\/p><\/div>\n<p>[\/et_pb_text][et_pb_text admin_label=\u00a0\u00bbT850 &#8211; 48h\u00a0\u00bb background_layout=\u00a0\u00bblight\u00a0\u00bb text_orientation=\u00a0\u00bbcenter\u00a0\u00bb use_border_color=\u00a0\u00bboff\u00a0\u00bb border_color=\u00a0\u00bb#ffffff\u00a0\u00bb border_style=\u00a0\u00bbsolid\u00a0\u00bb]<\/p>\n<div style=\"width: 860px\" class=\"wp-caption aligncenter\"><a href=\"http:\/\/www.wetterzentrale.de\/pics\/Rmgfs482.gif\"><img loading=\"lazy\" decoding=\"async\" class=\"\" src=\"http:\/\/www.wetterzentrale.de\/pics\/Rmgfs482.gif\" width=\"850\" height=\"657\" \/><\/a><p class=\"wp-caption-text\">heure initiale + 48 heures<\/p><\/div>\n<p>[\/et_pb_text][et_pb_text admin_label=\u00a0\u00bbT850 &#8211; 84h\u00a0\u00bb background_layout=\u00a0\u00bblight\u00a0\u00bb text_orientation=\u00a0\u00bbcenter\u00a0\u00bb use_border_color=\u00a0\u00bboff\u00a0\u00bb border_color=\u00a0\u00bb#ffffff\u00a0\u00bb border_style=\u00a0\u00bbsolid\u00a0\u00bb]<\/p>\n<div style=\"width: 860px\" class=\"wp-caption aligncenter\"><a href=\"http:\/\/www.wetterzentrale.de\/pics\/Rmgfs842.gif\"><img loading=\"lazy\" decoding=\"async\" class=\"\" src=\"http:\/\/www.wetterzentrale.de\/pics\/Rmgfs842.gif\" width=\"850\" height=\"657\" \/><\/a><p class=\"wp-caption-text\">heure initiale + 84 heures<\/p><\/div>\n<p>[\/et_pb_text][et_pb_text admin_label=\u00a0\u00bbT850 &#8211; 120h\u00a0\u00bb background_layout=\u00a0\u00bblight\u00a0\u00bb text_orientation=\u00a0\u00bbcenter\u00a0\u00bb use_border_color=\u00a0\u00bboff\u00a0\u00bb border_color=\u00a0\u00bb#ffffff\u00a0\u00bb border_style=\u00a0\u00bbsolid\u00a0\u00bb]<\/p>\n<div style=\"width: 860px\" class=\"wp-caption aligncenter\"><a href=\"http:\/\/www.wetterzentrale.de\/pics\/Rmgfs1202.gif\"><img loading=\"lazy\" decoding=\"async\" class=\"\" src=\"http:\/\/www.wetterzentrale.de\/pics\/Rmgfs1202.gif\" width=\"850\" height=\"657\" \/><\/a><p class=\"wp-caption-text\">heure initiale + 120 heures<\/p><\/div>\n<p>[\/et_pb_text][\/et_pb_column][et_pb_column type=\u00a0\u00bb1_3&Prime;][et_pb_text admin_label=\u00a0\u00bbT850 &#8211; 24h\u00a0\u00bb background_layout=\u00a0\u00bblight\u00a0\u00bb text_orientation=\u00a0\u00bbcenter\u00a0\u00bb use_border_color=\u00a0\u00bboff\u00a0\u00bb border_color=\u00a0\u00bb#ffffff\u00a0\u00bb border_style=\u00a0\u00bbsolid\u00a0\u00bb]<\/p>\n<div style=\"width: 860px\" class=\"wp-caption aligncenter\"><a href=\"http:\/\/www.wetterzentrale.de\/pics\/Rmgfs242.gif\"><img loading=\"lazy\" decoding=\"async\" class=\"\" src=\"http:\/\/www.wetterzentrale.de\/pics\/Rmgfs242.gif\" width=\"850\" height=\"657\" \/><\/a><p class=\"wp-caption-text\">heure initiale + 24 heures<\/p><\/div>\n<p>[\/et_pb_text][et_pb_text admin_label=\u00a0\u00bbT850 &#8211; 60h\u00a0\u00bb background_layout=\u00a0\u00bblight\u00a0\u00bb text_orientation=\u00a0\u00bbcenter\u00a0\u00bb use_border_color=\u00a0\u00bboff\u00a0\u00bb border_color=\u00a0\u00bb#ffffff\u00a0\u00bb border_style=\u00a0\u00bbsolid\u00a0\u00bb]<\/p>\n<div style=\"width: 860px\" class=\"wp-caption aligncenter\"><a href=\"http:\/\/www.wetterzentrale.de\/pics\/Rmgfs602.gif\"><img loading=\"lazy\" decoding=\"async\" class=\"\" src=\"http:\/\/www.wetterzentrale.de\/pics\/Rmgfs602.gif\" width=\"850\" height=\"657\" \/><\/a><p class=\"wp-caption-text\">heure initiale + 60 heures<\/p><\/div>\n<p>[\/et_pb_text][et_pb_text admin_label=\u00a0\u00bbT850 &#8211; 96h\u00a0\u00bb background_layout=\u00a0\u00bblight\u00a0\u00bb text_orientation=\u00a0\u00bbcenter\u00a0\u00bb use_border_color=\u00a0\u00bboff\u00a0\u00bb border_color=\u00a0\u00bb#ffffff\u00a0\u00bb border_style=\u00a0\u00bbsolid\u00a0\u00bb]<\/p>\n<div style=\"width: 860px\" class=\"wp-caption aligncenter\"><a href=\"http:\/\/www.wetterzentrale.de\/pics\/Rmgfs962.gif\"><img loading=\"lazy\" decoding=\"async\" class=\"\" src=\"http:\/\/www.wetterzentrale.de\/pics\/Rmgfs962.gif\" width=\"850\" height=\"657\" \/><\/a><p class=\"wp-caption-text\">heure initiale + 96 heures<\/p><\/div>\n<p>[\/et_pb_text][et_pb_text admin_label=\u00a0\u00bbT850 &#8211; 144h\u00a0\u00bb background_layout=\u00a0\u00bblight\u00a0\u00bb text_orientation=\u00a0\u00bbcenter\u00a0\u00bb use_border_color=\u00a0\u00bboff\u00a0\u00bb border_color=\u00a0\u00bb#ffffff\u00a0\u00bb border_style=\u00a0\u00bbsolid\u00a0\u00bb]<\/p>\n<div style=\"width: 860px\" class=\"wp-caption aligncenter\"><a href=\"http:\/\/www.wetterzentrale.de\/pics\/Rmgfs1442.gif\"><img loading=\"lazy\" decoding=\"async\" class=\"\" src=\"http:\/\/www.wetterzentrale.de\/pics\/Rmgfs1442.gif\" width=\"850\" height=\"657\" \/><\/a><p class=\"wp-caption-text\">heure initiale + 144 heures<\/p><\/div>\n<p>[\/et_pb_text][\/et_pb_column][et_pb_column type=\u00a0\u00bb1_3&Prime;][et_pb_text admin_label=\u00a0\u00bbT850 &#8211; 36h\u00a0\u00bb background_layout=\u00a0\u00bblight\u00a0\u00bb text_orientation=\u00a0\u00bbcenter\u00a0\u00bb use_border_color=\u00a0\u00bboff\u00a0\u00bb border_color=\u00a0\u00bb#ffffff\u00a0\u00bb border_style=\u00a0\u00bbsolid\u00a0\u00bb]<\/p>\n<div style=\"width: 860px\" class=\"wp-caption aligncenter\"><a href=\"http:\/\/www.wetterzentrale.de\/pics\/Rmgfs362.gif\"><img loading=\"lazy\" decoding=\"async\" class=\"\" src=\"http:\/\/www.wetterzentrale.de\/pics\/Rmgfs362.gif\" width=\"850\" height=\"657\" \/><\/a><p class=\"wp-caption-text\">heure initiale + 36 heures<\/p><\/div>\n<p>[\/et_pb_text][et_pb_text admin_label=\u00a0\u00bbT850 &#8211; 72h\u00a0\u00bb background_layout=\u00a0\u00bblight\u00a0\u00bb text_orientation=\u00a0\u00bbcenter\u00a0\u00bb use_border_color=\u00a0\u00bboff\u00a0\u00bb border_color=\u00a0\u00bb#ffffff\u00a0\u00bb border_style=\u00a0\u00bbsolid\u00a0\u00bb]<\/p>\n<div style=\"width: 860px\" class=\"wp-caption aligncenter\"><a href=\"http:\/\/www.wetterzentrale.de\/pics\/Rmgfs722.gif\"><img loading=\"lazy\" decoding=\"async\" class=\"\" src=\"http:\/\/www.wetterzentrale.de\/pics\/Rmgfs722.gif\" width=\"850\" height=\"657\" \/><\/a><p class=\"wp-caption-text\">heure initiale + 72 heures<\/p><\/div>\n<p>[\/et_pb_text][et_pb_text admin_label=\u00a0\u00bbT850 &#8211; 108h\u00a0\u00bb background_layout=\u00a0\u00bblight\u00a0\u00bb text_orientation=\u00a0\u00bbcenter\u00a0\u00bb use_border_color=\u00a0\u00bboff\u00a0\u00bb border_color=\u00a0\u00bb#ffffff\u00a0\u00bb border_style=\u00a0\u00bbsolid\u00a0\u00bb]<\/p>\n<div style=\"width: 860px\" class=\"wp-caption aligncenter\"><a href=\"http:\/\/www.wetterzentrale.de\/pics\/Rmgfs1082.gif\"><img loading=\"lazy\" decoding=\"async\" class=\"\" src=\"http:\/\/www.wetterzentrale.de\/pics\/Rmgfs1082.gif\" width=\"850\" height=\"657\" \/><\/a><p class=\"wp-caption-text\">heure initiale + 108 heures<\/p><\/div>\n<p>[\/et_pb_text][et_pb_text admin_label=\u00a0\u00bbT850 &#8211; 168h\u00a0\u00bb background_layout=\u00a0\u00bblight\u00a0\u00bb text_orientation=\u00a0\u00bbcenter\u00a0\u00bb use_border_color=\u00a0\u00bboff\u00a0\u00bb border_color=\u00a0\u00bb#ffffff\u00a0\u00bb border_style=\u00a0\u00bbsolid\u00a0\u00bb]<\/p>\n<div style=\"width: 860px\" class=\"wp-caption aligncenter\"><a href=\"http:\/\/www.wetterzentrale.de\/pics\/Rmgfs1682.gif\"><img loading=\"lazy\" decoding=\"async\" class=\"\" src=\"http:\/\/www.wetterzentrale.de\/pics\/Rmgfs1682.gif\" width=\"850\" height=\"657\" \/><\/a><p class=\"wp-caption-text\">heure initiale + 168 heures<\/p><\/div>\n<p>[\/et_pb_text][\/et_pb_column][\/et_pb_row][\/et_pb_section][et_pb_section admin_label=\u00a0\u00bbSection\u00a0\u00bb fullwidth=\u00a0\u00bboff\u00a0\u00bb specialty=\u00a0\u00bboff\u00a0\u00bb][et_pb_row admin_label=\u00a0\u00bbLigne\u00a0\u00bb][et_pb_column type=\u00a0\u00bb4_4&Prime;][et_pb_text admin_label=\u00a0\u00bbMod\u00e8le GFS Europe centrale &#8211; pr\u00e9cipitations\u00a0\u00bb background_layout=\u00a0\u00bblight\u00a0\u00bb text_orientation=\u00a0\u00bbleft\u00a0\u00bb use_border_color=\u00a0\u00bboff\u00a0\u00bb border_color=\u00a0\u00bb#ffffff\u00a0\u00bb border_style=\u00a0\u00bbsolid\u00a0\u00bb]<\/p>\n<hr \/>\n<p style=\"text-align: justify;\"><strong>Les pr\u00e9cipitations (pluie, neige, gr\u00eale, etc.) et la limite du z\u00e9ro degr\u00e9<\/strong><\/p>\n<div style=\"text-align: justify;\">Plus on tend vers le bleu fonc\u00e9 et le violet, plus les pr\u00e9cipitations seront abondantes. La limite du z\u00e9ro degr\u00e9 (en m\u00e8tres)\u00a0appara\u00eet\u00a0en brun sur chaque image Pour le mod\u00e8le complet (intervalles de\u00a03 heures et sur 8 jours) : <a href=\"http:\/\/www.wetterzentrale.de\/topkarten\/ani\/gfsmeur\/\" target=\"_blank\" charset=\"larger\">cliquez ici pour ouvrir une nouvelle fen\u00eatre<\/a><br \/>\nCliquez sur la carte pour l&rsquo;agrandir et l&rsquo;ouvrir dans une nouvelle fen\u00eatre.<\/div>\n<p>[\/et_pb_text][\/et_pb_column][\/et_pb_row][et_pb_row admin_label=\u00a0\u00bbLigne\u00a0\u00bb make_fullwidth=\u00a0\u00bboff\u00a0\u00bb use_custom_width=\u00a0\u00bboff\u00a0\u00bb width_unit=\u00a0\u00bbon\u00a0\u00bb use_custom_gutter=\u00a0\u00bboff\u00a0\u00bb padding_mobile=\u00a0\u00bboff\u00a0\u00bb allow_player_pause=\u00a0\u00bboff\u00a0\u00bb parallax=\u00a0\u00bboff\u00a0\u00bb parallax_method=\u00a0\u00bboff\u00a0\u00bb make_equal=\u00a0\u00bboff\u00a0\u00bb parallax_1=\u00a0\u00bboff\u00a0\u00bb parallax_method_1=\u00a0\u00bboff\u00a0\u00bb parallax_2=\u00a0\u00bboff\u00a0\u00bb parallax_method_2=\u00a0\u00bboff\u00a0\u00bb parallax_3=\u00a0\u00bboff\u00a0\u00bb parallax_method_3=\u00a0\u00bboff\u00a0\u00bb parallax_4=\u00a0\u00bboff\u00a0\u00bb parallax_method_4=\u00a0\u00bboff\u00a0\u00bb column_padding_mobile=\u00a0\u00bbon\u00a0\u00bb][et_pb_column type=\u00a0\u00bb1_3&Prime;][et_pb_text admin_label=\u00a0\u00bbPr\u00e9cipitations &#8211; 12h\u00a0\u00bb background_layout=\u00a0\u00bblight\u00a0\u00bb text_orientation=\u00a0\u00bbcenter\u00a0\u00bb use_border_color=\u00a0\u00bboff\u00a0\u00bb border_color=\u00a0\u00bb#ffffff\u00a0\u00bb border_style=\u00a0\u00bbsolid\u00a0\u00bb]<\/p>\n<div style=\"width: 860px\" class=\"wp-caption aligncenter\"><a href=\"http:\/\/www.wetterzentrale.de\/pics\/Rmgfs123.gif\"><img loading=\"lazy\" decoding=\"async\" class=\"\" src=\"http:\/\/www.wetterzentrale.de\/pics\/Rmgfs123.gif\" width=\"850\" height=\"657\" \/><\/a><p class=\"wp-caption-text\">heure initiale + 12 heures<\/p><\/div>\n<p>[\/et_pb_text][et_pb_text admin_label=\u00a0\u00bbPr\u00e9cipitations &#8211; 48h\u00a0\u00bb background_layout=\u00a0\u00bblight\u00a0\u00bb text_orientation=\u00a0\u00bbcenter\u00a0\u00bb use_border_color=\u00a0\u00bboff\u00a0\u00bb border_color=\u00a0\u00bb#ffffff\u00a0\u00bb border_style=\u00a0\u00bbsolid\u00a0\u00bb]<\/p>\n<div style=\"width: 860px\" class=\"wp-caption aligncenter\"><a href=\"http:\/\/www.wetterzentrale.de\/pics\/Rmgfs483.gif\"><img loading=\"lazy\" decoding=\"async\" class=\"\" src=\"http:\/\/www.wetterzentrale.de\/pics\/Rmgfs483.gif\" width=\"850\" height=\"657\" \/><\/a><p class=\"wp-caption-text\">heure initiale + 48 heures<\/p><\/div>\n<p>[\/et_pb_text][et_pb_text admin_label=\u00a0\u00bbPr\u00e9cipitations &#8211; 84h\u00a0\u00bb background_layout=\u00a0\u00bblight\u00a0\u00bb text_orientation=\u00a0\u00bbcenter\u00a0\u00bb use_border_color=\u00a0\u00bboff\u00a0\u00bb border_color=\u00a0\u00bb#ffffff\u00a0\u00bb border_style=\u00a0\u00bbsolid\u00a0\u00bb]<\/p>\n<div style=\"width: 860px\" class=\"wp-caption aligncenter\"><a href=\"http:\/\/www.wetterzentrale.de\/pics\/Rmgfs843.gif\"><img loading=\"lazy\" decoding=\"async\" class=\"\" src=\"http:\/\/www.wetterzentrale.de\/pics\/Rmgfs843.gif\" width=\"850\" height=\"657\" \/><\/a><p class=\"wp-caption-text\">heure initiale + 84 heures<\/p><\/div>\n<p>[\/et_pb_text][et_pb_text admin_label=\u00a0\u00bbPr\u00e9cipitations &#8211; 120h\u00a0\u00bb background_layout=\u00a0\u00bblight\u00a0\u00bb text_orientation=\u00a0\u00bbcenter\u00a0\u00bb use_border_color=\u00a0\u00bboff\u00a0\u00bb border_color=\u00a0\u00bb#ffffff\u00a0\u00bb border_style=\u00a0\u00bbsolid\u00a0\u00bb]<\/p>\n<div style=\"width: 860px\" class=\"wp-caption aligncenter\"><a href=\"http:\/\/www.wetterzentrale.de\/pics\/Rmgfs1203.gif\"><img loading=\"lazy\" decoding=\"async\" class=\"\" src=\"http:\/\/www.wetterzentrale.de\/pics\/Rmgfs1203.gif\" width=\"850\" height=\"657\" \/><\/a><p class=\"wp-caption-text\">heure initiale + 120 heures<\/p><\/div>\n<p>[\/et_pb_text][\/et_pb_column][et_pb_column type=\u00a0\u00bb1_3&Prime;][et_pb_text admin_label=\u00a0\u00bbPr\u00e9cipitations &#8211; 24h\u00a0\u00bb background_layout=\u00a0\u00bblight\u00a0\u00bb text_orientation=\u00a0\u00bbcenter\u00a0\u00bb use_border_color=\u00a0\u00bboff\u00a0\u00bb border_color=\u00a0\u00bb#ffffff\u00a0\u00bb border_style=\u00a0\u00bbsolid\u00a0\u00bb]<\/p>\n<div style=\"width: 860px\" class=\"wp-caption aligncenter\"><a href=\"http:\/\/www.wetterzentrale.de\/pics\/Rmgfs243.gif\"><img loading=\"lazy\" decoding=\"async\" class=\"\" src=\"http:\/\/www.wetterzentrale.de\/pics\/Rmgfs243.gif\" width=\"850\" height=\"657\" \/><\/a><p class=\"wp-caption-text\">heure initiale + 24 heures<\/p><\/div>\n<p>[\/et_pb_text][et_pb_text admin_label=\u00a0\u00bbPr\u00e9cipitations &#8211; 60h\u00a0\u00bb background_layout=\u00a0\u00bblight\u00a0\u00bb text_orientation=\u00a0\u00bbcenter\u00a0\u00bb use_border_color=\u00a0\u00bboff\u00a0\u00bb border_color=\u00a0\u00bb#ffffff\u00a0\u00bb border_style=\u00a0\u00bbsolid\u00a0\u00bb]<\/p>\n<div style=\"width: 860px\" class=\"wp-caption aligncenter\"><a href=\"http:\/\/www.wetterzentrale.de\/pics\/Rmgfs603.gif\"><img loading=\"lazy\" decoding=\"async\" class=\"\" src=\"http:\/\/www.wetterzentrale.de\/pics\/Rmgfs603.gif\" width=\"850\" height=\"657\" \/><\/a><p class=\"wp-caption-text\">heure initiale + 60 heures<\/p><\/div>\n<p>[\/et_pb_text][et_pb_text admin_label=\u00a0\u00bbPr\u00e9cipitations &#8211; 96h\u00a0\u00bb background_layout=\u00a0\u00bblight\u00a0\u00bb text_orientation=\u00a0\u00bbcenter\u00a0\u00bb use_border_color=\u00a0\u00bboff\u00a0\u00bb border_color=\u00a0\u00bb#ffffff\u00a0\u00bb border_style=\u00a0\u00bbsolid\u00a0\u00bb]<\/p>\n<div style=\"width: 860px\" class=\"wp-caption aligncenter\"><a href=\"http:\/\/www.wetterzentrale.de\/pics\/Rmgfs963.gif\"><img loading=\"lazy\" decoding=\"async\" class=\"\" src=\"http:\/\/www.wetterzentrale.de\/pics\/Rmgfs963.gif\" width=\"850\" height=\"657\" \/><\/a><p class=\"wp-caption-text\">heure initiale + 96 heures<\/p><\/div>\n<p>[\/et_pb_text][et_pb_text admin_label=\u00a0\u00bbPr\u00e9cipitations &#8211; 144h\u00a0\u00bb background_layout=\u00a0\u00bblight\u00a0\u00bb text_orientation=\u00a0\u00bbcenter\u00a0\u00bb use_border_color=\u00a0\u00bboff\u00a0\u00bb border_color=\u00a0\u00bb#ffffff\u00a0\u00bb border_style=\u00a0\u00bbsolid\u00a0\u00bb]<\/p>\n<div style=\"width: 860px\" class=\"wp-caption aligncenter\"><a href=\"http:\/\/www.wetterzentrale.de\/pics\/Rmgfs1443.gif\"><img loading=\"lazy\" decoding=\"async\" class=\"\" src=\"http:\/\/www.wetterzentrale.de\/pics\/Rmgfs1443.gif\" width=\"850\" height=\"657\" \/><\/a><p class=\"wp-caption-text\">heure initiale + 144 heures<\/p><\/div>\n<p>[\/et_pb_text][\/et_pb_column][et_pb_column type=\u00a0\u00bb1_3&Prime;][et_pb_text admin_label=\u00a0\u00bbPr\u00e9cipitations &#8211; 36h\u00a0\u00bb background_layout=\u00a0\u00bblight\u00a0\u00bb text_orientation=\u00a0\u00bbcenter\u00a0\u00bb use_border_color=\u00a0\u00bboff\u00a0\u00bb border_color=\u00a0\u00bb#ffffff\u00a0\u00bb border_style=\u00a0\u00bbsolid\u00a0\u00bb]<\/p>\n<div style=\"width: 860px\" class=\"wp-caption aligncenter\"><a href=\"http:\/\/www.wetterzentrale.de\/pics\/Rmgfs363.gif\"><img loading=\"lazy\" decoding=\"async\" class=\"\" src=\"http:\/\/www.wetterzentrale.de\/pics\/Rmgfs363.gif\" width=\"850\" height=\"657\" \/><\/a><p class=\"wp-caption-text\">heure initiale + 36 heures<\/p><\/div>\n<p>[\/et_pb_text][et_pb_text admin_label=\u00a0\u00bbPr\u00e9cipitations &#8211; 72h\u00a0\u00bb background_layout=\u00a0\u00bblight\u00a0\u00bb text_orientation=\u00a0\u00bbcenter\u00a0\u00bb use_border_color=\u00a0\u00bboff\u00a0\u00bb border_color=\u00a0\u00bb#ffffff\u00a0\u00bb border_style=\u00a0\u00bbsolid\u00a0\u00bb]<\/p>\n<div style=\"width: 860px\" class=\"wp-caption aligncenter\"><a href=\"http:\/\/www.wetterzentrale.de\/pics\/Rmgfs723.gif\"><img loading=\"lazy\" decoding=\"async\" class=\"\" src=\"http:\/\/www.wetterzentrale.de\/pics\/Rmgfs723.gif\" width=\"850\" height=\"657\" \/><\/a><p class=\"wp-caption-text\">heure initiale + 72 heures<\/p><\/div>\n<p>[\/et_pb_text][et_pb_text admin_label=\u00a0\u00bbPr\u00e9cipitations &#8211; 108h\u00a0\u00bb background_layout=\u00a0\u00bblight\u00a0\u00bb text_orientation=\u00a0\u00bbcenter\u00a0\u00bb use_border_color=\u00a0\u00bboff\u00a0\u00bb border_color=\u00a0\u00bb#ffffff\u00a0\u00bb border_style=\u00a0\u00bbsolid\u00a0\u00bb]<\/p>\n<div style=\"width: 860px\" class=\"wp-caption aligncenter\"><a href=\"http:\/\/www.wetterzentrale.de\/pics\/Rmgfs1083.gif\"><img loading=\"lazy\" decoding=\"async\" class=\"\" src=\"http:\/\/www.wetterzentrale.de\/pics\/Rmgfs1083.gif\" width=\"850\" height=\"657\" \/><\/a><p class=\"wp-caption-text\">heure initiale + 108 heures<\/p><\/div>\n<p>[\/et_pb_text][et_pb_text admin_label=\u00a0\u00bbPr\u00e9cipitations &#8211; 168h\u00a0\u00bb background_layout=\u00a0\u00bblight\u00a0\u00bb text_orientation=\u00a0\u00bbcenter\u00a0\u00bb use_border_color=\u00a0\u00bboff\u00a0\u00bb border_color=\u00a0\u00bb#ffffff\u00a0\u00bb border_style=\u00a0\u00bbsolid\u00a0\u00bb]<\/p>\n<div style=\"width: 860px\" class=\"wp-caption aligncenter\"><a href=\"http:\/\/www.wetterzentrale.de\/pics\/Rmgfs1683.gif\"><img loading=\"lazy\" decoding=\"async\" class=\"\" src=\"http:\/\/www.wetterzentrale.de\/pics\/Rmgfs1683.gif\" width=\"850\" height=\"657\" \/><\/a><p class=\"wp-caption-text\">heure initiale + 168 heures<\/p><\/div>\n<p>[\/et_pb_text][\/et_pb_column][\/et_pb_row][\/et_pb_section]<\/p>\n","protected":false},"excerpt":{"rendered":"<p>[et_pb_section admin_label=\u00a0\u00bbsection\u00a0\u00bb][et_pb_row admin_label=\u00a0\u00bbrow\u00a0\u00bb][et_pb_column type=\u00a0\u00bb4_4&Prime;][et_pb_text admin_label=\u00a0\u00bbMod\u00e8le GFS &#8211; explications et pr\u00e9sentation\u00a0\u00bb background_layout=\u00a0\u00bblight\u00a0\u00bb text_orientation=\u00a0\u00bbleft\u00a0\u00bb use_border_color=\u00a0\u00bboff\u00a0\u00bb border_color=\u00a0\u00bb#ffffff\u00a0\u00bb border_style=\u00a0\u00bbsolid\u00a0\u00bb] Dans\u00a0cet espace, vous trouverez\u00a0les donn\u00e9es des principaux mod\u00e8les num\u00e9riques\u00a0utilis\u00e9s pour \u00e9tablir\u00a0des pr\u00e9visions m\u00e9t\u00e9o. L&rsquo;interpr\u00e9tation de ces mod\u00e8les n&rsquo;est pas tr\u00e8s\u00a0compliqu\u00e9e, puisqu&rsquo;on peut y retrouver tous les param\u00e8tres n\u00e9cessaires\u00a0\u00e0 l&rsquo;\u00e9tablissement de pr\u00e9visions (vents au sol, vents en altitude, isobares, temp\u00e9ratures \u00e0 [&hellip;]<\/p>\n","protected":false},"author":2,"featured_media":0,"parent":69,"menu_order":2,"comment_status":"open","ping_status":"open","template":"","meta":{"_et_pb_use_builder":"on","_et_pb_old_content":"","_et_gb_content_width":"","footnotes":""},"class_list":["post-77","page","type-page","status-publish","hentry"],"_links":{"self":[{"href":"https:\/\/test.philippe-durussel.info\/index.php?rest_route=\/wp\/v2\/pages\/77"}],"collection":[{"href":"https:\/\/test.philippe-durussel.info\/index.php?rest_route=\/wp\/v2\/pages"}],"about":[{"href":"https:\/\/test.philippe-durussel.info\/index.php?rest_route=\/wp\/v2\/types\/page"}],"author":[{"embeddable":true,"href":"https:\/\/test.philippe-durussel.info\/index.php?rest_route=\/wp\/v2\/users\/2"}],"replies":[{"embeddable":true,"href":"https:\/\/test.philippe-durussel.info\/index.php?rest_route=%2Fwp%2Fv2%2Fcomments&post=77"}],"version-history":[{"count":14,"href":"https:\/\/test.philippe-durussel.info\/index.php?rest_route=\/wp\/v2\/pages\/77\/revisions"}],"predecessor-version":[{"id":476,"href":"https:\/\/test.philippe-durussel.info\/index.php?rest_route=\/wp\/v2\/pages\/77\/revisions\/476"}],"up":[{"embeddable":true,"href":"https:\/\/test.philippe-durussel.info\/index.php?rest_route=\/wp\/v2\/pages\/69"}],"wp:attachment":[{"href":"https:\/\/test.philippe-durussel.info\/index.php?rest_route=%2Fwp%2Fv2%2Fmedia&parent=77"}],"curies":[{"name":"wp","href":"https:\/\/api.w.org\/{rel}","templated":true}]}}