{"id":73,"date":"2015-02-03T13:35:36","date_gmt":"2015-02-03T12:35:36","guid":{"rendered":"http:\/\/ldwgxvi.preview.infomaniak.com\/?page_id=73"},"modified":"2016-08-08T08:41:06","modified_gmt":"2016-08-08T08:41:06","slug":"previsions-meteo-pour-leysin","status":"publish","type":"page","link":"https:\/\/test.philippe-durussel.info\/?page_id=73","title":{"rendered":"Pr\u00e9visions m\u00e9t\u00e9o \u00e0 Leysin"},"content":{"rendered":"<p>[et_pb_section admin_label=\u00a0\u00bbSection\u00a0\u00bb fullwidth=\u00a0\u00bboff\u00a0\u00bb specialty=\u00a0\u00bboff\u00a0\u00bb][et_pb_row admin_label=\u00a0\u00bbLigne\u00a0\u00bb][et_pb_column type=\u00a0\u00bb4_4&Prime;][et_pb_text admin_label=\u00a0\u00bbPr\u00e9visions m\u00e9t\u00e9o &#8211; m\u00e9t\u00e9ogramme partiel Leysin\u00a0\u00bb background_layout=\u00a0\u00bblight\u00a0\u00bb text_orientation=\u00a0\u00bbleft\u00a0\u00bb use_border_color=\u00a0\u00bboff\u00a0\u00bb border_color=\u00a0\u00bb#ffffff\u00a0\u00bb border_style=\u00a0\u00bbsolid\u00a0\u00bb]<\/p>\n<p style=\"text-align: justify;\">Bienvenue sur la page \u00ab\u00a0pr\u00e9visions m\u00e9t\u00e9o pour Leysin\u00a0\u00bb. Vous y trouverez les pr\u00e9visions m\u00e9t\u00e9o les plus r\u00e9cente sous forme de graphiques et de tables.<\/p>\n<p style=\"text-align: justify;\">Tous les diagrammes sont en principe mises \u00e0 jour tous les soirs entre 18h00 et 23h00. Si votre pr\u00e9vision est trop ancienne il est n\u00e9cessaire de rafra\u00eechir votre page \u00e0 l&rsquo;aide de votre navigateur pr\u00e9f\u00e9r\u00e9 !<\/p>\n<p style=\"text-align: justify;\">Ces pr\u00e9visions sont class\u00e9es des\u00a0 plus simples \u00e0 utiliser aux plus compl\u00e8tes mais un peu moins \u00e9videntes \u00e0 d\u00e9crypter. Bonne lecture !<\/p>\n<hr \/>\n<p><strong>R\u00e9sum\u00e9 des pr\u00e9visions m\u00e9t\u00e9o pour les 6 prochains jours \u00e0\u00a0 Leysin<\/strong><\/p>\n<div>\n<div style=\"width: 760px\" class=\"wp-caption aligncenter\"><a href=\"http:\/\/www.philippe-durussel.info\/meteoleysin\/meteog1.png\" target=\"_blank\"><img loading=\"lazy\" decoding=\"async\" src=\"http:\/\/www.philippe-durussel.info\/meteoleysin\/meteog1.png\" width=\"750\" height=\"248\" align=\"absMiddle\" \/><\/a><p class=\"wp-caption-text\">Source : meteoblue.com<\/p><\/div>\n<\/div>\n<div><\/div>\n<p>[\/et_pb_text][\/et_pb_column][\/et_pb_row][\/et_pb_section][et_pb_section admin_label=\u00a0\u00bbSection\u00a0\u00bb fullwidth=\u00a0\u00bboff\u00a0\u00bb specialty=\u00a0\u00bboff\u00a0\u00bb][et_pb_row admin_label=\u00a0\u00bbLigne\u00a0\u00bb][et_pb_column type=\u00a0\u00bb4_4&Prime;][et_pb_text admin_label=\u00a0\u00bbPr\u00e9visions m\u00e9t\u00e9o &#8211; m\u00e9t\u00e9ogramme complet Leysin\u00a0\u00bb background_layout=\u00a0\u00bblight\u00a0\u00bb text_orientation=\u00a0\u00bbleft\u00a0\u00bb use_border_color=\u00a0\u00bboff\u00a0\u00bb border_color=\u00a0\u00bb#ffffff\u00a0\u00bb border_style=\u00a0\u00bbsolid\u00a0\u00bb]<\/p>\n<div>\n<hr \/>\n<p><strong>Pr\u00e9visions m\u00e9t\u00e9o plus compl\u00e8tes \u00e0 6 jours pour Leysin : m\u00e9t\u00e9ogramme \u00e0 6 jours<br \/>\n<\/strong><\/p>\n<\/div>\n<div>\n<div style=\"width: 760px\" class=\"wp-caption aligncenter\"><a href=\"http:\/\/www.philippe-durussel.info\/meteoleysin\/meteog2.png\" target=\"_blank\"><img loading=\"lazy\" decoding=\"async\" src=\"http:\/\/www.philippe-durussel.info\/meteoleysin\/meteog2.png\" width=\"750\" height=\"600\" \/><\/a><p class=\"wp-caption-text\">Source : meteoblue.com<\/p><\/div>\n<\/div>\n<div><\/div>\n<p>[\/et_pb_text][\/et_pb_column][\/et_pb_row][\/et_pb_section][et_pb_section admin_label=\u00a0\u00bbSection\u00a0\u00bb fullwidth=\u00a0\u00bboff\u00a0\u00bb specialty=\u00a0\u00bboff\u00a0\u00bb][et_pb_row admin_label=\u00a0\u00bbLigne\u00a0\u00bb][et_pb_column type=\u00a0\u00bb4_4&Prime;][et_pb_text admin_label=\u00a0\u00bbPr\u00e9visions m\u00e9t\u00e9o &#8211; m\u00e9t\u00e9ogramme neige Leysin\u00a0\u00bb background_layout=\u00a0\u00bblight\u00a0\u00bb text_orientation=\u00a0\u00bbleft\u00a0\u00bb use_border_color=\u00a0\u00bboff\u00a0\u00bb border_color=\u00a0\u00bb#ffffff\u00a0\u00bb border_style=\u00a0\u00bbsolid\u00a0\u00bb]<\/p>\n<hr \/>\n<p><strong>Pr\u00e9vision des risques de neige et de la limite du z\u00e9ro degr\u00e9 pour les 6 prochains jours \u00e0 Leysin<br \/>\n<\/strong><\/p>\n<div>\n<div style=\"width: 760px\" class=\"wp-caption aligncenter\"><a href=\"http:\/\/www.philippe-durussel.info\/meteoleysin\/neige.png\" target=\"_blank\"><img loading=\"lazy\" decoding=\"async\" src=\"http:\/\/www.philippe-durussel.info\/meteoleysin\/neige.png\" width=\"750\" height=\"600\" \/><\/a><p class=\"wp-caption-text\">Source : meteoblue.com<\/p><\/div>\n<\/div>\n<div><\/div>\n<p>[\/et_pb_text][\/et_pb_column][\/et_pb_row][\/et_pb_section][et_pb_section admin_label=\u00a0\u00bbSection\u00a0\u00bb fullwidth=\u00a0\u00bboff\u00a0\u00bb specialty=\u00a0\u00bboff\u00a0\u00bb][et_pb_row admin_label=\u00a0\u00bbLigne\u00a0\u00bb][et_pb_column type=\u00a0\u00bb4_4&Prime;][et_pb_text admin_label=\u00a0\u00bbPr\u00e9visions m\u00e9t\u00e9o &#8211; m\u00e9t\u00e9ogramme 14 jours Leysin\u00a0\u00bb background_layout=\u00a0\u00bblight\u00a0\u00bb text_orientation=\u00a0\u00bbleft\u00a0\u00bb use_border_color=\u00a0\u00bboff\u00a0\u00bb border_color=\u00a0\u00bb#ffffff\u00a0\u00bb border_style=\u00a0\u00bbsolid\u00a0\u00bb]<\/p>\n<p><strong>Pr\u00e9vision m\u00e9t\u00e9o pour Leysin entre le 6\u00e8me et le 14\u00e8me jour, sous forme d&rsquo;un m\u00e9t\u00e9ogramme<\/strong><\/p>\n<p>Note : la fiabilit\u00e9 des pr\u00e9visions \u00e0 long terme est faible et les informations donn\u00e9es sont susceptibles d&rsquo;\u00e9voluer fortement d&rsquo;ici la date de pr\u00e9vision.<\/p>\n<div>\n<div style=\"width: 760px\" class=\"wp-caption aligncenter\"><a href=\"http:\/\/www.philippe-durussel.info\/meteoleysin\/meteog3.png\" target=\"_blank\"><img loading=\"lazy\" decoding=\"async\" src=\"http:\/\/www.philippe-durussel.info\/meteoleysin\/meteog3.png\" width=\"750\" height=\"600\" \/><\/a><p class=\"wp-caption-text\">Source : meteoblue.com<\/p><\/div>\n<\/div>\n<p>&nbsp;<\/p>\n<p>[\/et_pb_text][\/et_pb_column][\/et_pb_row][\/et_pb_section]<\/p>\n","protected":false},"excerpt":{"rendered":"<p>[et_pb_section admin_label=\u00a0\u00bbSection\u00a0\u00bb fullwidth=\u00a0\u00bboff\u00a0\u00bb specialty=\u00a0\u00bboff\u00a0\u00bb][et_pb_row admin_label=\u00a0\u00bbLigne\u00a0\u00bb][et_pb_column type=\u00a0\u00bb4_4&Prime;][et_pb_text admin_label=\u00a0\u00bbPr\u00e9visions m\u00e9t\u00e9o &#8211; m\u00e9t\u00e9ogramme partiel Leysin\u00a0\u00bb background_layout=\u00a0\u00bblight\u00a0\u00bb text_orientation=\u00a0\u00bbleft\u00a0\u00bb use_border_color=\u00a0\u00bboff\u00a0\u00bb border_color=\u00a0\u00bb#ffffff\u00a0\u00bb border_style=\u00a0\u00bbsolid\u00a0\u00bb] Bienvenue sur la page \u00ab\u00a0pr\u00e9visions m\u00e9t\u00e9o pour Leysin\u00a0\u00bb. Vous y trouverez les pr\u00e9visions m\u00e9t\u00e9o les plus r\u00e9cente sous forme de graphiques et de tables. Tous les diagrammes sont en principe mises \u00e0 jour tous les soirs entre 18h00 [&hellip;]<\/p>\n","protected":false},"author":2,"featured_media":0,"parent":69,"menu_order":1,"comment_status":"open","ping_status":"open","template":"","meta":{"_et_pb_use_builder":"on","_et_pb_old_content":"","_et_gb_content_width":"","footnotes":""},"class_list":["post-73","page","type-page","status-publish","hentry"],"_links":{"self":[{"href":"https:\/\/test.philippe-durussel.info\/index.php?rest_route=\/wp\/v2\/pages\/73"}],"collection":[{"href":"https:\/\/test.philippe-durussel.info\/index.php?rest_route=\/wp\/v2\/pages"}],"about":[{"href":"https:\/\/test.philippe-durussel.info\/index.php?rest_route=\/wp\/v2\/types\/page"}],"author":[{"embeddable":true,"href":"https:\/\/test.philippe-durussel.info\/index.php?rest_route=\/wp\/v2\/users\/2"}],"replies":[{"embeddable":true,"href":"https:\/\/test.philippe-durussel.info\/index.php?rest_route=%2Fwp%2Fv2%2Fcomments&post=73"}],"version-history":[{"count":5,"href":"https:\/\/test.philippe-durussel.info\/index.php?rest_route=\/wp\/v2\/pages\/73\/revisions"}],"predecessor-version":[{"id":466,"href":"https:\/\/test.philippe-durussel.info\/index.php?rest_route=\/wp\/v2\/pages\/73\/revisions\/466"}],"up":[{"embeddable":true,"href":"https:\/\/test.philippe-durussel.info\/index.php?rest_route=\/wp\/v2\/pages\/69"}],"wp:attachment":[{"href":"https:\/\/test.philippe-durussel.info\/index.php?rest_route=%2Fwp%2Fv2%2Fmedia&parent=73"}],"curies":[{"name":"wp","href":"https:\/\/api.w.org\/{rel}","templated":true}]}}