{"id":63,"date":"2015-02-03T13:21:17","date_gmt":"2015-02-03T12:21:17","guid":{"rendered":"http:\/\/ldwgxvi.preview.infomaniak.com\/?page_id=63"},"modified":"2016-08-08T08:26:41","modified_gmt":"2016-08-08T08:26:41","slug":"meteo-en-direct","status":"publish","type":"page","link":"https:\/\/test.philippe-durussel.info\/?page_id=63","title":{"rendered":"M\u00e9t\u00e9o en direct"},"content":{"rendered":"<p>[et_pb_section admin_label=\u00a0\u00bbsection\u00a0\u00bb][et_pb_row admin_label=\u00a0\u00bbrow\u00a0\u00bb][et_pb_column type=\u00a0\u00bb4_4&Prime;][et_pb_text admin_label=\u00a0\u00bbEph\u00e9m\u00e9rides et conditions m\u00e9t\u00e9o Leysin\u00a0\u00bb background_layout=\u00a0\u00bblight\u00a0\u00bb text_orientation=\u00a0\u00bbcenter\u00a0\u00bb use_border_color=\u00a0\u00bboff\u00a0\u00bb border_color=\u00a0\u00bb#ffffff\u00a0\u00bb border_style=\u00a0\u00bbsolid\u00a0\u00bb]<\/p>\n<p>Sur\u00a0cette page vous trouverez \u00e9galement l&rsquo;\u00e9tat\u00a0actuel des alertes m\u00e9t\u00e9o en Suisse, en\u00a0France\u00a0et en Europe. Ces derni\u00e8res informations sont \u00e9mises par des organismes de pr\u00e9vison officiels et peuvent \u00eatre utilis\u00e9es pour planifier vos sorties et d\u00e9placements.<\/p>\n<hr \/>\n<p><strong>EPHEMERIDES ET CONDITIONS METEO EN DIRECT DE LEYSIN<\/strong><\/p>\n<p>Les \u00e9ph\u00e9m\u00e9rides du jour et\u00a0les conditions m\u00e9t\u00e9orologiques en direct de notre station m\u00e9t\u00e9o de Leysin, au chalet Sybil, \u00e0 1360 m\u00e8tres d&rsquo;altitude sont visibles ci-dessous. Vous trouverez \u00e9galement la tendance m\u00e9t\u00e9o pour les prochaines 24h : les calculs sont bas\u00e9s sur la variation de la pression atmosph\u00e9rique, sans aucune garantie de fiabilit\u00e9 !<\/p>\n<p>Les donn\u00e9es sont mises \u00e0 jour toutes les 5 minutes, 24h sur 24.<\/p>\n<div><\/div>\n<table border=\"0\" width=\"100%\" cellspacing=\"1\" cellpadding=\"1\" align=\"center\">\n<tbody>\n<tr>\n<td style=\"text-align: center;\"><strong>Eph\u00e9m\u00e9rides du jour<\/strong><\/td>\n<td style=\"text-align: center;\"><strong>Conditions m\u00e9t\u00e9o en direct de Leysin<\/strong><\/td>\n<\/tr>\n<tr>\n<td valign=\"top\"><a href=\"http:\/\/www.durussel.ch\/graphweather\/ephem.jpg\" target=\"_blank\"><img loading=\"lazy\" decoding=\"async\" src=\"http:\/\/www.durussel.ch\/graphweather\/ephem.jpg\" alt=\"\" width=\"500\" height=\"210\" border=\"1\" \/><\/a><\/td>\n<td valign=\"top\"><a href=\"http:\/\/www.durussel.ch\/graphweather\/graph1.jpg\" target=\"_blank\"><img loading=\"lazy\" decoding=\"async\" src=\"http:\/\/www.durussel.ch\/graphweather\/graph1.jpg\" alt=\"\" width=\"450\" height=\"230\" border=\"1\" \/><\/a><\/td>\n<\/tr>\n<\/tbody>\n<\/table>\n<hr \/>\n<p>&nbsp;<\/p>\n<p>[\/et_pb_text][\/et_pb_column][\/et_pb_row][\/et_pb_section][et_pb_section admin_label=\u00a0\u00bbSection\u00a0\u00bb fullwidth=\u00a0\u00bboff\u00a0\u00bb specialty=\u00a0\u00bboff\u00a0\u00bb][et_pb_row admin_label=\u00a0\u00bbLigne\u00a0\u00bb][et_pb_column type=\u00a0\u00bb1_2&Prime;][et_pb_text admin_label=\u00a0\u00bbZones jour\/nuit monde temp\u00e9ratures\u00a0\u00bb background_layout=\u00a0\u00bblight\u00a0\u00bb text_orientation=\u00a0\u00bbleft\u00a0\u00bb use_border_color=\u00a0\u00bboff\u00a0\u00bb border_color=\u00a0\u00bb#ffffff\u00a0\u00bb border_style=\u00a0\u00bbsolid\u00a0\u00bb]<\/p>\n<p style=\"text-align: center;\"><strong>Zone de nuit\/jour et m\u00e9t\u00e9o globale du monde en direct.<br \/>\n<\/strong>Source : www.fourmilab.ch<\/p>\n<p><img loading=\"lazy\" decoding=\"async\" class=\"aligncenter\" src=\"http:\/\/www.fourmilab.ch\/cgi-bin\/Earth?img=wx-cmap.bmp&amp;imgsize=320&amp;dynimg=y&amp;opt=-p&amp;lat=&amp;lon=&amp;alt=&amp;tle=&amp;date=0&amp;utc=&amp;jd=\" alt=\"\" width=\"640\" height=\"320\" align=\"top\" border=\"1\" \/><\/p>\n<p style=\"text-align: center;\"><img loading=\"lazy\" decoding=\"async\" src=\"http:\/\/www.durussel.ch\/graphweather\/Current-legend.gif\" alt=\"\" width=\"644\" height=\"70\" align=\"top\" \/><\/p>\n<p>[\/et_pb_text][\/et_pb_column][et_pb_column type=\u00a0\u00bb1_2&Prime;][et_pb_text admin_label=\u00a0\u00bbZone jour\/nuit monde nuages\u00a0\u00bb background_layout=\u00a0\u00bblight\u00a0\u00bb text_orientation=\u00a0\u00bbleft\u00a0\u00bb use_border_color=\u00a0\u00bboff\u00a0\u00bb border_color=\u00a0\u00bb#ffffff\u00a0\u00bb border_style=\u00a0\u00bbsolid\u00a0\u00bb]<\/p>\n<p style=\"text-align: center;\"><strong>Zone de nuit\/jour et image satellite globale du monde en direct.<br \/>\n<\/strong>Source : www.fourmilab.ch<\/p>\n<p style=\"text-align: center;\"><img loading=\"lazy\" decoding=\"async\" src=\"http:\/\/www.fourmilab.ch\/cgi-bin\/Earth?img=cloudy.bmp&amp;imgsize=320&amp;dynimg=y&amp;opt=-p&amp;lat=&amp;lon=&amp;alt=&amp;tle=&amp;date=0&amp;utc=&amp;jd=\" alt=\"\" width=\"640\" height=\"320\" border=\"1\" \/><\/p>\n<p>[\/et_pb_text][\/et_pb_column][\/et_pb_row][\/et_pb_section][et_pb_section admin_label=\u00a0\u00bbSection\u00a0\u00bb fullwidth=\u00a0\u00bboff\u00a0\u00bb specialty=\u00a0\u00bboff\u00a0\u00bb][et_pb_row admin_label=\u00a0\u00bbLigne\u00a0\u00bb][et_pb_column type=\u00a0\u00bb4_4&Prime;][et_pb_text admin_label=\u00a0\u00bbCartes dangers Suisse\u00a0\u00bb background_layout=\u00a0\u00bblight\u00a0\u00bb text_orientation=\u00a0\u00bbleft\u00a0\u00bb use_border_color=\u00a0\u00bboff\u00a0\u00bb border_color=\u00a0\u00bb#ffffff\u00a0\u00bb border_style=\u00a0\u00bbsolid\u00a0\u00bb]<\/p>\n<hr \/>\n<p><strong>ALERTES METEO ACTUELLES<\/strong><\/p>\n<p>Pour atteindre les pages en grand format ou les sources des documents, vous pouvez cliquer sur les images et une nouvelle fen\u00eatre s&rsquo;ouvrira.<\/p>\n<div style=\"width: 316px\" class=\"wp-caption aligncenter\"><a href=\"http:\/\/www.meteoalarm.eu\/countryCH.asp?Country=CH&amp;lang=FR&amp;ShowDate=\" target=\"_blank\"><img loading=\"lazy\" decoding=\"async\" src=\"http:\/\/www.meteoalarm.eu\/shapefiles\/CH\/CHTodaycolor.gif\" width=\"306\" height=\"200\" border=\"1\" \/><\/a><p class=\"wp-caption-text\">Carte d&rsquo;alerte m\u00e9t\u00e9o de meteoalarm.eu<\/p><\/div>\n<div style=\"width: 278px\" class=\"wp-caption aligncenter\"><a href=\"http:\/\/www.meteocentrale.ch\/fr\/uwz\/centrale-dalerte\/uwz.html?no_cache=1&amp;L=2\" target=\"_blank\"><img loading=\"lazy\" decoding=\"async\" src=\"http:\/\/www.meteocentrale.ch\/wetter\/images\/uwzch_small.jpg\" width=\"268\" height=\"200\" align=\"middle\" border=\"1\" \/><\/a><p class=\"wp-caption-text\">Carte d&rsquo;alerte m\u00e9t\u00e9o de meteocentrale.ch<\/p><\/div>\n<div style=\"width: 250px\" class=\"wp-caption aligncenter\"><a href=\"http:\/\/www.meteosuisse.admin.ch\/home.html?tab=alarm\" target=\"_blank\"><img loading=\"lazy\" decoding=\"async\" src=\"http:\/\/dev.tsrmeteo.ch\/meteodata\/AVIS\/warnkarte_teaser.jpg\" width=\"240\" height=\"152\" \/><\/a><p class=\"wp-caption-text\">Carte d&rsquo;alerte m\u00e9t\u00e9o de MeteoSuisse.ch<\/p><\/div>\n<p>[\/et_pb_text][\/et_pb_column][\/et_pb_row][\/et_pb_section][et_pb_section admin_label=\u00a0\u00bbSection\u00a0\u00bb fullwidth=\u00a0\u00bboff\u00a0\u00bb specialty=\u00a0\u00bboff\u00a0\u00bb][et_pb_row admin_label=\u00a0\u00bbLigne\u00a0\u00bb][et_pb_column type=\u00a0\u00bb4_4&Prime;][et_pb_text admin_label=\u00a0\u00bbCartes dangers Europe\u00a0\u00bb background_layout=\u00a0\u00bblight\u00a0\u00bb text_orientation=\u00a0\u00bbleft\u00a0\u00bb use_border_color=\u00a0\u00bboff\u00a0\u00bb border_color=\u00a0\u00bb#ffffff\u00a0\u00bb border_style=\u00a0\u00bbsolid\u00a0\u00bb]<\/p>\n<div style=\"width: 210px\" class=\"wp-caption aligncenter\"><img loading=\"lazy\" decoding=\"async\" src=\"http:\/\/www.meteoalarm.eu\/shapefiles\/FR\/FRTodaycolor100.gif\" width=\"200\" height=\"194\" border=\"1\" \/><p class=\"wp-caption-text\">Carte d&rsquo;alerte m\u00e9t\u00e9o de meteo.fr (Meteofrance)<\/p><\/div>\n<p>&nbsp;<\/p>\n<div style=\"width: 560px\" class=\"wp-caption aligncenter\"><a href=\"http:\/\/www.meteoalarm.eu\/\" target=\"_blank\"><img loading=\"lazy\" decoding=\"async\" src=\"http:\/\/www.meteoalarm.eu\/shapefiles\/Europe\/EuropeToday0color.gif\" width=\"550\" height=\"482\" border=\"1\" \/><\/a><p class=\"wp-caption-text\">Carte d&rsquo;alerte europ\u00e9enne de meteoalerte.eu<\/p><\/div>\n<p>[\/et_pb_text][\/et_pb_column][\/et_pb_row][\/et_pb_section]<\/p>\n","protected":false},"excerpt":{"rendered":"<p>[et_pb_section admin_label=\u00a0\u00bbsection\u00a0\u00bb][et_pb_row admin_label=\u00a0\u00bbrow\u00a0\u00bb][et_pb_column type=\u00a0\u00bb4_4&Prime;][et_pb_text admin_label=\u00a0\u00bbEph\u00e9m\u00e9rides et conditions m\u00e9t\u00e9o Leysin\u00a0\u00bb background_layout=\u00a0\u00bblight\u00a0\u00bb text_orientation=\u00a0\u00bbcenter\u00a0\u00bb use_border_color=\u00a0\u00bboff\u00a0\u00bb border_color=\u00a0\u00bb#ffffff\u00a0\u00bb border_style=\u00a0\u00bbsolid\u00a0\u00bb] Sur\u00a0cette page vous trouverez \u00e9galement l&rsquo;\u00e9tat\u00a0actuel des alertes m\u00e9t\u00e9o en Suisse, en\u00a0France\u00a0et en Europe. Ces derni\u00e8res informations sont \u00e9mises par des organismes de pr\u00e9vison officiels et peuvent \u00eatre utilis\u00e9es pour planifier vos sorties et d\u00e9placements. EPHEMERIDES ET CONDITIONS METEO EN DIRECT [&hellip;]<\/p>\n","protected":false},"author":2,"featured_media":0,"parent":0,"menu_order":1,"comment_status":"open","ping_status":"open","template":"","meta":{"_et_pb_use_builder":"on","_et_pb_old_content":"","_et_gb_content_width":"","footnotes":""},"class_list":["post-63","page","type-page","status-publish","hentry"],"_links":{"self":[{"href":"https:\/\/test.philippe-durussel.info\/index.php?rest_route=\/wp\/v2\/pages\/63"}],"collection":[{"href":"https:\/\/test.philippe-durussel.info\/index.php?rest_route=\/wp\/v2\/pages"}],"about":[{"href":"https:\/\/test.philippe-durussel.info\/index.php?rest_route=\/wp\/v2\/types\/page"}],"author":[{"embeddable":true,"href":"https:\/\/test.philippe-durussel.info\/index.php?rest_route=\/wp\/v2\/users\/2"}],"replies":[{"embeddable":true,"href":"https:\/\/test.philippe-durussel.info\/index.php?rest_route=%2Fwp%2Fv2%2Fcomments&post=63"}],"version-history":[{"count":12,"href":"https:\/\/test.philippe-durussel.info\/index.php?rest_route=\/wp\/v2\/pages\/63\/revisions"}],"predecessor-version":[{"id":276,"href":"https:\/\/test.philippe-durussel.info\/index.php?rest_route=\/wp\/v2\/pages\/63\/revisions\/276"}],"wp:attachment":[{"href":"https:\/\/test.philippe-durussel.info\/index.php?rest_route=%2Fwp%2Fv2%2Fmedia&parent=63"}],"curies":[{"name":"wp","href":"https:\/\/api.w.org\/{rel}","templated":true}]}}