{"id":541,"date":"2016-08-14T08:07:29","date_gmt":"2016-08-14T08:07:29","guid":{"rendered":"http:\/\/test.philippe-durussel.info\/?page_id=541"},"modified":"2016-08-15T08:26:16","modified_gmt":"2016-08-15T08:26:16","slug":"alperadio-80","status":"publish","type":"page","link":"https:\/\/test.philippe-durussel.info\/?page_id=541","title":{"rendered":"AlpeRadio 80"},"content":{"rendered":"<p>[et_pb_section admin_label=\u00a0\u00bbsection\u00a0\u00bb][et_pb_row admin_label=\u00a0\u00bbrow\u00a0\u00bb][et_pb_column type=\u00a0\u00bb4_4&Prime;][et_pb_text admin_label=\u00a0\u00bbAlpeRadio 80 &#8211; pr\u00e9sentation g\u00e9n\u00e9rale\u00a0\u00bb background_layout=\u00a0\u00bblight\u00a0\u00bb text_orientation=\u00a0\u00bbleft\u00a0\u00bb use_border_color=\u00a0\u00bboff\u00a0\u00bb border_color=\u00a0\u00bb#ffffff\u00a0\u00bb border_style=\u00a0\u00bbsolid\u00a0\u00bb]<\/p>\n<p><strong>AlpeRadio 80<\/strong><\/p>\n<p>Bienvenue sur la page de notre deuxi\u00e8me webradio de Leysin !<\/p>\n<p style=\"text-align: justify;\">Cette Webradio \u00e9met un programme 100% musical centr\u00e9 sur les ann\u00e9es 1980\u00a0\u00e0 2000.<\/p>\n<p style=\"text-align: justify;\">Notre programmation est ax\u00e9e sur des hits des ann\u00e9es 80 et 90, ainsi que sur des \u00ab\u00a0d\u00e9couvertes\u00a0\u00bb de ces 20 ann\u00e9es.<\/p>\n<p>Nous vous souhaitons une agr\u00e9able \u00e9coute de nos programmes.\u00a0Merci de votre fid\u00e9lit\u00e9 !<\/p>\n<p>Vous pouvez nous faire part de nos remarques en nous envoyant un courriel depuis la page \u00ab\u00a0contact\u00a0\u00bb de ce site.<\/p>\n<p>[\/et_pb_text][\/et_pb_column][\/et_pb_row][\/et_pb_section][et_pb_section admin_label=\u00a0\u00bbSection\u00a0\u00bb fullwidth=\u00a0\u00bboff\u00a0\u00bb specialty=\u00a0\u00bboff\u00a0\u00bb][et_pb_row admin_label=\u00a0\u00bbLigne\u00a0\u00bb][et_pb_column type=\u00a0\u00bb4_4&Prime;][et_pb_text admin_label=\u00a0\u00bbIframe &#8211; AlpeRadio 80&Prime; background_layout=\u00a0\u00bblight\u00a0\u00bb text_orientation=\u00a0\u00bbleft\u00a0\u00bb use_border_color=\u00a0\u00bboff\u00a0\u00bb border_color=\u00a0\u00bb#ffffff\u00a0\u00bb border_style=\u00a0\u00bbsolid\u00a0\u00bb]<\/p>\n<hr \/>\n<p><strong>AlpeRadio Leysin &#8211; Site Internet d\u00e9di\u00e9<\/strong><\/p>\n<p>Vous pouvez acc\u00e9der au site Internet d&rsquo;AlpeRadio 80\u00a0dans une nouvelle fen\u00eatre <a href=\"http:\/\/radiart.eu:2199\/start\/alperadio80\/\" target=\"_blank\">en cliquant sur ce lien<\/a>.<\/p>\n<p style=\"text-align: center;\">\n<!-- iframe plugin v.5.1 wordpress.org\/plugins\/iframe\/ -->\n<iframe loading=\"lazy\" src=\"http:\/\/radiart.eu:2199\/start\/alperadio80\/\" width=\"1000\" height=\"1800\" scrolling=\"auto\" frameborder=\"1\" class=\"iframe-class\"><\/iframe>\n [\/et_pb_text][\/et_pb_column][\/et_pb_row][\/et_pb_section][et_pb_section admin_label=\u00a0\u00bbSection\u00a0\u00bb fullwidth=\u00a0\u00bboff\u00a0\u00bb specialty=\u00a0\u00bboff\u00a0\u00bb][et_pb_row admin_label=\u00a0\u00bbLigne\u00a0\u00bb][et_pb_column type=\u00a0\u00bb1_4&Prime;][et_pb_text admin_label=\u00a0\u00bbEcoute AlpeRadio 80 mp3 256 kb\/s\u00a0\u00bb background_layout=\u00a0\u00bblight\u00a0\u00bb text_orientation=\u00a0\u00bbcenter\u00a0\u00bb use_border_color=\u00a0\u00bboff\u00a0\u00bb border_color=\u00a0\u00bb#ffffff\u00a0\u00bb border_style=\u00a0\u00bbsolid\u00a0\u00bb]<\/p>\n<hr \/>\n<p style=\"text-align: center;\">Ecoutez AlpeRadio 80\u00a0en mp3, 256kb\/s depuis votre lecteur pr\u00e9f\u00e9r\u00e9 en cliquant sur l&rsquo;ic\u00f4ne de votre choix :<\/p>\n<div id=\"cc_tunein\"><a href=\"http:\/\/radiart.eu:2199\/tunein\/alperadio80-stream.pls\"><img decoding=\"async\" class=\"aligncenter\" title=\"Winamp, iTunes\" src=\"http:\/\/radiart.eu:2199\/system\/images\/tunein-pls.png\" alt=\"Winamp, iTunes\" align=\"absmiddle\" border=\"0\" \/><\/a><br \/>\n<a href=\"http:\/\/radiart.eu:2199\/tunein\/alperadio80-stream.asx\"><img decoding=\"async\" class=\"aligncenter\" title=\"Windows Media Player\" src=\"http:\/\/radiart.eu:2199\/system\/images\/tunein-asx.png\" alt=\"Windows Media Player\" align=\"absmiddle\" border=\"0\" \/><\/a><br \/>\n<a href=\"http:\/\/radiart.eu:2199\/tunein\/alperadio80-stream.ram\"><img decoding=\"async\" class=\"aligncenter\" title=\"Real Player\" src=\"http:\/\/radiart.eu:2199\/system\/images\/tunein-ram.png\" alt=\"Real Player\" align=\"absmiddle\" border=\"0\" \/><\/a><br \/>\n<a href=\"http:\/\/radiart.eu:2199\/tunein\/alperadio80-stream.qtl\"><img decoding=\"async\" class=\"aligncenter\" title=\"QuickTime\" src=\"http:\/\/radiart.eu:2199\/system\/images\/tunein-qtl.png\" alt=\"QuickTime\" align=\"absmiddle\" border=\"0\" \/><\/a><\/div>\n<p style=\"text-align: center;\">[\/et_pb_text][\/et_pb_column][et_pb_column type=\u00a0\u00bb1_4&Prime;][et_pb_text admin_label=\u00a0\u00bbEcoute AlpeRadio 80 AAC+ 64 kb\/s\u00a0\u00bb background_layout=\u00a0\u00bblight\u00a0\u00bb text_orientation=\u00a0\u00bbcenter\u00a0\u00bb use_border_color=\u00a0\u00bboff\u00a0\u00bb border_color=\u00a0\u00bb#ffffff\u00a0\u00bb border_style=\u00a0\u00bbsolid\u00a0\u00bb]<\/p>\n<hr \/>\n<p style=\"text-align: center;\">Ecoutez AlpeRadio Leysin en AAC+ 64kb\/s depuis votre mobile\u00a0en cliquant sur l&rsquo;ic\u00f4ne de votre choix :<\/p>\n<div id=\"cc_tunein\"><a href=\"http:\/\/radiart.eu:2199\/tunein\/alperadio80-stream64.pls\"><img decoding=\"async\" class=\"aligncenter\" title=\"Winamp, iTunes\" src=\"http:\/\/radiart.eu:2199\/system\/images\/tunein-pls.png\" alt=\"Winamp, iTunes\" align=\"absmiddle\" border=\"0\" \/><\/a><br \/>\n<a href=\"http:\/\/radiart.eu:2199\/tunein\/alperadio80-stream64.asx\"><img decoding=\"async\" class=\"aligncenter\" title=\"Windows Media Player\" src=\"http:\/\/radiart.eu:2199\/system\/images\/tunein-asx.png\" alt=\"Windows Media Player\" align=\"absmiddle\" border=\"0\" \/><\/a><br \/>\n<a href=\"http:\/\/radiart.eu:2199\/tunein\/alperadio80-stream64.ram\"><img decoding=\"async\" class=\"aligncenter\" title=\"Real Player\" src=\"http:\/\/radiart.eu:2199\/system\/images\/tunein-ram.png\" alt=\"Real Player\" align=\"absmiddle\" border=\"0\" \/><\/a><br \/>\n<a href=\"http:\/\/radiart.eu:2199\/tunein\/alperadio80-stream64.qtl\"><img decoding=\"async\" class=\"aligncenter\" title=\"QuickTime\" src=\"http:\/\/radiart.eu:2199\/system\/images\/tunein-qtl.png\" alt=\"QuickTime\" align=\"absmiddle\" border=\"0\" \/><\/a><\/div>\n<p style=\"text-align: center;\">[\/et_pb_text][\/et_pb_column][et_pb_column type=\u00a0\u00bb1_4&Prime;][et_pb_text admin_label=\u00a0\u00bbLecteur AlpeRadio 80 &#8211; 256 mp3 256 kb\/s\u00a0\u00bb background_layout=\u00a0\u00bblight\u00a0\u00bb text_orientation=\u00a0\u00bbcenter\u00a0\u00bb use_border_color=\u00a0\u00bboff\u00a0\u00bb border_color=\u00a0\u00bb#ffffff\u00a0\u00bb border_style=\u00a0\u00bbsolid\u00a0\u00bb]<\/p>\n<hr \/>\n<p style=\"text-align: left;\">Ecoutez AlpeRadio\u00a080\u00a0en utilisant notre lecteur en mp3 256 kb\/s<\/p>\n<p>[radioforge id=3]<\/p>\n<p style=\"text-align: center;\">[\/et_pb_text][\/et_pb_column][et_pb_column type=\u00a0\u00bb1_4&Prime;][et_pb_text admin_label=\u00a0\u00bbLecteur AlpeRadio 80 en AAC+ 64 kb\/s\u00a0\u00bb background_layout=\u00a0\u00bblight\u00a0\u00bb text_orientation=\u00a0\u00bbcenter\u00a0\u00bb use_border_color=\u00a0\u00bboff\u00a0\u00bb border_color=\u00a0\u00bb#ffffff\u00a0\u00bb border_style=\u00a0\u00bbsolid\u00a0\u00bb]<\/p>\n<hr \/>\n<p>Ecoutez AlpeRadio\u00a080\u00a0en utilisant notre lecteur en AAC+ 64 kb\/s<br \/>\n[radioforge id=4] [\/et_pb_text][\/et_pb_column][\/et_pb_row][\/et_pb_section][et_pb_section admin_label=\u00a0\u00bbSection\u00a0\u00bb fullwidth=\u00a0\u00bboff\u00a0\u00bb specialty=\u00a0\u00bboff\u00a0\u00bb][et_pb_row admin_label=\u00a0\u00bbLigne\u00a0\u00bb][et_pb_column type=\u00a0\u00bb1_2&Prime;][et_pb_text admin_label=\u00a0\u00bbTitre en cours &#8211; AlpeRadio 80&Prime; background_layout=\u00a0\u00bblight\u00a0\u00bb text_orientation=\u00a0\u00bbjustified\u00a0\u00bb use_border_color=\u00a0\u00bboff\u00a0\u00bb border_color=\u00a0\u00bb#ffffff\u00a0\u00bb border_style=\u00a0\u00bbsolid\u00a0\u00bb]<\/p>\n<hr \/>\n<p style=\"text-align: center;\">Morceau en cours diffus\u00e9 par AlpeRadio 80\u00a0(cliquez sur le lien pour d\u00e9marrer la lecture en mp3 256 kb\/s)<br \/>\n<span id=\"cc_strinfo_summary_alperadio80\" class=\"cc_streaminfo\">chargement &#8230;<\/span><br \/>\n<script src=\"http:\/\/radiart.eu:2199\/system\/streaminfo.js\" type=\"text\/javascript\"><\/script><\/p>\n<p>[\/et_pb_text][\/et_pb_column][et_pb_column type=\u00a0\u00bb1_2&Prime;][et_pb_text admin_label=\u00a0\u00bbAlpeRadio 80 &#8211; derniers titres diffus\u00e9s\u00a0\u00bb background_layout=\u00a0\u00bblight\u00a0\u00bb text_orientation=\u00a0\u00bbleft\u00a0\u00bb use_border_color=\u00a0\u00bboff\u00a0\u00bb border_color=\u00a0\u00bb#ffffff\u00a0\u00bb border_style=\u00a0\u00bbsolid\u00a0\u00bb]<\/p>\n<div class=\"cc_recenttracks_list\" style=\"text-align: center;\">\n<hr \/>\n<p>Les derniers titres diffus\u00e9s par AlpeRadio Leysin\n<\/p><\/div>\n<div id=\"cc_recenttracks_alperadio80\" class=\"cc_recenttracks_list\" style=\"text-align: center;\">chargement &#8230;<\/div>\n<p><script src=\"http:\/\/radiart.eu:2199\/system\/recenttracks.js\" type=\"text\/javascript\"><\/script><\/p>\n<p>[\/et_pb_text][\/et_pb_column][\/et_pb_row][\/et_pb_section]<\/p>\n","protected":false},"excerpt":{"rendered":"<p>[et_pb_section admin_label=\u00a0\u00bbsection\u00a0\u00bb][et_pb_row admin_label=\u00a0\u00bbrow\u00a0\u00bb][et_pb_column type=\u00a0\u00bb4_4&Prime;][et_pb_text admin_label=\u00a0\u00bbAlpeRadio 80 &#8211; pr\u00e9sentation g\u00e9n\u00e9rale\u00a0\u00bb background_layout=\u00a0\u00bblight\u00a0\u00bb text_orientation=\u00a0\u00bbleft\u00a0\u00bb use_border_color=\u00a0\u00bboff\u00a0\u00bb border_color=\u00a0\u00bb#ffffff\u00a0\u00bb border_style=\u00a0\u00bbsolid\u00a0\u00bb] AlpeRadio 80 Bienvenue sur la page de notre deuxi\u00e8me webradio de Leysin ! Cette Webradio \u00e9met un programme 100% musical centr\u00e9 sur les ann\u00e9es 1980\u00a0\u00e0 2000. Notre programmation est ax\u00e9e sur des hits des ann\u00e9es 80 et 90, ainsi que sur [&hellip;]<\/p>\n","protected":false},"author":1,"featured_media":0,"parent":340,"menu_order":1,"comment_status":"closed","ping_status":"closed","template":"","meta":{"_et_pb_use_builder":"on","_et_pb_old_content":"","_et_gb_content_width":"","footnotes":""},"class_list":["post-541","page","type-page","status-publish","hentry"],"_links":{"self":[{"href":"https:\/\/test.philippe-durussel.info\/index.php?rest_route=\/wp\/v2\/pages\/541"}],"collection":[{"href":"https:\/\/test.philippe-durussel.info\/index.php?rest_route=\/wp\/v2\/pages"}],"about":[{"href":"https:\/\/test.philippe-durussel.info\/index.php?rest_route=\/wp\/v2\/types\/page"}],"author":[{"embeddable":true,"href":"https:\/\/test.philippe-durussel.info\/index.php?rest_route=\/wp\/v2\/users\/1"}],"replies":[{"embeddable":true,"href":"https:\/\/test.philippe-durussel.info\/index.php?rest_route=%2Fwp%2Fv2%2Fcomments&post=541"}],"version-history":[{"count":10,"href":"https:\/\/test.philippe-durussel.info\/index.php?rest_route=\/wp\/v2\/pages\/541\/revisions"}],"predecessor-version":[{"id":645,"href":"https:\/\/test.philippe-durussel.info\/index.php?rest_route=\/wp\/v2\/pages\/541\/revisions\/645"}],"up":[{"embeddable":true,"href":"https:\/\/test.philippe-durussel.info\/index.php?rest_route=\/wp\/v2\/pages\/340"}],"wp:attachment":[{"href":"https:\/\/test.philippe-durussel.info\/index.php?rest_route=%2Fwp%2Fv2%2Fmedia&parent=541"}],"curies":[{"name":"wp","href":"https:\/\/api.w.org\/{rel}","templated":true}]}}