{"id":209,"date":"2016-07-23T17:03:01","date_gmt":"2016-07-23T17:03:01","guid":{"rendered":"http:\/\/test.philippe-durussel.info\/?page_id=209"},"modified":"2016-08-08T08:40:10","modified_gmt":"2016-08-08T08:40:10","slug":"donnees-meteo-actuelles-en-europe","status":"publish","type":"page","link":"https:\/\/test.philippe-durussel.info\/?page_id=209","title":{"rendered":"M\u00e9t\u00e9o en Europe"},"content":{"rendered":"<p>[et_pb_section admin_label=\u00a0\u00bbsection\u00a0\u00bb][et_pb_row admin_label=\u00a0\u00bbrow\u00a0\u00bb][et_pb_column type=\u00a0\u00bb4_4&Prime;][et_pb_text admin_label=\u00a0\u00bbTemp\u00e9ratures actuelles Europe &#8211; infoclimat\u00a0\u00bb background_layout=\u00a0\u00bblight\u00a0\u00bb text_orientation=\u00a0\u00bbleft\u00a0\u00bb use_border_color=\u00a0\u00bboff\u00a0\u00bb border_color=\u00a0\u00bb#ffffff\u00a0\u00bb border_style=\u00a0\u00bbsolid\u00a0\u00bb]<\/p>\n<p><strong>Donn\u00e9es m\u00e9t\u00e9o actuelles en Europe<\/strong><\/p>\n<p style=\"text-align: justify;\">Ici, vous trouvez les observations actuelles (temp\u00e9ratures, vents, pr\u00e9cipitations, etc) fournies par\u00a0Infoclimat.com et Meteocentre.com.<br \/>\nCes donn\u00e9es sont automatiquement mises \u00e0 jour (24h sur 24) \u00e0 chaque rafra\u00eechissement de la page Internet.<\/p>\n<p>Pour atteindre les pages en grand format ou la source des documents, vous pouvez cliquer sur\u00a0chaque image et une nouvelle fen\u00eatre s&rsquo;ouvrira.<\/p>\n<hr \/>\n<div style=\"width: 822px\" class=\"wp-caption aligncenter\"><a href=\"http:\/\/www.infoclimat.fr\/cartes\/france\/temperature.gif\"><img loading=\"lazy\" decoding=\"async\" class=\"\" src=\"http:\/\/www.infoclimat.fr\/cartes\/france\/temperature.gif\" width=\"812\" height=\"886\" \/><\/a><p class=\"wp-caption-text\">Ouest de l&rsquo;Europe : temp\u00e9ratures actuelles (\u00b0C), mise \u00e0 jour toutes les heures (source : infoclimat.fr)<\/p><\/div>\n<p>[\/et_pb_text][\/et_pb_column][\/et_pb_row][\/et_pb_section][et_pb_section admin_label=\u00a0\u00bbsection\u00a0\u00bb][et_pb_row admin_label=\u00a0\u00bbrow\u00a0\u00bb][et_pb_column type=\u00a0\u00bb4_4&Prime;][et_pb_text admin_label=\u00a0\u00bbHumidit\u00e9 relative actuelles (%) Europe &#8211; infoclimat\u00a0\u00bb background_layout=\u00a0\u00bblight\u00a0\u00bb text_orientation=\u00a0\u00bbleft\u00a0\u00bb use_border_color=\u00a0\u00bboff\u00a0\u00bb border_color=\u00a0\u00bb#ffffff\u00a0\u00bb border_style=\u00a0\u00bbsolid\u00a0\u00bb]<\/p>\n<hr \/>\n<p><a href=\"http:\/\/tempsreel.infoclimat.net\/humidite\/europe_now.png?live-57a061a3678ad\"><img loading=\"lazy\" decoding=\"async\" class=\"aligncenter\" src=\"http:\/\/tempsreel.infoclimat.net\/humidite\/europe_now.png?live-57a061a3678ad\" width=\"828\" height=\"837\" \/><\/a>Europe : humidit\u00e9 relative actuelle (%) (source : infoclimat.fr)<\/p>\n<p>[\/et_pb_text][\/et_pb_column][\/et_pb_row][\/et_pb_section][et_pb_section admin_label=\u00a0\u00bbsection\u00a0\u00bb][et_pb_row admin_label=\u00a0\u00bbrow\u00a0\u00bb][et_pb_column type=\u00a0\u00bb4_4&Prime;][et_pb_text admin_label=\u00a0\u00bbPressions actuelles Europe &#8211; infoclimat\u00a0\u00bb background_layout=\u00a0\u00bblight\u00a0\u00bb text_orientation=\u00a0\u00bbleft\u00a0\u00bb use_border_color=\u00a0\u00bboff\u00a0\u00bb border_color=\u00a0\u00bb#ffffff\u00a0\u00bb border_style=\u00a0\u00bbsolid\u00a0\u00bb]<\/p>\n<hr \/>\n<div style=\"width: 822px\" class=\"wp-caption aligncenter\"><a href=\"http:\/\/www.infoclimat.fr\/cartes\/france\/pression.gif\"><img loading=\"lazy\" decoding=\"async\" src=\"http:\/\/www.infoclimat.fr\/cartes\/france\/pression.gif\" width=\"812\" height=\"886\" \/><\/a><p class=\"wp-caption-text\">Ouest de l&rsquo;Europe : pressions actuelles (hPa) au niveau de la mer, mise \u00e0 jour toutes les heures (infoclimat.fr)<\/p><\/div>\n<p>[\/et_pb_text][\/et_pb_column][\/et_pb_row][\/et_pb_section][et_pb_section admin_label=\u00a0\u00bbsection\u00a0\u00bb][et_pb_row admin_label=\u00a0\u00bbrow\u00a0\u00bb][et_pb_column type=\u00a0\u00bb4_4&Prime;][et_pb_text admin_label=\u00a0\u00bbVitesse moyenne et direction vents Europe &#8211; infoclimat\u00a0\u00bb background_layout=\u00a0\u00bblight\u00a0\u00bb text_orientation=\u00a0\u00bbleft\u00a0\u00bb use_border_color=\u00a0\u00bboff\u00a0\u00bb border_color=\u00a0\u00bb#ffffff\u00a0\u00bb border_style=\u00a0\u00bbsolid\u00a0\u00bb]<\/p>\n<hr \/>\n<div style=\"width: 838px\" class=\"wp-caption aligncenter\"><a href=\"http:\/\/tempsreel.infoclimat.net\/vent_moyen\/europe_now.png?live-57a05db9182d7\"><img loading=\"lazy\" decoding=\"async\" class=\"\" src=\"http:\/\/tempsreel.infoclimat.net\/vent_moyen\/europe_now.png?live-57a05db9182d7\" width=\"828\" height=\"837\" \/><\/a><p class=\"wp-caption-text\">Ouest de l&rsquo;Europe : direction des vents (\u00b0) et vitesses moyennes (km\/h), mise \u00e0 jour toutes les heures (source : infoclimat.fr)<\/p><\/div>\n<p>[\/et_pb_text][\/et_pb_column][\/et_pb_row][\/et_pb_section][et_pb_section admin_label=\u00a0\u00bbsection\u00a0\u00bb][et_pb_row admin_label=\u00a0\u00bbrow\u00a0\u00bb][et_pb_column type=\u00a0\u00bb4_4&Prime;][et_pb_text admin_label=\u00a0\u00bbOuest de l&rsquo;Europe : direction des vents (\u00b0) et rafales (km\/h) &#8211; infoclimat.fr\u00a0\u00bb background_layout=\u00a0\u00bblight\u00a0\u00bb text_orientation=\u00a0\u00bbleft\u00a0\u00bb use_border_color=\u00a0\u00bboff\u00a0\u00bb border_color=\u00a0\u00bb#ffffff\u00a0\u00bb border_style=\u00a0\u00bbsolid\u00a0\u00bb]<\/p>\n<hr \/>\n<div style=\"width: 838px\" class=\"wp-caption aligncenter\"><a href=\"http:\/\/tempsreel.infoclimat.net\/vent_rafales\/europe_now.png?live-57a05e5450a56\"><img loading=\"lazy\" decoding=\"async\" class=\"\" src=\"http:\/\/tempsreel.infoclimat.net\/vent_rafales\/europe_now.png?live-57a05e5450a56\" width=\"828\" height=\"837\" \/><\/a><p class=\"wp-caption-text\">Ventes en Europe : vitesse des rafales (km\/h) et direction (\u00b0) (source : infoclimat.fr)<\/p><\/div>\n<p>[\/et_pb_text][\/et_pb_column][\/et_pb_row][\/et_pb_section][et_pb_section admin_label=\u00a0\u00bbsection\u00a0\u00bb][et_pb_row admin_label=\u00a0\u00bbrow\u00a0\u00bb][et_pb_column type=\u00a0\u00bb4_4&Prime;][et_pb_text admin_label=\u00a0\u00bbM\u00e9t\u00e9o actuelle en Europe (hydrom\u00e9t\u00e9ores) &#8211; infoclimat.fr\u00a0\u00bb background_layout=\u00a0\u00bblight\u00a0\u00bb text_orientation=\u00a0\u00bbleft\u00a0\u00bb use_border_color=\u00a0\u00bboff\u00a0\u00bb border_color=\u00a0\u00bb#ffffff\u00a0\u00bb border_style=\u00a0\u00bbsolid\u00a0\u00bb]<\/p>\n<hr \/>\n<div style=\"width: 838px\" class=\"wp-caption aligncenter\"><a href=\"http:\/\/tempsreel.infoclimat.net\/temps_omm\/europe_now.png?live-57a05f9204973\"><img loading=\"lazy\" decoding=\"async\" class=\"\" src=\"http:\/\/tempsreel.infoclimat.net\/temps_omm\/europe_now.png?live-57a05f9204973\" width=\"828\" height=\"837\" \/><\/a><p class=\"wp-caption-text\">Temps actuel en Europe (hydrom\u00e9t\u00e9ores) (source : infoclimat.fr)<\/p><\/div>\n<p>[\/et_pb_text][\/et_pb_column][\/et_pb_row][\/et_pb_section][et_pb_section admin_label=\u00a0\u00bbsection\u00a0\u00bb][et_pb_row admin_label=\u00a0\u00bbrow\u00a0\u00bb][et_pb_column type=\u00a0\u00bb4_4&Prime;][et_pb_text admin_label=\u00a0\u00bbM\u00e9t\u00e9o actuelle en Europe (hydrom\u00e9t\u00e9ores) &#8211; wetterzentrale.de\u00a0\u00bb background_layout=\u00a0\u00bblight\u00a0\u00bb text_orientation=\u00a0\u00bbleft\u00a0\u00bb use_border_color=\u00a0\u00bboff\u00a0\u00bb border_color=\u00a0\u00bb#ffffff\u00a0\u00bb border_style=\u00a0\u00bbsolid\u00a0\u00bb]<\/p>\n<hr \/>\n<div style=\"width: 950px\" class=\"wp-caption aligncenter\"><a href=\"http:\/\/www.wetterzentrale.de\/pics\/Reurmetx.gif\"><img loading=\"lazy\" decoding=\"async\" class=\"\" src=\"http:\/\/www.wetterzentrale.de\/pics\/Reurmetx.gif\" width=\"940\" height=\"719\" \/><\/a><p class=\"wp-caption-text\">Ouest de l&rsquo;Europe : temps actuel, mise \u00e0 jour toutes les heures (source : wetterzentrale.de)<\/p><\/div>\n<p>[\/et_pb_text][\/et_pb_column][\/et_pb_row][\/et_pb_section][et_pb_section admin_label=\u00a0\u00bbsection\u00a0\u00bb][et_pb_row admin_label=\u00a0\u00bbrow\u00a0\u00bb][et_pb_column type=\u00a0\u00bb4_4&Prime;][et_pb_text admin_label=\u00a0\u00bbCouverture ciel Europe (octas) &#8211; infoclimat.fr\u00a0\u00bb background_layout=\u00a0\u00bblight\u00a0\u00bb text_orientation=\u00a0\u00bbleft\u00a0\u00bb use_border_color=\u00a0\u00bboff\u00a0\u00bb border_color=\u00a0\u00bb#ffffff\u00a0\u00bb border_style=\u00a0\u00bbsolid\u00a0\u00bb]<\/p>\n<hr \/>\n<div style=\"width: 838px\" class=\"wp-caption aligncenter\"><a href=\"http:\/\/tempsreel.infoclimat.net\/nebulosite\/europe_now.png?live-57a06005be3d5\"><img loading=\"lazy\" decoding=\"async\" class=\"\" src=\"http:\/\/tempsreel.infoclimat.net\/nebulosite\/europe_now.png?live-57a06005be3d5\" width=\"828\" height=\"837\" \/><\/a><p class=\"wp-caption-text\">Couverture du ciel (octas) en Europe (source : infoclimat)<\/p><\/div>\n<p>[\/et_pb_text][\/et_pb_column][\/et_pb_row][\/et_pb_section][et_pb_section admin_label=\u00a0\u00bbsection\u00a0\u00bb][et_pb_row admin_label=\u00a0\u00bbrow\u00a0\u00bb][et_pb_column type=\u00a0\u00bb4_4&Prime;][et_pb_text admin_label=\u00a0\u00bbEurope : cumul de pluie derni\u00e8re heure (mm) &#8211; infoclimat.fr\u00a0\u00bb background_layout=\u00a0\u00bblight\u00a0\u00bb text_orientation=\u00a0\u00bbleft\u00a0\u00bb use_border_color=\u00a0\u00bboff\u00a0\u00bb border_color=\u00a0\u00bb#ffffff\u00a0\u00bb border_style=\u00a0\u00bbsolid\u00a0\u00bb]<\/p>\n<hr \/>\n<div style=\"width: 838px\" class=\"wp-caption aligncenter\"><a href=\"http:\/\/tempsreel.infoclimat.net\/pluie_1h\/europe_now.png?live-57a0609158f5e\"><img loading=\"lazy\" decoding=\"async\" class=\"\" src=\"http:\/\/tempsreel.infoclimat.net\/pluie_1h\/europe_now.png?live-57a0609158f5e\" width=\"828\" height=\"837\" \/><\/a><p class=\"wp-caption-text\">Europe : cumule de pluie sur 1 heure (mm) (source : infoclimat)<\/p><\/div>\n<p>[\/et_pb_text][\/et_pb_column][\/et_pb_row][\/et_pb_section][et_pb_section admin_label=\u00a0\u00bbsection\u00a0\u00bb][et_pb_row admin_label=\u00a0\u00bbrow\u00a0\u00bb][et_pb_column type=\u00a0\u00bb4_4&Prime;][et_pb_text admin_label=\u00a0\u00bbEurope : cumule de pluie sur 3 heures (mm) (source : infoclimat)\u00a0\u00bb background_layout=\u00a0\u00bblight\u00a0\u00bb text_orientation=\u00a0\u00bbleft\u00a0\u00bb use_border_color=\u00a0\u00bboff\u00a0\u00bb border_color=\u00a0\u00bb#ffffff\u00a0\u00bb border_style=\u00a0\u00bbsolid\u00a0\u00bb]<\/p>\n<hr \/>\n<div style=\"width: 838px\" class=\"wp-caption aligncenter\"><a href=\"http:\/\/tempsreel.infoclimat.net\/pluie_3h\/2016\/08\/europe_02_06.png?live-57a0612ac477e\"><img loading=\"lazy\" decoding=\"async\" class=\"\" src=\"http:\/\/tempsreel.infoclimat.net\/pluie_3h\/2016\/08\/europe_02_06.png?live-57a0612ac477e\" width=\"828\" height=\"837\" \/><\/a><p class=\"wp-caption-text\">Europe : cumul de pluie sur 3 heures (mm) (source : infoclimat.fr)<\/p><\/div>\n<p>[\/et_pb_text][\/et_pb_column][\/et_pb_row][\/et_pb_section][et_pb_section admin_label=\u00a0\u00bbsection\u00a0\u00bb][et_pb_row admin_label=\u00a0\u00bbrow\u00a0\u00bb][et_pb_column type=\u00a0\u00bb4_4&Prime;][et_pb_text admin_label=\u00a0\u00bbEurope : sommes de pr\u00e9cipitations (source : meteocentre.com)\u00a0\u00bb background_layout=\u00a0\u00bblight\u00a0\u00bb text_orientation=\u00a0\u00bbleft\u00a0\u00bb use_border_color=\u00a0\u00bboff\u00a0\u00bb border_color=\u00a0\u00bb#ffffff\u00a0\u00bb border_style=\u00a0\u00bbsolid\u00a0\u00bb]<\/p>\n<hr \/>\n<div style=\"width: 716px\" class=\"wp-caption aligncenter\"><a href=\"http:\/\/meteocentre.com\/surface\/map_synop\/eur_full_synop_precip.gif\"><img loading=\"lazy\" decoding=\"async\" class=\"\" src=\"http:\/\/meteocentre.com\/surface\/map_synop\/eur_full_synop_precip.gif\" width=\"706\" height=\"573\" \/><\/a><p class=\"wp-caption-text\">Ouest de l&rsquo;Europe : pr\u00e9cipitations, mise \u00e0 jour toutes les heures (source : meteocentre.com)<\/p><\/div>\n<p style=\"text-align: center;\">En\u00a0<span style=\"color: #ff0000;\"><strong>rouge<\/strong><\/span> : mm durant les derni\u00e8res 24h<br \/>\nEn\u00a0<span style=\"color: #ff9900;\"><strong>orange<\/strong><\/span> : mm durant les derni\u00e8res 12h<br \/>\nEn\u00a0<span style=\"color: #800080;\"><strong>mauve<\/strong><\/span> : mm durant les derni\u00e8res 6h<br \/>\nEn\u00a0<span style=\"color: #339966;\"><strong>vert<\/strong><\/span> : mm durant les derni\u00e8res 3h<\/p>\n<p>[\/et_pb_text][\/et_pb_column][\/et_pb_row][\/et_pb_section][et_pb_section admin_label=\u00a0\u00bbsection\u00a0\u00bb][et_pb_row admin_label=\u00a0\u00bbrow\u00a0\u00bb][et_pb_column type=\u00a0\u00bb4_4&Prime;][et_pb_text admin_label=\u00a0\u00bbOuest de l&rsquo;Europe : synoptique (METAR) (source : meteocentre.com\u00a0\u00bb background_layout=\u00a0\u00bblight\u00a0\u00bb text_orientation=\u00a0\u00bbleft\u00a0\u00bb use_border_color=\u00a0\u00bboff\u00a0\u00bb border_color=\u00a0\u00bb#ffffff\u00a0\u00bb border_style=\u00a0\u00bbsolid\u00a0\u00bb]<\/p>\n<hr \/>\n<div style=\"width: 749px\" class=\"wp-caption aligncenter\"><a href=\"http:\/\/www.meteocentre.com\/\"><img loading=\"lazy\" decoding=\"async\" class=\"\" src=\"http:\/\/meteocentre.com\/analyse\/local\/eur.gif\" width=\"739\" height=\"576\" \/><\/a><p class=\"wp-caption-text\">Ouest de l&rsquo;Europe : synoptique (METAR), mise \u00e0 jour toutes les heures (source : meteocentre.com)<\/p><\/div>\n<p>[\/et_pb_text][\/et_pb_column][\/et_pb_row][\/et_pb_section]<\/p>\n","protected":false},"excerpt":{"rendered":"<p>[et_pb_section admin_label=\u00a0\u00bbsection\u00a0\u00bb][et_pb_row admin_label=\u00a0\u00bbrow\u00a0\u00bb][et_pb_column type=\u00a0\u00bb4_4&Prime;][et_pb_text admin_label=\u00a0\u00bbTemp\u00e9ratures actuelles Europe &#8211; infoclimat\u00a0\u00bb background_layout=\u00a0\u00bblight\u00a0\u00bb text_orientation=\u00a0\u00bbleft\u00a0\u00bb use_border_color=\u00a0\u00bboff\u00a0\u00bb border_color=\u00a0\u00bb#ffffff\u00a0\u00bb border_style=\u00a0\u00bbsolid\u00a0\u00bb] Donn\u00e9es m\u00e9t\u00e9o actuelles en Europe Ici, vous trouvez les observations actuelles (temp\u00e9ratures, vents, pr\u00e9cipitations, etc) fournies par\u00a0Infoclimat.com et Meteocentre.com. Ces donn\u00e9es sont automatiquement mises \u00e0 jour (24h sur 24) \u00e0 chaque rafra\u00eechissement de la page Internet. Pour atteindre les pages en [&hellip;]<\/p>\n","protected":false},"author":1,"featured_media":0,"parent":63,"menu_order":12,"comment_status":"closed","ping_status":"closed","template":"","meta":{"_et_pb_use_builder":"on","_et_pb_old_content":"","_et_gb_content_width":"","footnotes":""},"class_list":["post-209","page","type-page","status-publish","hentry"],"_links":{"self":[{"href":"https:\/\/test.philippe-durussel.info\/index.php?rest_route=\/wp\/v2\/pages\/209"}],"collection":[{"href":"https:\/\/test.philippe-durussel.info\/index.php?rest_route=\/wp\/v2\/pages"}],"about":[{"href":"https:\/\/test.philippe-durussel.info\/index.php?rest_route=\/wp\/v2\/types\/page"}],"author":[{"embeddable":true,"href":"https:\/\/test.philippe-durussel.info\/index.php?rest_route=\/wp\/v2\/users\/1"}],"replies":[{"embeddable":true,"href":"https:\/\/test.philippe-durussel.info\/index.php?rest_route=%2Fwp%2Fv2%2Fcomments&post=209"}],"version-history":[{"count":8,"href":"https:\/\/test.philippe-durussel.info\/index.php?rest_route=\/wp\/v2\/pages\/209\/revisions"}],"predecessor-version":[{"id":464,"href":"https:\/\/test.philippe-durussel.info\/index.php?rest_route=\/wp\/v2\/pages\/209\/revisions\/464"}],"up":[{"embeddable":true,"href":"https:\/\/test.philippe-durussel.info\/index.php?rest_route=\/wp\/v2\/pages\/63"}],"wp:attachment":[{"href":"https:\/\/test.philippe-durussel.info\/index.php?rest_route=%2Fwp%2Fv2%2Fmedia&parent=209"}],"curies":[{"name":"wp","href":"https:\/\/api.w.org\/{rel}","templated":true}]}}