{"id":207,"date":"2016-07-23T17:02:22","date_gmt":"2016-07-23T17:02:22","guid":{"rendered":"http:\/\/test.philippe-durussel.info\/?page_id=207"},"modified":"2016-08-08T08:39:45","modified_gmt":"2016-08-08T08:39:45","slug":"donnees-meteo-actuelles-en-suisse","status":"publish","type":"page","link":"https:\/\/test.philippe-durussel.info\/?page_id=207","title":{"rendered":"M\u00e9t\u00e9o en Suisse"},"content":{"rendered":"<p>[et_pb_section admin_label=\u00a0\u00bbsection\u00a0\u00bb][et_pb_row admin_label=\u00a0\u00bbrow\u00a0\u00bb][et_pb_column type=\u00a0\u00bb4_4&Prime;][et_pb_text admin_label=\u00a0\u00bbConditions direct Suisse &#8211; Metar &#8211; Meteocentre\u00a0\u00bb background_layout=\u00a0\u00bblight\u00a0\u00bb text_orientation=\u00a0\u00bbleft\u00a0\u00bb use_border_color=\u00a0\u00bboff\u00a0\u00bb border_color=\u00a0\u00bb#ffffff\u00a0\u00bb border_style=\u00a0\u00bbsolid\u00a0\u00bb]<\/p>\n<p><strong>Donn\u00e9es m\u00e9t\u00e9o actuelles en Suisse<\/strong><\/p>\n<p style=\"text-align: justify;\">Ici, vous trouvez les observations actuelles (temp\u00e9ratures, vents, pr\u00e9cipitations, etc) fournies par M\u00e9t\u00e9oSuisse et Romandie.com.<br \/>\nCes donn\u00e9es sont automatiquement mises \u00e0 jour (24h sur 24) \u00e0 chaque rafra\u00eechissement de la page Internet.<\/p>\n<p>Pour atteindre les pages en grand format ou les sources des documents, vous pouvez cliquer sur chaque image et une nouvelle fen\u00eatre s&rsquo;ouvrira.<\/p>\n<hr \/>\n<div style=\"width: 544px\" class=\"wp-caption aligncenter\"><a href=\"http:\/\/meteocentre.com\/analyse\/local\/\"><img loading=\"lazy\" decoding=\"async\" class=\"\" src=\"http:\/\/meteocentre.com\/analyse\/local\/alpes.gif\" width=\"534\" height=\"577\" \/><\/a><p class=\"wp-caption-text\">Situation synoptique (METAR) : r\u00e9gion des Alpes, heure pr\u00e9c\u00e9dente<\/p><\/div>\n<p>[\/et_pb_text][\/et_pb_column][\/et_pb_row][\/et_pb_section][et_pb_section admin_label=\u00a0\u00bbSection\u00a0\u00bb fullwidth=\u00a0\u00bboff\u00a0\u00bb specialty=\u00a0\u00bboff\u00a0\u00bb][et_pb_row admin_label=\u00a0\u00bbLigne\u00a0\u00bb][et_pb_column type=\u00a0\u00bb4_4&Prime;][et_pb_text admin_label=\u00a0\u00bbTemp\u00e9rature actuelle au sol en Suisse -infoclimat.fr\u00a0\u00bb background_layout=\u00a0\u00bblight\u00a0\u00bb text_orientation=\u00a0\u00bbleft\u00a0\u00bb use_border_color=\u00a0\u00bboff\u00a0\u00bb border_color=\u00a0\u00bb#ffffff\u00a0\u00bb border_style=\u00a0\u00bbsolid\u00a0\u00bb]<\/p>\n<hr \/>\n<div style=\"width: 821px\" class=\"wp-caption aligncenter\"><a href=\"http:\/\/tempsreel.infoclimat.net\/temperature\/suisse_now.png?live-57a058d19c3d0\"><img loading=\"lazy\" decoding=\"async\" class=\"\" src=\"http:\/\/tempsreel.infoclimat.net\/temperature\/suisse_now.png?live-57a058d19c3d0\" width=\"811\" height=\"599\" \/><\/a><p class=\"wp-caption-text\">Temp\u00e9rature actuelle au sol en Suisse (source : infoclimat.fr)<\/p><\/div>\n<p>[\/et_pb_text][\/et_pb_column][\/et_pb_row][\/et_pb_section][et_pb_section admin_label=\u00a0\u00bbSection\u00a0\u00bb fullwidth=\u00a0\u00bboff\u00a0\u00bb specialty=\u00a0\u00bboff\u00a0\u00bb][et_pb_row admin_label=\u00a0\u00bbLigne\u00a0\u00bb][et_pb_column type=\u00a0\u00bb4_4&Prime;][et_pb_text admin_label=\u00a0\u00bbPluie derni\u00e8re heure en Suisse -infoclimat.fr\u00a0\u00bb background_layout=\u00a0\u00bblight\u00a0\u00bb text_orientation=\u00a0\u00bbleft\u00a0\u00bb use_border_color=\u00a0\u00bboff\u00a0\u00bb border_color=\u00a0\u00bb#ffffff\u00a0\u00bb border_style=\u00a0\u00bbsolid\u00a0\u00bb]<\/p>\n<hr \/>\n<div style=\"width: 821px\" class=\"wp-caption aligncenter\"><a href=\"http:\/\/tempsreel.infoclimat.net\/pluie_1h\/suisse_now.png?live-57a05b2db9792\"><img loading=\"lazy\" decoding=\"async\" class=\"\" src=\"http:\/\/tempsreel.infoclimat.net\/pluie_1h\/suisse_now.png?live-57a05b2db9792\" width=\"811\" height=\"599\" \/><\/a><p class=\"wp-caption-text\">Pluie durant la derni\u00e8re heure (mm) (source : infoclimat.fr)<\/p><\/div>\n<p>[\/et_pb_text][\/et_pb_column][\/et_pb_row][\/et_pb_section][et_pb_section admin_label=\u00a0\u00bbSection\u00a0\u00bb fullwidth=\u00a0\u00bboff\u00a0\u00bb specialty=\u00a0\u00bboff\u00a0\u00bb][et_pb_row admin_label=\u00a0\u00bbLigne\u00a0\u00bb][et_pb_column type=\u00a0\u00bb4_4&Prime;][et_pb_text admin_label=\u00a0\u00bbPluie 3 derni\u00e8res heures en Suisse -infoclimat.fr\u00a0\u00bb background_layout=\u00a0\u00bblight\u00a0\u00bb text_orientation=\u00a0\u00bbleft\u00a0\u00bb use_border_color=\u00a0\u00bboff\u00a0\u00bb border_color=\u00a0\u00bb#ffffff\u00a0\u00bb border_style=\u00a0\u00bbsolid\u00a0\u00bb]<\/p>\n<hr \/>\n<div style=\"width: 821px\" class=\"wp-caption aligncenter\"><a href=\"http:\/\/tempsreel.infoclimat.net\/pluie_3h\/2016\/08\/suisse_02_06.png?live-57a05bc21129e\"><img loading=\"lazy\" decoding=\"async\" class=\"\" src=\"http:\/\/tempsreel.infoclimat.net\/pluie_3h\/2016\/08\/suisse_02_06.png?live-57a05bc21129e\" width=\"811\" height=\"599\" \/><\/a><p class=\"wp-caption-text\">Pluie durant les 3 derni\u00e8res heures (mm) (source : infoclimat.fr)<\/p><\/div>\n<p>[\/et_pb_text][\/et_pb_column][\/et_pb_row][\/et_pb_section][et_pb_section admin_label=\u00a0\u00bbSection\u00a0\u00bb fullwidth=\u00a0\u00bboff\u00a0\u00bb specialty=\u00a0\u00bboff\u00a0\u00bb][et_pb_row admin_label=\u00a0\u00bbLigne\u00a0\u00bb][et_pb_column type=\u00a0\u00bb4_4&Prime;][et_pb_text admin_label=\u00a0\u00bbHumidit\u00e9 relative au sol en Suisse. Source : infoclimat.fr\u00a0\u00bb background_layout=\u00a0\u00bblight\u00a0\u00bb text_orientation=\u00a0\u00bbleft\u00a0\u00bb use_border_color=\u00a0\u00bboff\u00a0\u00bb border_color=\u00a0\u00bb#ffffff\u00a0\u00bb border_style=\u00a0\u00bbsolid\u00a0\u00bb]<\/p>\n<hr \/>\n<div style=\"width: 821px\" class=\"wp-caption aligncenter\"><a href=\"http:\/\/tempsreel.infoclimat.net\/humidite\/suisse_now.png?live-57a05977b095b\"><img loading=\"lazy\" decoding=\"async\" class=\"\" src=\"http:\/\/tempsreel.infoclimat.net\/humidite\/suisse_now.png?live-57a05977b095b\" width=\"811\" height=\"599\" \/><\/a><p class=\"wp-caption-text\">Humidit\u00e9 relative au sol en Suisse (source : infoclimat.fr)<\/p><\/div>\n<p>[\/et_pb_text][\/et_pb_column][\/et_pb_row][\/et_pb_section][et_pb_section admin_label=\u00a0\u00bbSection\u00a0\u00bb fullwidth=\u00a0\u00bboff\u00a0\u00bb specialty=\u00a0\u00bboff\u00a0\u00bb][et_pb_row admin_label=\u00a0\u00bbLigne\u00a0\u00bb][et_pb_column type=\u00a0\u00bb4_4&Prime;][et_pb_text admin_label=\u00a0\u00bbTemp\u00e9rature actuelle romandie\u00a0\u00bb background_layout=\u00a0\u00bblight\u00a0\u00bb text_orientation=\u00a0\u00bbleft\u00a0\u00bb use_border_color=\u00a0\u00bboff\u00a0\u00bb border_color=\u00a0\u00bb#ffffff\u00a0\u00bb border_style=\u00a0\u00bbsolid\u00a0\u00bb]<\/p>\n<hr \/>\n<div style=\"width: 810px\" class=\"wp-caption aligncenter\"><a href=\"http:\/\/st.romandie.com\/meteo\/sources\/meteonews\/meteo\/obs\/temp.jpg?58300\"><img loading=\"lazy\" decoding=\"async\" class=\"\" src=\"http:\/\/st.romandie.com\/meteo\/sources\/meteonews\/meteo\/obs\/temp.jpg?58300\" width=\"800\" height=\"535\" \/><\/a><p class=\"wp-caption-text\">Temp\u00e9ratures actuelles en Suisse romande. Source : romandie.com<\/p><\/div>\n<p>[\/et_pb_text][\/et_pb_column][\/et_pb_row][\/et_pb_section][et_pb_section admin_label=\u00a0\u00bbSection\u00a0\u00bb fullwidth=\u00a0\u00bboff\u00a0\u00bb specialty=\u00a0\u00bboff\u00a0\u00bb][et_pb_row admin_label=\u00a0\u00bbLigne\u00a0\u00bb][et_pb_column type=\u00a0\u00bb4_4&Prime;][et_pb_text admin_label=\u00a0\u00bbVitesse moyenne vent romandie\u00a0\u00bb background_layout=\u00a0\u00bblight\u00a0\u00bb text_orientation=\u00a0\u00bbleft\u00a0\u00bb use_border_color=\u00a0\u00bboff\u00a0\u00bb border_color=\u00a0\u00bb#ffffff\u00a0\u00bb border_style=\u00a0\u00bbsolid\u00a0\u00bb]<\/p>\n<hr \/>\n<div style=\"width: 810px\" class=\"wp-caption aligncenter\"><a href=\"http:\/\/st.romandie.com\/meteo\/sources\/meteonews\/meteo\/obs\/wind.jpg?38195\"><img loading=\"lazy\" decoding=\"async\" class=\"\" src=\"http:\/\/st.romandie.com\/meteo\/sources\/meteonews\/meteo\/obs\/wind.jpg?38195\" width=\"800\" height=\"535\" \/><\/a><p class=\"wp-caption-text\">Vitesse moyenne du vent en Suisse romande. Source : romandie.com<\/p><\/div>\n<p>[\/et_pb_text][\/et_pb_column][\/et_pb_row][\/et_pb_section][et_pb_section admin_label=\u00a0\u00bbSection\u00a0\u00bb fullwidth=\u00a0\u00bboff\u00a0\u00bb specialty=\u00a0\u00bboff\u00a0\u00bb][et_pb_row admin_label=\u00a0\u00bbLigne\u00a0\u00bb][et_pb_column type=\u00a0\u00bb4_4&Prime;][et_pb_text admin_label=\u00a0\u00bbHumidit\u00e9 relative romandie\u00a0\u00bb background_layout=\u00a0\u00bblight\u00a0\u00bb text_orientation=\u00a0\u00bbleft\u00a0\u00bb use_border_color=\u00a0\u00bboff\u00a0\u00bb border_color=\u00a0\u00bb#ffffff\u00a0\u00bb border_style=\u00a0\u00bbsolid\u00a0\u00bb]<\/p>\n<hr \/>\n<div style=\"width: 810px\" class=\"wp-caption aligncenter\"><a href=\"http:\/\/st2.romandie.com\/meteo\/sources\/meteonews\/meteo\/obs\/relhum.jpg?27996\"><img loading=\"lazy\" decoding=\"async\" class=\"\" src=\"http:\/\/st2.romandie.com\/meteo\/sources\/meteonews\/meteo\/obs\/relhum.jpg?27996\" width=\"800\" height=\"535\" \/><\/a><p class=\"wp-caption-text\">Humidit\u00e9 relative actuelle (en %) en Suisse romande. Source : romandie.com<\/p><\/div>\n<p>[\/et_pb_text][\/et_pb_column][\/et_pb_row][\/et_pb_section]<\/p>\n","protected":false},"excerpt":{"rendered":"<p>[et_pb_section admin_label=\u00a0\u00bbsection\u00a0\u00bb][et_pb_row admin_label=\u00a0\u00bbrow\u00a0\u00bb][et_pb_column type=\u00a0\u00bb4_4&Prime;][et_pb_text admin_label=\u00a0\u00bbConditions direct Suisse &#8211; Metar &#8211; Meteocentre\u00a0\u00bb background_layout=\u00a0\u00bblight\u00a0\u00bb text_orientation=\u00a0\u00bbleft\u00a0\u00bb use_border_color=\u00a0\u00bboff\u00a0\u00bb border_color=\u00a0\u00bb#ffffff\u00a0\u00bb border_style=\u00a0\u00bbsolid\u00a0\u00bb] Donn\u00e9es m\u00e9t\u00e9o actuelles en Suisse Ici, vous trouvez les observations actuelles (temp\u00e9ratures, vents, pr\u00e9cipitations, etc) fournies par M\u00e9t\u00e9oSuisse et Romandie.com. Ces donn\u00e9es sont automatiquement mises \u00e0 jour (24h sur 24) \u00e0 chaque rafra\u00eechissement de la page Internet. Pour atteindre [&hellip;]<\/p>\n","protected":false},"author":1,"featured_media":0,"parent":63,"menu_order":11,"comment_status":"closed","ping_status":"closed","template":"","meta":{"_et_pb_use_builder":"on","_et_pb_old_content":"","_et_gb_content_width":"","footnotes":""},"class_list":["post-207","page","type-page","status-publish","hentry"],"_links":{"self":[{"href":"https:\/\/test.philippe-durussel.info\/index.php?rest_route=\/wp\/v2\/pages\/207"}],"collection":[{"href":"https:\/\/test.philippe-durussel.info\/index.php?rest_route=\/wp\/v2\/pages"}],"about":[{"href":"https:\/\/test.philippe-durussel.info\/index.php?rest_route=\/wp\/v2\/types\/page"}],"author":[{"embeddable":true,"href":"https:\/\/test.philippe-durussel.info\/index.php?rest_route=\/wp\/v2\/users\/1"}],"replies":[{"embeddable":true,"href":"https:\/\/test.philippe-durussel.info\/index.php?rest_route=%2Fwp%2Fv2%2Fcomments&post=207"}],"version-history":[{"count":6,"href":"https:\/\/test.philippe-durussel.info\/index.php?rest_route=\/wp\/v2\/pages\/207\/revisions"}],"predecessor-version":[{"id":463,"href":"https:\/\/test.philippe-durussel.info\/index.php?rest_route=\/wp\/v2\/pages\/207\/revisions\/463"}],"up":[{"embeddable":true,"href":"https:\/\/test.philippe-durussel.info\/index.php?rest_route=\/wp\/v2\/pages\/63"}],"wp:attachment":[{"href":"https:\/\/test.philippe-durussel.info\/index.php?rest_route=%2Fwp%2Fv2%2Fmedia&parent=207"}],"curies":[{"name":"wp","href":"https:\/\/api.w.org\/{rel}","templated":true}]}}