{"id":205,"date":"2016-07-23T17:01:51","date_gmt":"2016-07-23T17:01:51","guid":{"rendered":"http:\/\/test.philippe-durussel.info\/?page_id=205"},"modified":"2016-08-15T09:13:11","modified_gmt":"2016-08-15T09:13:11","slug":"orages-et-foudre","status":"publish","type":"page","link":"https:\/\/test.philippe-durussel.info\/?page_id=205","title":{"rendered":"Orages et foudre"},"content":{"rendered":"<p>[et_pb_section admin_label=\u00a0\u00bbsection\u00a0\u00bb][et_pb_row admin_label=\u00a0\u00bbrow\u00a0\u00bb][et_pb_column type=\u00a0\u00bb4_4&Prime;][et_pb_text admin_label=\u00a0\u00bbCartes impacts foudre Suisse &#8211; Europe &#8211; monde\u00a0\u00bb background_layout=\u00a0\u00bblight\u00a0\u00bb text_orientation=\u00a0\u00bbleft\u00a0\u00bb use_border_color=\u00a0\u00bboff\u00a0\u00bb border_color=\u00a0\u00bb#ffffff\u00a0\u00bb border_style=\u00a0\u00bbsolid\u00a0\u00bb]<\/p>\n<p style=\"text-align: justify;\">Depuis cette page vous acc\u00e9dez \u00e0 notre site consacr\u00e9 \u00e0 la mesure et \u00e0 la d\u00e9tection des impacts de foudre locaux, \u00e0 l&rsquo;\u00e9chelle de la Suisse et \u00e0 l&rsquo;\u00e9chelle de toute l&rsquo;Europe et du nord de l&rsquo;Afrique.<\/p>\n<p style=\"text-align: justify;\">Vous pouvez aussi consulter toutes les archives de foudroyement depuis le 21 avril 2012, visualiser les animations du foudroiement en Suisse et en Europe. N&rsquo;h\u00e9sitez pas \u00e0 d\u00e9couvrir et \u00e0 utiliser ces donn\u00e9es !<\/p>\n<p style=\"text-align: justify;\">Ces informations sont mises \u00e0 jour 24 heures sur 24, toutes les 1 \u00e0 15 minutes selon le type de donn\u00e9es (impacts en temps r\u00e9el, donn\u00e9es statistiques de la stations, etc.).<\/p>\n<p style=\"text-align: justify;\">La pr\u00e9cision des donn\u00e9es affich\u00e9es est excellente, voire m\u00eame \u00e9gale aux organismes de mesures officiels (Blids.de, Meteorage.fr), mais ces donn\u00e9es sont fournies sans garanties et nous n&rsquo;assumerons aucune responsabilit\u00e9 au cas o\u00f9 vous utiliseriez les informations de cette page pour la protection des biens et des gens.<\/p>\n<p style=\"text-align: justify;\">La station m\u00e9t\u00e9o de Leysin (chalet Sybil) fait partie du r\u00e9seau \u00ab\u00a0Blitzortung\u00a0\u00bb en transmettant et en mesurant les impacts de foudre qui ont lieu dans un rayon de 3000 kilom\u00e8tres autour de Leysin.\u00a0Un r\u00e9cepteur et une antenne sp\u00e9cialement construits pour ce r\u00e9seau de d\u00e9tection captent les ondes \u00e9lectromagn\u00e9tiques (m\u00eame principe de fonctionnement qu&rsquo;un poste de radio \u00e0 ondes longues ou moyennes). Les donn\u00e9s re\u00e7ues sous forme d&rsquo;ondes \u00e9lectromagn\u00e9tiques sont ensuites trait\u00e9es par un logiciel de d\u00e9tection qui fonctionne en permanence\u00a0sur \u00e0 notre micro-PC (qui retransmet et calcule\u00a0en m\u00eame temps\u00a0toutes les autres donn\u00e9es m\u00e9t\u00e9o du site). Les donn\u00e9es ainsi\u00a0calcul\u00e9es sont ensuite transmises par Internet au r\u00e9seau Blitzortung qui mets \u00e0 disposition en retour la position et le nombre d&rsquo;impacts de foudres d\u00e9tect\u00e9s (au niveau de leur position par exemple)\u00a0par l&rsquo;ensemble du r\u00e9seau. Si vous voulez en savoir plus ou rejoindre le r\u00e9seau de d\u00e9tection, vous pouvez <a href=\"http:\/\/www.blitzortung.de\/\" target=\"_blank\" charset=\"larger\"><span style=\"color: #810081;\">cliquer sur ce lien<\/span><\/a>.<\/p>\n<hr \/>\n<p>[\/et_pb_text][et_pb_text admin_label=\u00a0\u00bbR\u00e9seau Blitzortung &#8211; foudre Europe\u00a0\u00bb background_layout=\u00a0\u00bblight\u00a0\u00bb text_orientation=\u00a0\u00bbleft\u00a0\u00bb use_border_color=\u00a0\u00bboff\u00a0\u00bb border_color=\u00a0\u00bb#ffffff\u00a0\u00bb border_style=\u00a0\u00bbsolid\u00a0\u00bb]<\/p>\n<p style=\"text-align: justify;\">Cette page vous donne un \u00e9tat un temps r\u00e9el du foudroiement en Europe. Ces informations proviennent du r\u00e9seau de d\u00e9tection Blitzortung dont notre station m\u00e9t\u00e9o fait partie.\u00a0Il faudra r\u00e9guli\u00e8rement rafra\u00eechir les donn\u00e9es de votre navigateur si cela ne se fait pas automatiquement.<\/p>\n<p style=\"text-align: center;\">\n<!-- iframe plugin v.5.1 wordpress.org\/plugins\/iframe\/ -->\n<iframe loading=\"lazy\" src=\"http:\/\/images.blitzortung.org\/Images\/image_b_eu.png?t=24501226&#038;quot;);%20background-size:%20100%;\" width=\"925\" height=\"925\" scrolling=\"auto\" 0 1=\"class=&quot;tag&quot;&gt;&lt;meta&lt;\/span&gt;\" 2 3 4 5=\"class=&quot;atv&quot;&gt;\u201drefresh\u201d&lt;\/span&gt;\" 6 7 8 9=\"class=&quot;atv&quot;&gt;\u201d60&quot;\" 10=\"\/&gt;&lt;\/span&gt;&quot;\" class=\"iframe-class\" frameborder=\"0\"><\/iframe>\n [\/et_pb_text][\/et_pb_column][\/et_pb_row][\/et_pb_section][et_pb_section admin_label=\u00a0\u00bbSection\u00a0\u00bb fullwidth=\u00a0\u00bboff\u00a0\u00bb specialty=\u00a0\u00bboff\u00a0\u00bb][et_pb_row admin_label=\u00a0\u00bbLigne\u00a0\u00bb][et_pb_column type=\u00a0\u00bb4_4&Prime;][et_pb_text admin_label=\u00a0\u00bbCarte impact foudre Monde &#8211; Blitzortung\u00a0\u00bb background_layout=\u00a0\u00bblight\u00a0\u00bb text_orientation=\u00a0\u00bbleft\u00a0\u00bb use_border_color=\u00a0\u00bboff\u00a0\u00bb border_color=\u00a0\u00bb#ffffff\u00a0\u00bb border_style=\u00a0\u00bbsolid\u00a0\u00bb]<\/p>\n<hr \/>\n<p style=\"text-align: justify;\">Cette page vous donne un \u00e9tat un temps r\u00e9el du foudroiement de la surface de la Terre. Ces informations proviennent du r\u00e9seau de d\u00e9tection Blitzortung dont notre station m\u00e9t\u00e9o fait partie. Plusieurs\u00a0zones du globe ne sont pas encore couvertes par les d\u00e9tecteurs (Afrique et Am\u00e9rique du sud en particulier).\u00a0Il faudra r\u00e9guli\u00e8rement rafra\u00eechir les donn\u00e9es de votre navigateur si cela ne se fait pas automatiquement.<\/p>\n<p style=\"text-align: center;\">\n<!-- iframe plugin v.5.1 wordpress.org\/plugins\/iframe\/ -->\n<iframe loading=\"lazy\" src=\"http:\/\/images.blitzortung.org\/Images\/image_b_earth.png?t=24502049&#038;quot;);%20background-size:%20100%;\" width=\"925\" height=\"678\" scrolling=\"auto\" 0 1=\"class=&quot;tag&quot;&gt;&lt;meta&lt;\/span&gt;\" 2 3 4 5=\"class=&quot;atv&quot;&gt;\u201drefresh\u201d&lt;\/span&gt;\" 6 7 8 9=\"class=&quot;atv&quot;&gt;\u201d60&quot;\" 10=\"\/&gt;&lt;\/span&gt;&quot;\" class=\"iframe-class\" frameborder=\"0\"><\/iframe>\n<\/p>\n<p style=\"text-align: center;\">[\/et_pb_text][\/et_pb_column][\/et_pb_row][\/et_pb_section][et_pb_section admin_label=\u00a0\u00bbSection\u00a0\u00bb fullwidth=\u00a0\u00bboff\u00a0\u00bb specialty=\u00a0\u00bboff\u00a0\u00bb][et_pb_row admin_label=\u00a0\u00bbLigne\u00a0\u00bb][et_pb_column type=\u00a0\u00bb4_4&Prime;][et_pb_text admin_label=\u00a0\u00bbBlids.de &#8211; impacts foudre Suisse et France &#8211; derni\u00e8re heure\u00a0\u00bb background_layout=\u00a0\u00bblight\u00a0\u00bb text_orientation=\u00a0\u00bbleft\u00a0\u00bb use_border_color=\u00a0\u00bboff\u00a0\u00bb border_color=\u00a0\u00bb#ffffff\u00a0\u00bb border_style=\u00a0\u00bbsolid\u00a0\u00bb]<\/p>\n<hr \/>\n<p><strong>CARTES DE FOUDROIEMENT ET\u00a0ANIMATION \u00ab\u00a0FOUDRE\u00a0\u00bb EN TEMPS R\u00c9EL<\/strong><\/p>\n<p>Ces donn\u00e9es sont issues d&rsquo;autres sources que le r\u00e9seau Blitzortung (Blids.de et Infoclimat).<\/p>\n<p style=\"text-align: center;\"><a href=\"http:\/\/www.wetterzentrale.de\/topkarten\/fsbeobl.html\"><img loading=\"lazy\" decoding=\"async\" class=\"aligncenter\" src=\"http:\/\/www.wetterzentrale.de\/pics\/blids_schweiz.jpg\" width=\"500\" height=\"300\" \/><\/a>Nombre d&rsquo;impacts de foudre, animation des 2 derni\u00e8res heures, source : blids.de<\/p>\n<div style=\"width: 827px\" class=\"wp-caption aligncenter\"><a href=\"http:\/\/www.infoclimat.fr\/cartes\/foudre.php?q=imgfrancedens\"><img loading=\"lazy\" decoding=\"async\" class=\"\" src=\"http:\/\/meteocentre.com\/lightning\/eurfr_freq_zeus_large.gif\" width=\"817\" height=\"785\" \/><\/a><p class=\"wp-caption-text\">Nombre d&rsquo;impacts de foudre, somme des 30 derni\u00e8res minutes Source : meteocentre.com<\/p><\/div>\n<p style=\"text-align: center;\">[\/et_pb_text][\/et_pb_column][\/et_pb_row][\/et_pb_section][et_pb_section admin_label=\u00a0\u00bbSection\u00a0\u00bb fullwidth=\u00a0\u00bboff\u00a0\u00bb specialty=\u00a0\u00bboff\u00a0\u00bb][et_pb_row admin_label=\u00a0\u00bbLigne\u00a0\u00bb][et_pb_column type=\u00a0\u00bb4_4&Prime;][et_pb_text admin_label=\u00a0\u00bbFrance &#8211; intensit\u00e9 foudroiement 30 derni\u00e8res minutes\u00a0\u00bb background_layout=\u00a0\u00bblight\u00a0\u00bb text_orientation=\u00a0\u00bbleft\u00a0\u00bb use_border_color=\u00a0\u00bboff\u00a0\u00bb border_color=\u00a0\u00bb#ffffff\u00a0\u00bb border_style=\u00a0\u00bbsolid\u00a0\u00bb]<\/p>\n<hr \/>\n<div style=\"width: 827px\" class=\"wp-caption aligncenter\"><a href=\"http:\/\/www.infoclimat.fr\/cartes\/foudre.php?q=imgfrance\"><img loading=\"lazy\" decoding=\"async\" class=\"\" src=\"http:\/\/meteocentre.com\/lightning\/eurfr_zeus_large.gif\" width=\"817\" height=\"785\" \/><\/a><p class=\"wp-caption-text\">Intensit\u00e9 du foudroiement durant les 30 derni\u00e8res minutes Source : meteocentre.com<\/p><\/div>\n<p style=\"text-align: center;\">[\/et_pb_text][\/et_pb_column][\/et_pb_row][\/et_pb_section][et_pb_section admin_label=\u00a0\u00bbSection\u00a0\u00bb fullwidth=\u00a0\u00bboff\u00a0\u00bb specialty=\u00a0\u00bboff\u00a0\u00bb][et_pb_row admin_label=\u00a0\u00bbLigne\u00a0\u00bb][et_pb_column type=\u00a0\u00bb4_4&Prime;][et_pb_text admin_label=\u00a0\u00bbFrance &#8211; Intensit\u00e9 du foudroiement, animation des 12 derni\u00e8res heures\u00a0\u00bb background_layout=\u00a0\u00bblight\u00a0\u00bb text_orientation=\u00a0\u00bbleft\u00a0\u00bb use_border_color=\u00a0\u00bboff\u00a0\u00bb border_color=\u00a0\u00bb#ffffff\u00a0\u00bb border_style=\u00a0\u00bbsolid\u00a0\u00bb]<\/p>\n<hr \/>\n<div style=\"width: 595px\" class=\"wp-caption aligncenter\"><a href=\"http:\/\/meteocentre.com\/lightning\/map_sfuk.php?date=0&amp;lang=fr&amp;data=zeus&amp;type=strikes&amp;size=standard&amp;map=AFrance\"><img loading=\"lazy\" decoding=\"async\" class=\"\" src=\"http:\/\/meteocentre.com\/lightning\/eurfr_zeus_anim.gif\" width=\"585\" height=\"562\" \/><\/a><p class=\"wp-caption-text\">France : Intensit\u00e9 du foudroiement, animation des 12 derni\u00e8res heures Source : meteocentre.com<\/p><\/div>\n<p style=\"text-align: center;\">[\/et_pb_text][\/et_pb_column][\/et_pb_row][\/et_pb_section][et_pb_section admin_label=\u00a0\u00bbSection\u00a0\u00bb fullwidth=\u00a0\u00bboff\u00a0\u00bb specialty=\u00a0\u00bboff\u00a0\u00bb][et_pb_row admin_label=\u00a0\u00bbLigne\u00a0\u00bb][et_pb_column type=\u00a0\u00bb4_4&Prime;][et_pb_text admin_label=\u00a0\u00bbEurope : densit\u00e9 foudre animation des 12 derni\u00e8res heures Source : meteocentre.com\u00a0\u00bb background_layout=\u00a0\u00bblight\u00a0\u00bb text_orientation=\u00a0\u00bbleft\u00a0\u00bb use_border_color=\u00a0\u00bboff\u00a0\u00bb border_color=\u00a0\u00bb#ffffff\u00a0\u00bb border_style=\u00a0\u00bbsolid\u00a0\u00bb]<\/p>\n<hr \/>\n<div style=\"width: 754px\" class=\"wp-caption aligncenter\"><a href=\"http:\/\/meteocentre.com\/lightning\/map_sfuk.php?date=0&amp;lang=fr&amp;data=zeus&amp;type=strikes&amp;size=standard&amp;map=AEurope\"><img loading=\"lazy\" decoding=\"async\" src=\"http:\/\/meteocentre.com\/lightning\/eur_zeus_anim.gif\" width=\"744\" height=\"571\" \/><\/a><p class=\"wp-caption-text\">Europe : Intensit\u00e9 du foudroiement, animation des 12 derni\u00e8res heures Source : meteocentre.com<\/p><\/div>\n<p style=\"text-align: center;\">[\/et_pb_text][\/et_pb_column][\/et_pb_row][\/et_pb_section][et_pb_section admin_label=\u00a0\u00bbSection\u00a0\u00bb fullwidth=\u00a0\u00bboff\u00a0\u00bb specialty=\u00a0\u00bboff\u00a0\u00bb][et_pb_row admin_label=\u00a0\u00bbLigne\u00a0\u00bb][et_pb_column type=\u00a0\u00bb4_4&Prime;][et_pb_text admin_label=\u00a0\u00bbIframe- Blitzortung Leysin\u00a0\u00bb background_layout=\u00a0\u00bblight\u00a0\u00bb text_orientation=\u00a0\u00bbleft\u00a0\u00bb use_border_color=\u00a0\u00bboff\u00a0\u00bb border_color=\u00a0\u00bb#ffffff\u00a0\u00bb border_style=\u00a0\u00bbsolid\u00a0\u00bb]<\/p>\n<hr \/>\n<p style=\"text-align: justify;\"><strong>CARTES DE FOUDROIEMENT ET ANIMATION \u00ab\u00a0FOUDRE\u00a0\u00bb EN DIRECT DE LEYSIN : donn\u00e9es de notre\u00a0station du chalet\u00a0Sybil<\/strong><\/p>\n<p>Les donn\u00e9es de foudroiement\u00a0en direct de notre station de Leysin (chalet Sybil) c&rsquo;est ci-dessous ! Pour une mise \u00e0 jour automatique des donn\u00e9es, cochez la case correspondante et tout devrait fonctionner correctement.<\/p>\n<p>Pour des informations plus d\u00e9taill\u00e9es : archives du foudroyement sous forme d&rsquo;animations, d&rsquo;images fixes ou\u00a0de valeurs num\u00e9riques, des statistiques et plus\u00a0encore\u00a0&#8230; vous pouvez <a href=\"http:\/\/www.philippe-durussel.info\/page48.php\" target=\"_blank\" charset=\"larger\"><span style=\"color: #810081;\">cliquer sur ce lien<\/span><\/a> pour atteindre la page correspondante.<\/p>\n<p>Si vous voulez acc\u00e9der \u00e0 ces informations en \u00ab\u00a0format plein \u00e9cran\u00a0\u00bb, vous pouvez <a href=\"http:\/\/www.philippe-durussel.info\/blitz\/index.php\" target=\"_blank\" charset=\"larger\"><span style=\"color: #810081;\">cliquer sur ce lien<\/span><\/a> et une nouvelle fen\u00eatre s&rsquo;ouvrira (il faudra peut-\u00eatre d\u00e9activer la fonction \u00ab\u00a0anti pop-up\u00a0\u00bb de votre navigateur Internet.<\/p>\n<p style=\"text-align: center;\">\n<!-- iframe plugin v.5.1 wordpress.org\/plugins\/iframe\/ -->\n<iframe loading=\"lazy\" width=\"100%\" height=\"1150\" src=\"http:\/\/www.philippe-durussel.info\/blitz\/index.php\" frameborder=\"1\" scrolling=\"yes\" class=\"iframe-class\"><\/iframe>\n<\/p>\n<p style=\"text-align: center;\">\n<p style=\"text-align: center;\">[\/et_pb_text][\/et_pb_column][\/et_pb_row][\/et_pb_section]<\/p>\n","protected":false},"excerpt":{"rendered":"<p>[et_pb_section admin_label=\u00a0\u00bbsection\u00a0\u00bb][et_pb_row admin_label=\u00a0\u00bbrow\u00a0\u00bb][et_pb_column type=\u00a0\u00bb4_4&Prime;][et_pb_text admin_label=\u00a0\u00bbCartes impacts foudre Suisse &#8211; Europe &#8211; monde\u00a0\u00bb background_layout=\u00a0\u00bblight\u00a0\u00bb text_orientation=\u00a0\u00bbleft\u00a0\u00bb use_border_color=\u00a0\u00bboff\u00a0\u00bb border_color=\u00a0\u00bb#ffffff\u00a0\u00bb border_style=\u00a0\u00bbsolid\u00a0\u00bb] Depuis cette page vous acc\u00e9dez \u00e0 notre site consacr\u00e9 \u00e0 la mesure et \u00e0 la d\u00e9tection des impacts de foudre locaux, \u00e0 l&rsquo;\u00e9chelle de la Suisse et \u00e0 l&rsquo;\u00e9chelle de toute l&rsquo;Europe et du nord de l&rsquo;Afrique. Vous [&hellip;]<\/p>\n","protected":false},"author":1,"featured_media":0,"parent":63,"menu_order":10,"comment_status":"closed","ping_status":"closed","template":"","meta":{"_et_pb_use_builder":"on","_et_pb_old_content":"","_et_gb_content_width":"","footnotes":""},"class_list":["post-205","page","type-page","status-publish","hentry"],"_links":{"self":[{"href":"https:\/\/test.philippe-durussel.info\/index.php?rest_route=\/wp\/v2\/pages\/205"}],"collection":[{"href":"https:\/\/test.philippe-durussel.info\/index.php?rest_route=\/wp\/v2\/pages"}],"about":[{"href":"https:\/\/test.philippe-durussel.info\/index.php?rest_route=\/wp\/v2\/types\/page"}],"author":[{"embeddable":true,"href":"https:\/\/test.philippe-durussel.info\/index.php?rest_route=\/wp\/v2\/users\/1"}],"replies":[{"embeddable":true,"href":"https:\/\/test.philippe-durussel.info\/index.php?rest_route=%2Fwp%2Fv2%2Fcomments&post=205"}],"version-history":[{"count":26,"href":"https:\/\/test.philippe-durussel.info\/index.php?rest_route=\/wp\/v2\/pages\/205\/revisions"}],"predecessor-version":[{"id":674,"href":"https:\/\/test.philippe-durussel.info\/index.php?rest_route=\/wp\/v2\/pages\/205\/revisions\/674"}],"up":[{"embeddable":true,"href":"https:\/\/test.philippe-durussel.info\/index.php?rest_route=\/wp\/v2\/pages\/63"}],"wp:attachment":[{"href":"https:\/\/test.philippe-durussel.info\/index.php?rest_route=%2Fwp%2Fv2%2Fmedia&parent=205"}],"curies":[{"name":"wp","href":"https:\/\/api.w.org\/{rel}","templated":true}]}}