{"id":195,"date":"2016-07-23T16:58:47","date_gmt":"2016-07-23T16:58:47","guid":{"rendered":"http:\/\/test.philippe-durussel.info\/?page_id=195"},"modified":"2016-08-08T08:38:11","modified_gmt":"2016-08-08T08:38:11","slug":"meteo-de-leysin-30-derniers-jours","status":"publish","type":"page","link":"https:\/\/test.philippe-durussel.info\/?page_id=195","title":{"rendered":"Mesures sur 30 jours"},"content":{"rendered":"<p>[et_pb_section admin_label=\u00a0\u00bbsection\u00a0\u00bb][et_pb_row admin_label=\u00a0\u00bbrow\u00a0\u00bb][et_pb_column type=\u00a0\u00bb4_4&Prime;][et_pb_text admin_label=\u00a0\u00bbTexte graphique m\u00e9t\u00e9o 1mois Leysin\u00a0\u00bb background_layout=\u00a0\u00bblight\u00a0\u00bb text_orientation=\u00a0\u00bbjustified\u00a0\u00bb text_font=\u00a0\u00bbTrebuchet||||\u00a0\u00bb use_border_color=\u00a0\u00bboff\u00a0\u00bb border_color=\u00a0\u00bb#ffffff\u00a0\u00bb border_style=\u00a0\u00bbsolid\u00a0\u00bb]<\/p>\n<p><strong>M\u00e9t\u00e9o de Leysin : graphiques\u00a030 derniers jours<\/strong><\/p>\n<div style=\"text-align: justify;\"><span style=\"font-family: Verdana;\">Sur cette page vous trouverez les graphiques des 30 derniers jours\u00a0de\u00a0donn\u00e9es m\u00e9t\u00e9o de notre station du\u00a0chalet Sybil \u00e0 Leysin (Suisse). L&rsquo;altitude de la station de mesure se situe\u00a0\u00e0 1360 m\u00e8tre au-dessus du\u00a0niveau de la mer.<\/span><\/div>\n<div style=\"text-align: justify;\">\n<p><span style=\"font-family: Verdana;\"><span style=\"font-family: Verdana;\">Les graphiques sont mis \u00e0 jour toutes les 6 heures. Si vous voulez b\u00e9n\u00e9ficier du graphique le plus r\u00e9cent il faudra rafra\u00eechir la page via votre navigateur Internet pr\u00e9f\u00e9r\u00e9.<\/span><\/span><\/p>\n<hr \/>\n<\/div>\n<p>&nbsp;<\/p>\n<p>[\/et_pb_text][\/et_pb_column][\/et_pb_row][\/et_pb_section][et_pb_section admin_label=\u00a0\u00bbSection\u00a0\u00bb fullwidth=\u00a0\u00bboff\u00a0\u00bb specialty=\u00a0\u00bboff\u00a0\u00bb][et_pb_row admin_label=\u00a0\u00bbLigne\u00a0\u00bb][et_pb_column type=\u00a0\u00bb1_2&Prime;][et_pb_text admin_label=\u00a0\u00bbGraphique temp\u00e9rature 1 mois Leysin\u00a0\u00bb background_layout=\u00a0\u00bblight\u00a0\u00bb text_orientation=\u00a0\u00bbcenter\u00a0\u00bb use_border_color=\u00a0\u00bboff\u00a0\u00bb border_color=\u00a0\u00bb#ffffff\u00a0\u00bb border_style=\u00a0\u00bbsolid\u00a0\u00bb]<\/p>\n<p><div style=\"width: 330px\" class=\"wp-caption aligncenter\"><a href=\"http:\/\/www.durussel.ch\/meteo\/1mois\/OutsideTempHistory.gif\"><img loading=\"lazy\" decoding=\"async\" class=\"\" src=\"http:\/\/www.durussel.ch\/meteo\/1mois\/OutsideTempHistory.gif\" width=\"320\" height=\"200\" \/><\/a><p class=\"wp-caption-text\">Temp\u00e9rature ext\u00e9rieure [\u00b0C]<\/p><\/div>[\/et_pb_text][et_pb_text admin_label=\u00a0\u00bbGraphique vitesse moyenne vent 1 mois Leysin\u00a0\u00bb background_layout=\u00a0\u00bblight\u00a0\u00bb text_orientation=\u00a0\u00bbcenter\u00a0\u00bb use_border_color=\u00a0\u00bboff\u00a0\u00bb border_color=\u00a0\u00bb#ffffff\u00a0\u00bb border_style=\u00a0\u00bbsolid\u00a0\u00bb]<\/p>\n<p><div style=\"width: 330px\" class=\"wp-caption aligncenter\"><a href=\"http:\/\/www.durussel.ch\/meteo\/1mois\/WindSpeedHistory.gif\"><img loading=\"lazy\" decoding=\"async\" class=\"\" src=\"http:\/\/www.durussel.ch\/meteo\/1mois\/WindSpeedHistory.gif\" width=\"320\" height=\"200\" \/><\/a><p class=\"wp-caption-text\">Vitesse moyenne du vent [km\/h]<\/p><\/div>[\/et_pb_text][et_pb_text admin_label=\u00a0\u00bbGraphique direction vent 1 mois Leysin\u00a0\u00bb background_layout=\u00a0\u00bblight\u00a0\u00bb text_orientation=\u00a0\u00bbcenter\u00a0\u00bb use_border_color=\u00a0\u00bboff\u00a0\u00bb border_color=\u00a0\u00bb#ffffff\u00a0\u00bb border_style=\u00a0\u00bbsolid\u00a0\u00bb]<\/p>\n<div style=\"width: 330px\" class=\"wp-caption aligncenter\"><a href=\"http:\/\/www.durussel.ch\/meteo\/1mois\/WindDirectionHistory.gif\"><img loading=\"lazy\" decoding=\"async\" class=\"\" src=\"http:\/\/www.durussel.ch\/meteo\/1mois\/WindDirectionHistory.gif\" width=\"320\" height=\"200\" \/><\/a><p class=\"wp-caption-text\">Direction du vent<\/p><\/div>\n<p>[\/et_pb_text][\/et_pb_column][et_pb_column type=\u00a0\u00bb1_2&Prime;][et_pb_text admin_label=\u00a0\u00bbGraphique humidit\u00e9 ext\u00e9rieure 1 mois Leysin\u00a0\u00bb background_layout=\u00a0\u00bblight\u00a0\u00bb text_orientation=\u00a0\u00bbcenter\u00a0\u00bb use_border_color=\u00a0\u00bboff\u00a0\u00bb border_color=\u00a0\u00bb#ffffff\u00a0\u00bb border_style=\u00a0\u00bbsolid\u00a0\u00bb]<\/p>\n<p><div style=\"width: 330px\" class=\"wp-caption aligncenter\"><a href=\"http:\/\/www.durussel.ch\/meteo\/1mois\/OutsideHumidityHistory.gif\"><img loading=\"lazy\" decoding=\"async\" class=\"\" src=\"http:\/\/www.durussel.ch\/meteo\/1mois\/OutsideHumidityHistory.gif\" width=\"320\" height=\"200\" \/><\/a><p class=\"wp-caption-text\">Humidit\u00e9 ext\u00e9rieure [%]<\/p><\/div>[\/et_pb_text][et_pb_text admin_label=\u00a0\u00bbGraphique vitesse maximale vent 1 mois Leysin\u00a0\u00bb background_layout=\u00a0\u00bblight\u00a0\u00bb text_orientation=\u00a0\u00bbcenter\u00a0\u00bb use_border_color=\u00a0\u00bboff\u00a0\u00bb border_color=\u00a0\u00bb#ffffff\u00a0\u00bb border_style=\u00a0\u00bbsolid\u00a0\u00bb]<\/p>\n<p><div style=\"width: 330px\" class=\"wp-caption aligncenter\"><a href=\"http:\/\/www.durussel.ch\/meteo\/1mois\/HiWindSpeedHistory.gif\"><img loading=\"lazy\" decoding=\"async\" class=\"\" src=\"http:\/\/www.durussel.ch\/meteo\/1mois\/HiWindSpeedHistory.gif\" width=\"320\" height=\"200\" \/><\/a><p class=\"wp-caption-text\">Vitesse maximale du vent (rafales) [km\/h]<\/p><\/div>[\/et_pb_text][et_pb_text admin_label=\u00a0\u00bbGraphique pression atmosph\u00e9rique 1 mois Leysin\u00a0\u00bb background_layout=\u00a0\u00bblight\u00a0\u00bb text_orientation=\u00a0\u00bbcenter\u00a0\u00bb use_border_color=\u00a0\u00bboff\u00a0\u00bb border_color=\u00a0\u00bb#ffffff\u00a0\u00bb border_style=\u00a0\u00bbsolid\u00a0\u00bb]<\/p>\n<p><div style=\"width: 330px\" class=\"wp-caption aligncenter\"><a href=\"http:\/\/www.durussel.ch\/meteo\/1mois\/BarometerHistory.gif\"><img loading=\"lazy\" decoding=\"async\" class=\"\" src=\"http:\/\/www.durussel.ch\/meteo\/1mois\/BarometerHistory.gif\" width=\"320\" height=\"200\" \/><\/a><p class=\"wp-caption-text\">Pression atmosph\u00e9rique [hPa]<\/p><\/div>[\/et_pb_text][\/et_pb_column][\/et_pb_row][\/et_pb_section][et_pb_section admin_label=\u00a0\u00bbSection\u00a0\u00bb fullwidth=\u00a0\u00bboff\u00a0\u00bb specialty=\u00a0\u00bboff\u00a0\u00bb][et_pb_row admin_label=\u00a0\u00bbLigne\u00a0\u00bb][et_pb_column type=\u00a0\u00bb1_2&Prime;][et_pb_text admin_label=\u00a0\u00bbGraphique hauteur pluie 1 mois Leysin\u00a0\u00bb background_layout=\u00a0\u00bblight\u00a0\u00bb text_orientation=\u00a0\u00bbcenter\u00a0\u00bb use_border_color=\u00a0\u00bboff\u00a0\u00bb border_color=\u00a0\u00bb#ffffff\u00a0\u00bb border_style=\u00a0\u00bbsolid\u00a0\u00bb]<\/p>\n<p><div style=\"width: 330px\" class=\"wp-caption aligncenter\"><a href=\"http:\/\/www.durussel.ch\/meteo\/1mois\/RainHistory.gif\"><img loading=\"lazy\" decoding=\"async\" class=\"\" src=\"http:\/\/www.durussel.ch\/meteo\/1mois\/RainHistory.gif\" width=\"320\" height=\"200\" \/><\/a><p class=\"wp-caption-text\">Hauteur de pluie [mm]<\/p><\/div>[\/et_pb_text][et_pb_text admin_label=\u00a0\u00bbGraphique intensit\u00e9 solaire 1 mois Leysin\u00a0\u00bb background_layout=\u00a0\u00bblight\u00a0\u00bb text_orientation=\u00a0\u00bbcenter\u00a0\u00bb use_border_color=\u00a0\u00bboff\u00a0\u00bb border_color=\u00a0\u00bb#ffffff\u00a0\u00bb border_style=\u00a0\u00bbsolid\u00a0\u00bb]<\/p>\n<p><div style=\"width: 330px\" class=\"wp-caption aligncenter\"><a href=\"http:\/\/www.durussel.ch\/meteo\/1mois\/SolarRadHistory.gif\"><img loading=\"lazy\" decoding=\"async\" class=\"\" src=\"http:\/\/www.durussel.ch\/meteo\/1mois\/SolarRadHistory.gif\" width=\"320\" height=\"200\" \/><\/a><p class=\"wp-caption-text\">Intensit\u00e9 solaire [W\/m2]<\/p><\/div>[\/et_pb_text][\/et_pb_column][et_pb_column type=\u00a0\u00bb1_2&Prime;][et_pb_text admin_label=\u00a0\u00bbGraphique taux de pluie maximal 1 mois Leysin\u00a0\u00bb background_layout=\u00a0\u00bblight\u00a0\u00bb text_orientation=\u00a0\u00bbcenter\u00a0\u00bb use_border_color=\u00a0\u00bboff\u00a0\u00bb border_color=\u00a0\u00bb#ffffff\u00a0\u00bb border_style=\u00a0\u00bbsolid\u00a0\u00bb]<\/p>\n<p><div style=\"width: 330px\" class=\"wp-caption aligncenter\"><a href=\"http:\/\/www.durussel.ch\/meteo\/1mois\/RainRateHistory.gif\"><img loading=\"lazy\" decoding=\"async\" class=\"\" src=\"http:\/\/www.durussel.ch\/meteo\/1mois\/RainRateHistory.gif\" width=\"320\" height=\"200\" \/><\/a><p class=\"wp-caption-text\">Taux de pluie maximal [mm\/h]<\/p><\/div>[\/et_pb_text][et_pb_text admin_label=\u00a0\u00bbGraphique index UV 1 mois Leysin\u00a0\u00bb background_layout=\u00a0\u00bblight\u00a0\u00bb text_orientation=\u00a0\u00bbcenter\u00a0\u00bb use_border_color=\u00a0\u00bboff\u00a0\u00bb border_color=\u00a0\u00bb#ffffff\u00a0\u00bb border_style=\u00a0\u00bbsolid\u00a0\u00bb]<\/p>\n<div style=\"width: 330px\" class=\"wp-caption aligncenter\"><a href=\"http:\/\/www.durussel.ch\/meteo\/1mois\/UVHistory.gif\"><img loading=\"lazy\" decoding=\"async\" class=\"\" src=\"http:\/\/www.durussel.ch\/meteo\/1mois\/UVHistory.gif\" width=\"320\" height=\"200\" \/><\/a><p class=\"wp-caption-text\">Index UV<\/p><\/div>\n<p>[\/et_pb_text][\/et_pb_column][\/et_pb_row][\/et_pb_section]<\/p>\n","protected":false},"excerpt":{"rendered":"<p>[et_pb_section admin_label=\u00a0\u00bbsection\u00a0\u00bb][et_pb_row admin_label=\u00a0\u00bbrow\u00a0\u00bb][et_pb_column type=\u00a0\u00bb4_4&Prime;][et_pb_text admin_label=\u00a0\u00bbTexte graphique m\u00e9t\u00e9o 1mois Leysin\u00a0\u00bb background_layout=\u00a0\u00bblight\u00a0\u00bb text_orientation=\u00a0\u00bbjustified\u00a0\u00bb text_font=\u00a0\u00bbTrebuchet||||\u00a0\u00bb use_border_color=\u00a0\u00bboff\u00a0\u00bb border_color=\u00a0\u00bb#ffffff\u00a0\u00bb border_style=\u00a0\u00bbsolid\u00a0\u00bb] M\u00e9t\u00e9o de Leysin : graphiques\u00a030 derniers jours Sur cette page vous trouverez les graphiques des 30 derniers jours\u00a0de\u00a0donn\u00e9es m\u00e9t\u00e9o de notre station du\u00a0chalet Sybil \u00e0 Leysin (Suisse). L&rsquo;altitude de la station de mesure se situe\u00a0\u00e0 1360 m\u00e8tre au-dessus du\u00a0niveau de [&hellip;]<\/p>\n","protected":false},"author":1,"featured_media":0,"parent":63,"menu_order":5,"comment_status":"closed","ping_status":"closed","template":"","meta":{"_et_pb_use_builder":"on","_et_pb_old_content":"","_et_gb_content_width":"","footnotes":""},"class_list":["post-195","page","type-page","status-publish","hentry"],"_links":{"self":[{"href":"https:\/\/test.philippe-durussel.info\/index.php?rest_route=\/wp\/v2\/pages\/195"}],"collection":[{"href":"https:\/\/test.philippe-durussel.info\/index.php?rest_route=\/wp\/v2\/pages"}],"about":[{"href":"https:\/\/test.philippe-durussel.info\/index.php?rest_route=\/wp\/v2\/types\/page"}],"author":[{"embeddable":true,"href":"https:\/\/test.philippe-durussel.info\/index.php?rest_route=\/wp\/v2\/users\/1"}],"replies":[{"embeddable":true,"href":"https:\/\/test.philippe-durussel.info\/index.php?rest_route=%2Fwp%2Fv2%2Fcomments&post=195"}],"version-history":[{"count":5,"href":"https:\/\/test.philippe-durussel.info\/index.php?rest_route=\/wp\/v2\/pages\/195\/revisions"}],"predecessor-version":[{"id":459,"href":"https:\/\/test.philippe-durussel.info\/index.php?rest_route=\/wp\/v2\/pages\/195\/revisions\/459"}],"up":[{"embeddable":true,"href":"https:\/\/test.philippe-durussel.info\/index.php?rest_route=\/wp\/v2\/pages\/63"}],"wp:attachment":[{"href":"https:\/\/test.philippe-durussel.info\/index.php?rest_route=%2Fwp%2Fv2%2Fmedia&parent=195"}],"curies":[{"name":"wp","href":"https:\/\/api.w.org\/{rel}","templated":true}]}}