{"id":191,"date":"2016-07-23T16:57:33","date_gmt":"2016-07-23T16:57:33","guid":{"rendered":"http:\/\/test.philippe-durussel.info\/?page_id=191"},"modified":"2016-08-08T08:37:09","modified_gmt":"2016-08-08T08:37:09","slug":"meteo-de-leysin-dernieres-24-heures","status":"publish","type":"page","link":"https:\/\/test.philippe-durussel.info\/?page_id=191","title":{"rendered":"Mesures sur 24 heures"},"content":{"rendered":"<p>[et_pb_section admin_label=\u00a0\u00bbsection\u00a0\u00bb][et_pb_row admin_label=\u00a0\u00bbrow\u00a0\u00bb][et_pb_column type=\u00a0\u00bb4_4&Prime;][et_pb_text admin_label=\u00a0\u00bbTexte graphique m\u00e9t\u00e9o 24 heures Leysin\u00a0\u00bb background_layout=\u00a0\u00bblight\u00a0\u00bb text_orientation=\u00a0\u00bbjustified\u00a0\u00bb text_font=\u00a0\u00bbTrebuchet||||\u00a0\u00bb use_border_color=\u00a0\u00bboff\u00a0\u00bb border_color=\u00a0\u00bb#ffffff\u00a0\u00bb border_style=\u00a0\u00bbsolid\u00a0\u00bb]<\/p>\n<p><strong>M\u00e9t\u00e9o de Leysin : graphiques derni\u00e8res 24 heures<\/strong><\/p>\n<div style=\"text-align: justify;\"><span style=\"font-family: Verdana;\">Sur cette page vous trouverez les graphiques des derni\u00e8res 24 heures de\u00a0donn\u00e9es m\u00e9t\u00e9o de notre station du\u00a0chalet Sybil \u00e0 Leysin (Suisse). L&rsquo;altitude de la station de mesure se situe\u00a0\u00e0 1360 m\u00e8tre au-dessus du\u00a0niveau de la mer.<\/span><\/div>\n<div style=\"text-align: justify;\">\n<p><span style=\"font-family: Verdana;\"><span style=\"font-family: Verdana;\">Les graphiques sont mis \u00e0 jour toutes les 15 minutes. Si vous voulez b\u00e9n\u00e9ficier du graphique le plus r\u00e9cent il faudra rafra\u00eechir la page via votre navigateur Internet pr\u00e9f\u00e9r\u00e9.<\/span><\/span><\/p>\n<hr \/>\n<\/div>\n<p>&nbsp;<\/p>\n<p>[\/et_pb_text][\/et_pb_column][\/et_pb_row][\/et_pb_section][et_pb_section admin_label=\u00a0\u00bbSection\u00a0\u00bb fullwidth=\u00a0\u00bboff\u00a0\u00bb specialty=\u00a0\u00bboff\u00a0\u00bb][et_pb_row admin_label=\u00a0\u00bbLigne\u00a0\u00bb][et_pb_column type=\u00a0\u00bb1_2&Prime;][et_pb_text admin_label=\u00a0\u00bbGraphique temp\u00e9rature 24 heures Leysin\u00a0\u00bb background_layout=\u00a0\u00bblight\u00a0\u00bb text_orientation=\u00a0\u00bbcenter\u00a0\u00bb use_border_color=\u00a0\u00bboff\u00a0\u00bb border_color=\u00a0\u00bb#ffffff\u00a0\u00bb border_style=\u00a0\u00bbsolid\u00a0\u00bb]<\/p>\n<p><div style=\"width: 330px\" class=\"wp-caption aligncenter\"><a href=\"http:\/\/www.durussel.ch\/meteo\/24h\/OutsideTempHistory.gif\"><img loading=\"lazy\" decoding=\"async\" class=\"\" src=\"http:\/\/www.durussel.ch\/meteo\/24h\/OutsideTempHistory.gif\" width=\"320\" height=\"200\" \/><\/a><p class=\"wp-caption-text\">Temp\u00e9rature ext\u00e9rieure [\u00b0C]<\/p><\/div>[\/et_pb_text][et_pb_text admin_label=\u00a0\u00bbGraphique vitesse moyenne vent 24 heures Leysin\u00a0\u00bb background_layout=\u00a0\u00bblight\u00a0\u00bb text_orientation=\u00a0\u00bbcenter\u00a0\u00bb use_border_color=\u00a0\u00bboff\u00a0\u00bb border_color=\u00a0\u00bb#ffffff\u00a0\u00bb border_style=\u00a0\u00bbsolid\u00a0\u00bb]<\/p>\n<p><div style=\"width: 330px\" class=\"wp-caption aligncenter\"><a href=\"http:\/\/www.durussel.ch\/meteo\/24h\/WindSpeedHistory.gif\"><img loading=\"lazy\" decoding=\"async\" class=\"\" src=\"http:\/\/www.durussel.ch\/meteo\/24h\/WindSpeedHistory.gif\" width=\"320\" height=\"200\" \/><\/a><p class=\"wp-caption-text\">Vitesse moyenne du vent [km\/h]<\/p><\/div>[\/et_pb_text][et_pb_text admin_label=\u00a0\u00bbGraphique direction vent 24 heures Leysin\u00a0\u00bb background_layout=\u00a0\u00bblight\u00a0\u00bb text_orientation=\u00a0\u00bbcenter\u00a0\u00bb use_border_color=\u00a0\u00bboff\u00a0\u00bb border_color=\u00a0\u00bb#ffffff\u00a0\u00bb border_style=\u00a0\u00bbsolid\u00a0\u00bb]<\/p>\n<div style=\"width: 330px\" class=\"wp-caption aligncenter\"><a href=\"http:\/\/www.durussel.ch\/meteo\/24h\/WindDirectionHistory.gif\"><img loading=\"lazy\" decoding=\"async\" class=\"\" src=\"http:\/\/www.durussel.ch\/meteo\/24h\/WindDirectionHistory.gif\" width=\"320\" height=\"200\" \/><\/a><p class=\"wp-caption-text\">Direction du vent<\/p><\/div>\n<p>[\/et_pb_text][\/et_pb_column][et_pb_column type=\u00a0\u00bb1_2&Prime;][et_pb_text admin_label=\u00a0\u00bbGraphique humidit\u00e9 ext\u00e9rieure 24 heures Leysin\u00a0\u00bb background_layout=\u00a0\u00bblight\u00a0\u00bb text_orientation=\u00a0\u00bbcenter\u00a0\u00bb use_border_color=\u00a0\u00bboff\u00a0\u00bb border_color=\u00a0\u00bb#ffffff\u00a0\u00bb border_style=\u00a0\u00bbsolid\u00a0\u00bb]<\/p>\n<p><div style=\"width: 330px\" class=\"wp-caption aligncenter\"><a href=\"http:\/\/www.durussel.ch\/meteo\/24h\/OutsideHumidityHistory.gif\"><img loading=\"lazy\" decoding=\"async\" class=\"\" src=\"http:\/\/www.durussel.ch\/meteo\/24h\/OutsideHumidityHistory.gif\" width=\"320\" height=\"200\" \/><\/a><p class=\"wp-caption-text\">Humidit\u00e9 ext\u00e9rieure [%]<\/p><\/div>[\/et_pb_text][et_pb_text admin_label=\u00a0\u00bbGraphique vitesse maximale vent 24 heures Leysin\u00a0\u00bb background_layout=\u00a0\u00bblight\u00a0\u00bb text_orientation=\u00a0\u00bbcenter\u00a0\u00bb use_border_color=\u00a0\u00bboff\u00a0\u00bb border_color=\u00a0\u00bb#ffffff\u00a0\u00bb border_style=\u00a0\u00bbsolid\u00a0\u00bb]<\/p>\n<p><div style=\"width: 330px\" class=\"wp-caption aligncenter\"><a href=\"http:\/\/www.durussel.ch\/meteo\/24h\/HiWindSpeedHistory.gif\"><img loading=\"lazy\" decoding=\"async\" class=\"\" src=\"http:\/\/www.durussel.ch\/meteo\/24h\/HiWindSpeedHistory.gif\" width=\"320\" height=\"200\" \/><\/a><p class=\"wp-caption-text\">Vitesse maximale du vent (rafales) [km\/h]<\/p><\/div>[\/et_pb_text][et_pb_text admin_label=\u00a0\u00bbGraphique pression atmosph\u00e9rique 24 heures Leysin\u00a0\u00bb background_layout=\u00a0\u00bblight\u00a0\u00bb text_orientation=\u00a0\u00bbcenter\u00a0\u00bb use_border_color=\u00a0\u00bboff\u00a0\u00bb border_color=\u00a0\u00bb#ffffff\u00a0\u00bb border_style=\u00a0\u00bbsolid\u00a0\u00bb]<\/p>\n<p><div style=\"width: 330px\" class=\"wp-caption aligncenter\"><a href=\"http:\/\/www.durussel.ch\/meteo\/24h\/BarometerHistory.gif\"><img loading=\"lazy\" decoding=\"async\" class=\"\" src=\"http:\/\/www.durussel.ch\/meteo\/24h\/BarometerHistory.gif\" width=\"320\" height=\"200\" \/><\/a><p class=\"wp-caption-text\">Pression atmosph\u00e9rique [hPa]<\/p><\/div>[\/et_pb_text][\/et_pb_column][\/et_pb_row][\/et_pb_section][et_pb_section admin_label=\u00a0\u00bbSection\u00a0\u00bb fullwidth=\u00a0\u00bboff\u00a0\u00bb specialty=\u00a0\u00bboff\u00a0\u00bb][et_pb_row admin_label=\u00a0\u00bbLigne\u00a0\u00bb][et_pb_column type=\u00a0\u00bb1_2&Prime;][et_pb_text admin_label=\u00a0\u00bbGraphique hauteur pluie 24 heures Leysin\u00a0\u00bb background_layout=\u00a0\u00bblight\u00a0\u00bb text_orientation=\u00a0\u00bbcenter\u00a0\u00bb use_border_color=\u00a0\u00bboff\u00a0\u00bb border_color=\u00a0\u00bb#ffffff\u00a0\u00bb border_style=\u00a0\u00bbsolid\u00a0\u00bb]<\/p>\n<p><div style=\"width: 330px\" class=\"wp-caption aligncenter\"><a href=\"http:\/\/www.durussel.ch\/meteo\/24h\/RainHistory.gif\"><img loading=\"lazy\" decoding=\"async\" class=\"\" src=\"http:\/\/www.durussel.ch\/meteo\/24h\/RainHistory.gif\" width=\"320\" height=\"200\" \/><\/a><p class=\"wp-caption-text\">Hauteur de pluie [mm]<\/p><\/div>[\/et_pb_text][et_pb_text admin_label=\u00a0\u00bbGraphique intensit\u00e9 solaire 24 heures Leysin\u00a0\u00bb background_layout=\u00a0\u00bblight\u00a0\u00bb text_orientation=\u00a0\u00bbcenter\u00a0\u00bb use_border_color=\u00a0\u00bboff\u00a0\u00bb border_color=\u00a0\u00bb#ffffff\u00a0\u00bb border_style=\u00a0\u00bbsolid\u00a0\u00bb]<\/p>\n<p><div style=\"width: 330px\" class=\"wp-caption aligncenter\"><a href=\"http:\/\/www.durussel.ch\/meteo\/24h\/SolarRadHistory.gif\"><img loading=\"lazy\" decoding=\"async\" class=\"\" src=\"http:\/\/www.durussel.ch\/meteo\/24h\/SolarRadHistory.gif\" width=\"320\" height=\"200\" \/><\/a><p class=\"wp-caption-text\">Intensit\u00e9 solaire [W\/m2]<\/p><\/div>[\/et_pb_text][\/et_pb_column][et_pb_column type=\u00a0\u00bb1_2&Prime;][et_pb_text admin_label=\u00a0\u00bbGraphique taux de pluie maximal 24 heures Leysin\u00a0\u00bb background_layout=\u00a0\u00bblight\u00a0\u00bb text_orientation=\u00a0\u00bbcenter\u00a0\u00bb use_border_color=\u00a0\u00bboff\u00a0\u00bb border_color=\u00a0\u00bb#ffffff\u00a0\u00bb border_style=\u00a0\u00bbsolid\u00a0\u00bb]<\/p>\n<p><div style=\"width: 330px\" class=\"wp-caption aligncenter\"><a href=\"http:\/\/www.durussel.ch\/meteo\/24h\/RainRateHistory.gif\"><img loading=\"lazy\" decoding=\"async\" class=\"\" src=\"http:\/\/www.durussel.ch\/meteo\/24h\/RainRateHistory.gif\" width=\"320\" height=\"200\" \/><\/a><p class=\"wp-caption-text\">Taux de pluie maximal [mm\/h]<\/p><\/div>[\/et_pb_text][et_pb_text admin_label=\u00a0\u00bbGraphique index UV 24 heures Leysin\u00a0\u00bb background_layout=\u00a0\u00bblight\u00a0\u00bb text_orientation=\u00a0\u00bbcenter\u00a0\u00bb use_border_color=\u00a0\u00bboff\u00a0\u00bb border_color=\u00a0\u00bb#ffffff\u00a0\u00bb border_style=\u00a0\u00bbsolid\u00a0\u00bb]<\/p>\n<div style=\"width: 330px\" class=\"wp-caption aligncenter\"><a href=\"http:\/\/www.durussel.ch\/meteo\/24h\/UVHistory.gif\"><img loading=\"lazy\" decoding=\"async\" class=\"\" src=\"http:\/\/www.durussel.ch\/meteo\/24h\/UVHistory.gif\" width=\"320\" height=\"200\" \/><\/a><p class=\"wp-caption-text\">Index UV<\/p><\/div>\n<p>[\/et_pb_text][\/et_pb_column][\/et_pb_row][\/et_pb_section]<\/p>\n","protected":false},"excerpt":{"rendered":"<p>[et_pb_section admin_label=\u00a0\u00bbsection\u00a0\u00bb][et_pb_row admin_label=\u00a0\u00bbrow\u00a0\u00bb][et_pb_column type=\u00a0\u00bb4_4&Prime;][et_pb_text admin_label=\u00a0\u00bbTexte graphique m\u00e9t\u00e9o 24 heures Leysin\u00a0\u00bb background_layout=\u00a0\u00bblight\u00a0\u00bb text_orientation=\u00a0\u00bbjustified\u00a0\u00bb text_font=\u00a0\u00bbTrebuchet||||\u00a0\u00bb use_border_color=\u00a0\u00bboff\u00a0\u00bb border_color=\u00a0\u00bb#ffffff\u00a0\u00bb border_style=\u00a0\u00bbsolid\u00a0\u00bb] M\u00e9t\u00e9o de Leysin : graphiques derni\u00e8res 24 heures Sur cette page vous trouverez les graphiques des derni\u00e8res 24 heures de\u00a0donn\u00e9es m\u00e9t\u00e9o de notre station du\u00a0chalet Sybil \u00e0 Leysin (Suisse). L&rsquo;altitude de la station de mesure se situe\u00a0\u00e0 1360 m\u00e8tre [&hellip;]<\/p>\n","protected":false},"author":1,"featured_media":0,"parent":63,"menu_order":2,"comment_status":"closed","ping_status":"closed","template":"","meta":{"_et_pb_use_builder":"on","_et_pb_old_content":"<p><strong>M\u00e9t\u00e9o de Leysin : graphiques derni\u00e8res 24 heures<\/strong><\/p><div style=\"text-align: justify;\"><span style=\"font-family: Verdana;\">Sur cette page vous trouverez les graphiques des derni\u00e8res 24 heures de\u00a0donn\u00e9es m\u00e9t\u00e9o de notre station du\u00a0chalet Sybil \u00e0 Leysin (Suisse). L'altitude de la station de mesure se situe\u00a0\u00e0 1360 m\u00e8tre au-dessus du\u00a0niveau de la mer.<\/span><\/div><div style=\"text-align: justify;\">Les graphiques sont mis \u00e0 jour toutes les\u00a015 minutes. Si vous voulez b\u00e9n\u00e9ficier du graphique le plus r\u00e9cent il faudra rafra\u00eechir la page via votre navigateur Internet pr\u00e9f\u00e9r\u00e9.<\/div><div>\u00a0<\/div><table border=\"0\" width=\"100%\" cellspacing=\"0\" cellpadding=\"0\"><tbody><tr><td class=\"pageContent\" valign=\"top\" width=\"100%\" height=\"100%\"><div><span style=\"font-family: Verdana;\">Sur cette page vous trouverez les graphiques des derni\u00e8res 24 heures de\u00a0donn\u00e9es m\u00e9t\u00e9o de notre station du\u00a0chalet Sybil \u00e0 Leysin (Suisse). L'altitude de la station de mesure se situe\u00a0\u00e0 1360 m\u00e8tre au-dessus du\u00a0niveau de la mer.<br \/> <\/span><\/div><div><p>Les graphiques sont mis \u00e0 jour toutes les\u00a015 minutes. Si vous voulez b\u00e9n\u00e9ficier du graphique le plus r\u00e9cent il faudra rafra\u00eechir la page via votre navigateur Internet pr\u00e9f\u00e9r\u00e9.<\/p><\/div><hr \/><table width=\"85%\" cellspacing=\"1\" cellpadding=\"1\" align=\"center\"><tbody><tr><td valign=\"top\" width=\"42.5%\">Temp\u00e9rature ext\u00e9rieure\u00a0[\u00b0C]<br \/> <a href=\"http:\/\/www.durussel.ch\/meteo\/24h\/OutsideTempHistory.gif\" target=\"_blank\"><img src=\"http:\/\/www.durussel.ch\/meteo\/24h\/OutsideTempHistory.gif\" alt=\"\" width=\"320\" height=\"200\" align=\"top\" \/><\/a><\/td><td valign=\"top\" width=\"42.5%\">Humidit\u00e9 ext\u00e9rieure [%]<br \/> <a href=\"http:\/\/www.durussel.ch\/meteo\/24h\/OutsideHumidityHistory.gif\" target=\"_blank\"><img src=\"http:\/\/www.durussel.ch\/meteo\/24h\/OutsideHumidityHistory.gif\" alt=\"\" width=\"320\" height=\"200\" align=\"textTop\" \/><\/a><\/td><\/tr><tr><td>Vitesse moyenne du vent [km\/h]<br \/> <a href=\"http:\/\/www.durussel.ch\/meteo\/24h\/WindSpeedHistory.gif\" target=\"_blank\"><img src=\"http:\/\/www.durussel.ch\/meteo\/24h\/WindSpeedHistory.gif\" alt=\"\" width=\"320\" height=\"200\" \/><\/a><\/td><td>Vitesse maximale du vent (rafales) [km\/h]<br \/> <a href=\"http:\/\/www.durussel.ch\/meteo\/24h\/HiWindSpeedHistory.gif\" target=\"_blank\"><img src=\"http:\/\/www.durussel.ch\/meteo\/24h\/HiWindSpeedHistory.gif\" alt=\"\" width=\"320\" height=\"200\" \/><\/a><\/td><\/tr><tr><td>Direction du vent<br \/> <a href=\"http:\/\/www.durussel.ch\/meteo\/24h\/WindDirectionHistory.gif\" target=\"_blank\"><img src=\"http:\/\/www.durussel.ch\/meteo\/24h\/WindDirectionHistory.gif\" alt=\"\" width=\"320\" height=\"200\" \/><\/a><\/td><td>Pression atmosph\u00e9rique [hPa]<br \/> <a href=\"http:\/\/www.durussel.ch\/meteo\/24h\/BarometerHistory.gif\" target=\"_blank\"><img src=\"http:\/\/www.durussel.ch\/meteo\/24h\/BarometerHistory.gif\" alt=\"\" width=\"320\" height=\"200\" \/><\/a><\/td><\/tr><tr><td>Hauteur de pluie [mm]<br \/> <a href=\"http:\/\/www.durussel.ch\/meteo\/24h\/RainHistory.gif\" target=\"_blank\"><img src=\"http:\/\/www.durussel.ch\/meteo\/24h\/RainHistory.gif\" alt=\"\" width=\"320\" height=\"200\" \/><\/a><\/td><td>Taux de pluie maximal [mm\/h]<br \/> <a href=\"http:\/\/www.durussel.ch\/meteo\/24h\/RainRateHistory.gif\" target=\"_blank\"><img src=\"http:\/\/www.durussel.ch\/meteo\/24h\/RainRateHistory.gif\" alt=\"\" width=\"320\" height=\"200\" \/><\/a><\/td><\/tr><tr><td>Intensit\u00e9 solaire [W\/m<sup>2<\/sup>]<br \/> <a href=\"http:\/\/www.durussel.ch\/meteo\/24h\/SolarRadHistory.gif\" target=\"_blank\"><img src=\"http:\/\/www.durussel.ch\/meteo\/24h\/SolarRadHistory.gif\" alt=\"\" width=\"320\" height=\"200\" \/><\/a><\/td><td>Index UV<br \/> <a href=\"http:\/\/www.durussel.ch\/meteo\/24h\/UVHistory.gif\" target=\"_blank\"><img src=\"http:\/\/www.durussel.ch\/meteo\/24h\/UVHistory.gif\" alt=\"\" width=\"320\" height=\"200\" \/><\/a><\/td><\/tr><\/tbody><\/table><\/td><\/tr><\/tbody><\/table><p>\u00a0<\/p><p>\u00a0<\/p>","_et_gb_content_width":"","footnotes":""},"class_list":["post-191","page","type-page","status-publish","hentry"],"_links":{"self":[{"href":"https:\/\/test.philippe-durussel.info\/index.php?rest_route=\/wp\/v2\/pages\/191"}],"collection":[{"href":"https:\/\/test.philippe-durussel.info\/index.php?rest_route=\/wp\/v2\/pages"}],"about":[{"href":"https:\/\/test.philippe-durussel.info\/index.php?rest_route=\/wp\/v2\/types\/page"}],"author":[{"embeddable":true,"href":"https:\/\/test.philippe-durussel.info\/index.php?rest_route=\/wp\/v2\/users\/1"}],"replies":[{"embeddable":true,"href":"https:\/\/test.philippe-durussel.info\/index.php?rest_route=%2Fwp%2Fv2%2Fcomments&post=191"}],"version-history":[{"count":12,"href":"https:\/\/test.philippe-durussel.info\/index.php?rest_route=\/wp\/v2\/pages\/191\/revisions"}],"predecessor-version":[{"id":457,"href":"https:\/\/test.philippe-durussel.info\/index.php?rest_route=\/wp\/v2\/pages\/191\/revisions\/457"}],"up":[{"embeddable":true,"href":"https:\/\/test.philippe-durussel.info\/index.php?rest_route=\/wp\/v2\/pages\/63"}],"wp:attachment":[{"href":"https:\/\/test.philippe-durussel.info\/index.php?rest_route=%2Fwp%2Fv2%2Fmedia&parent=191"}],"curies":[{"name":"wp","href":"https:\/\/api.w.org\/{rel}","templated":true}]}}