{"id":187,"date":"2016-07-23T16:56:05","date_gmt":"2016-07-23T16:56:05","guid":{"rendered":"http:\/\/test.philippe-durussel.info\/?page_id=187"},"modified":"2016-08-05T13:39:19","modified_gmt":"2016-08-05T13:39:19","slug":"en-direct-de-leysin","status":"publish","type":"page","link":"https:\/\/test.philippe-durussel.info\/?page_id=187","title":{"rendered":"En direct de Leysin"},"content":{"rendered":"<p>[et_pb_section admin_label=\u00a0\u00bbsection\u00a0\u00bb][et_pb_row admin_label=\u00a0\u00bbrow\u00a0\u00bb][et_pb_column type=\u00a0\u00bb4_4&Prime;][et_pb_text admin_label=\u00a0\u00bbTexte intro\u00a0\u00bb background_layout=\u00a0\u00bblight\u00a0\u00bb text_orientation=\u00a0\u00bbjustified\u00a0\u00bb text_font=\u00a0\u00bbTrebuchet||||\u00a0\u00bb use_border_color=\u00a0\u00bboff\u00a0\u00bb border_color=\u00a0\u00bb#ffffff\u00a0\u00bb border_style=\u00a0\u00bbsolid\u00a0\u00bb]<\/p>\n<p>Toutes les informations sur les conditions m\u00e9t\u00e9o en direct du chalet Sybil, \u00e0 Leysin.<br \/>\nCes donn\u00e9es m\u00e9t\u00e9o sont\u00a0mises en ligne\u00a024h sur 24 et r\u00e9actualis\u00e9es toutes les minutes.<\/p>\n<hr \/>\n<p><strong>Conditions m\u00e9t\u00e9o actuelles \u00e0 Leysin<\/strong><br \/>\nCes donn\u00e9es sont repr\u00e9sent\u00e9es par l&rsquo;ic\u00f4ne ci-dessous et sont mises \u00e0 jour 24h\/24. La nuit les mesures sont effectu\u00e9es par un d\u00e9tecteur de nuages \u00ab\u00a0fait maison\u00a0\u00bb. Les informations donn\u00e9es durant la journ\u00e9e se basent sur les mesures de l&rsquo;intensit\u00e9 du rayonnement solaire et UV. Le tout est calcul\u00e9 en temps r\u00e9el par un ordinateur et\u00a0mis\u00a0\u00e0 jour\u00a0toutes les minutes\u00a0par Internet.<\/p>\n<p><img loading=\"lazy\" decoding=\"async\" class=\"aligncenter\" src=\"http:\/\/www.durussel.ch\/wdisplay\/localweather.gif\" width=\"340\" height=\"171\" \/><\/p>\n<hr \/>\n<p>Les donn\u00e9es m\u00e9t\u00e9o mises \u00e0 jours toutes\u00a0les 2 minutes\u00a0en direct du chalet Sybil sont accessible en cliquant sur le lien ci-dessous :<\/p>\n<p><a href=\"http:\/\/www.philippe-durussel.info\/wdisplay\/wdlive.html\" target=\"_blank\" charset=\"x-small\">Pour ouvrir une nouvelle fen\u00eatre o\u00f9 s&rsquo;afficheront les donn\u00e9es m\u00e9t\u00e9o en direct de Leysin, c&rsquo;est ici !<\/a><\/p>\n<p>[\/et_pb_text][\/et_pb_column][\/et_pb_row][\/et_pb_section][et_pb_section admin_label=\u00a0\u00bbSection\u00a0\u00bb fullwidth=\u00a0\u00bboff\u00a0\u00bb specialty=\u00a0\u00bboff\u00a0\u00bb][et_pb_row admin_label=\u00a0\u00bbLigne\u00a0\u00bb][et_pb_column type=\u00a0\u00bb4_4&Prime;][et_pb_text admin_label=\u00a0\u00bbTexte m\u00e9t\u00e9o Leysin + jpg\u00a0\u00bb background_layout=\u00a0\u00bblight\u00a0\u00bb text_orientation=\u00a0\u00bbleft\u00a0\u00bb use_border_color=\u00a0\u00bboff\u00a0\u00bb border_color=\u00a0\u00bb#ffffff\u00a0\u00bb border_style=\u00a0\u00bbsolid\u00a0\u00bb]<\/p>\n<hr \/>\n<p><strong>Pr\u00e9visions m\u00e9t\u00e9o \u00e0 Leysin (CH) pour les prochaines\u00a0heures<\/strong><\/p>\n<p><span style=\"font-size: small;\"><strong><a href=\"http:\/\/www.durussel.ch\/wdisplay\/forecasticonstation.gif\"><img loading=\"lazy\" decoding=\"async\" src=\"http:\/\/www.durussel.ch\/wdisplay\/forecasticonstation.gif\" alt=\"\" width=\"200\" height=\"155\" \/><\/a><\/strong><\/span><\/p>\n<p><strong>NOTE<\/strong> : ces informations sont calcul\u00e9es et d\u00e9termin\u00e9es automatiquement par la station m\u00e9t\u00e9o et ne se basent pas sur des mod\u00e8les m\u00e9t\u00e9o.\u00a0Ces informations ne sont pas toujours exactes et doivent \u00eatre confirm\u00e9es par les images radar et des satellites !<\/p>\n<p>[\/et_pb_text][\/et_pb_column][\/et_pb_row][\/et_pb_section][et_pb_section admin_label=\u00a0\u00bbSection\u00a0\u00bb fullwidth=\u00a0\u00bboff\u00a0\u00bb specialty=\u00a0\u00bboff\u00a0\u00bb][et_pb_row admin_label=\u00a0\u00bbLigne\u00a0\u00bb][et_pb_column type=\u00a0\u00bb4_4&Prime;][et_pb_text admin_label=\u00a0\u00bbTexte conditions actuelles + image\u00a0\u00bb background_layout=\u00a0\u00bblight\u00a0\u00bb text_orientation=\u00a0\u00bbleft\u00a0\u00bb use_border_color=\u00a0\u00bboff\u00a0\u00bb border_color=\u00a0\u00bb#ffffff\u00a0\u00bb border_style=\u00a0\u00bbsolid\u00a0\u00bb]<\/p>\n<hr \/>\n<p>Tableau des conditions m\u00e9t\u00e9orologiques actuelles en direct de notre station m\u00e9t\u00e9o de Leysin sous forme d&rsquo;une image.<br \/>\nCes donn\u00e9es sont mises \u00e0 jour toutes les 2 minutes, 24 heures sur 24.<br \/>\nPour visualiser\u00a0les derni\u00e8res valeurs il faut recharger la page en utilisant la fonction \u00ab\u00a0rafra\u00eechir\u00a0\u00bb de votre navigateur Internet.<\/p>\n<div style=\"width: 697px\" class=\"wp-caption aligncenter\"><a href=\"http:\/\/www.durussel.ch\/wdisplay\/Leysin%20CH,%20Sybildial.gif\"><img loading=\"lazy\" decoding=\"async\" src=\"http:\/\/www.durussel.ch\/wdisplay\/Leysin%20CH,%20Sybildial.gif\" width=\"687\" height=\"558\" \/><\/a><p class=\"wp-caption-text\">Cliquez sur l&rsquo;image pour l&rsquo;agrandir (une nouvelle fen\u00eatre s&rsquo;ouvrira)<\/p><\/div>\n<p>&nbsp;<\/p>\n<p>[\/et_pb_text][\/et_pb_column][\/et_pb_row][\/et_pb_section][et_pb_section admin_label=\u00a0\u00bbSection\u00a0\u00bb fullwidth=\u00a0\u00bboff\u00a0\u00bb specialty=\u00a0\u00bboff\u00a0\u00bb][et_pb_row admin_label=\u00a0\u00bbLigne\u00a0\u00bb][et_pb_column type=\u00a0\u00bb4_4&Prime;][et_pb_text admin_label=\u00a0\u00bbTexte liens donn\u00e9es station Leysin\u00a0\u00bb background_layout=\u00a0\u00bblight\u00a0\u00bb text_orientation=\u00a0\u00bbleft\u00a0\u00bb use_border_color=\u00a0\u00bboff\u00a0\u00bb border_color=\u00a0\u00bb#ffffff\u00a0\u00bb border_style=\u00a0\u00bbsolid\u00a0\u00bb]<\/p>\n<hr \/>\n<p>Les autres donn\u00e9es\u00a0de notre station m\u00e9t\u00e9orologique et qui sont diffus\u00e9es sur Internet\u00a0sont disponibles\u00a0via les liens ci-dessous\u00a0(mise \u00e0 jour des\u00a0mesures toutes les\u00a0minutes, mais l&rsquo;actualisation qui provieint de diffuseurs tiers n&rsquo;est pas toujours garantie)<\/p>\n<p>&nbsp;<\/p>\n<ul>\n<li>Notre station\u00a0est affili\u00e9re au\u00a0r\u00e9seau StatIC (Infoclimat): <a href=\"http:\/\/www.infoclimat.fr\/stations-meteo\/index.php?s=000A6\" target=\"_blank\" charset=\"x-small\">les donn\u00e9es en direct sont \u00e0 votre disposition ici<\/a><\/li>\n<li>R\u00e9seau ROMMA : <a href=\"http:\/\/www.romma.fr\/station_24.php?id=1&amp;tempe=1\" target=\"_blank\" charset=\"x-small\">les donn\u00e9es en direct sont \u00e0 votre disposition ici<\/a><\/li>\n<li>R\u00e9seau Weatherlink : <a href=\"http:\/\/www.weatherlink.com\/user\/pdurussel\/index.php?view=main&amp;headers=1\" target=\"_blank\" charset=\"x-small\">les donn\u00e9es en direct sont \u00e0 votre disposition ici<\/a><\/li>\n<li>R\u00e9seau Weatherlink : <a href=\"http:\/\/www.weatherlink.com\/user\/pdurussel\/index.php?view=summary&amp;headers=1\" target=\"_blank\" charset=\"larger\">les maxima\/minima de la journ\u00e9e sous forme de tableau sont ici<\/a><\/li>\n<li>R\u00e9seau APRS : <a href=\"http:\/\/www.findu.com\/cgi-bin\/wxpage.cgi?call=DW0170!Leysin&amp;radar=***&amp;last=120&amp;units=metric\" target=\"_blank\" charset=\"larger\">les graphiques (vent, temp\u00e9ratures et pr\u00e9cipitations) des 10 derniers jours sont ici<\/a><\/li>\n<li>R\u00e9seau NOAA : <a href=\"http:\/\/www.wxqa.com\/cgi-bin\/search1.cgi?keyword=DW0170\" target=\"_blank\" charset=\"larger\">la situation g\u00e9ographique de la station (Google Map) et les information g\u00e9n\u00e9rales sont ici<\/a><\/li>\n<li>R\u00e9seau\u00a0Awekas : <a href=\"http:\/\/www.awekas.at\/fr\/instrument.php?id=7247\" target=\"_blank\" charset=\"larger\">les donn\u00e9es en direct sont ici\u00a0<\/a><\/li>\n<li>R\u00e9seau\u00a0Wunderground : <a href=\"http:\/\/www.wunderground.com\/weatherstation\/WXDailyHistory.asp?ID=IVAUDLEY2\" target=\"_blank\" charset=\"larger\">les donn\u00e9es en direct sont ici<\/a>.<\/li>\n<\/ul>\n<p>[\/et_pb_text][\/et_pb_column][\/et_pb_row][\/et_pb_section][et_pb_section admin_label=\u00a0\u00bbSection\u00a0\u00bb fullwidth=\u00a0\u00bboff\u00a0\u00bb specialty=\u00a0\u00bboff\u00a0\u00bb][et_pb_row admin_label=\u00a0\u00bbLigne\u00a0\u00bb][et_pb_column type=\u00a0\u00bb4_4&Prime;][et_pb_text admin_label=\u00a0\u00bbTexte + image : \u00e9ph\u00e9m\u00e9rides du jour\u00a0\u00bb background_layout=\u00a0\u00bblight\u00a0\u00bb text_orientation=\u00a0\u00bbleft\u00a0\u00bb use_border_color=\u00a0\u00bboff\u00a0\u00bb border_color=\u00a0\u00bb#ffffff\u00a0\u00bb border_style=\u00a0\u00bbsolid\u00a0\u00bb]<\/p>\n<hr \/>\n<p><a href=\"http:\/\/www.philippe-durussel.info\/wdisplay\/sunmoonimage.jpg\"><img loading=\"lazy\" decoding=\"async\" class=\"\" src=\"http:\/\/www.philippe-durussel.info\/wdisplay\/sunmoonimage.jpg\" width=\"421\" height=\"380\" \/><\/a><\/p>\n<p>Eph\u00e9m\u00e9rides du jour pour Leysin<\/p>\n<p>[\/et_pb_text][\/et_pb_column][\/et_pb_row][\/et_pb_section]<\/p>\n","protected":false},"excerpt":{"rendered":"<p>[et_pb_section admin_label=\u00a0\u00bbsection\u00a0\u00bb][et_pb_row admin_label=\u00a0\u00bbrow\u00a0\u00bb][et_pb_column type=\u00a0\u00bb4_4&Prime;][et_pb_text admin_label=\u00a0\u00bbTexte intro\u00a0\u00bb background_layout=\u00a0\u00bblight\u00a0\u00bb text_orientation=\u00a0\u00bbjustified\u00a0\u00bb text_font=\u00a0\u00bbTrebuchet||||\u00a0\u00bb use_border_color=\u00a0\u00bboff\u00a0\u00bb border_color=\u00a0\u00bb#ffffff\u00a0\u00bb border_style=\u00a0\u00bbsolid\u00a0\u00bb] Toutes les informations sur les conditions m\u00e9t\u00e9o en direct du chalet Sybil, \u00e0 Leysin. Ces donn\u00e9es m\u00e9t\u00e9o sont\u00a0mises en ligne\u00a024h sur 24 et r\u00e9actualis\u00e9es toutes les minutes. Conditions m\u00e9t\u00e9o actuelles \u00e0 Leysin Ces donn\u00e9es sont repr\u00e9sent\u00e9es par l&rsquo;ic\u00f4ne ci-dessous et sont mises \u00e0 [&hellip;]<\/p>\n","protected":false},"author":1,"featured_media":0,"parent":63,"menu_order":0,"comment_status":"closed","ping_status":"closed","template":"","meta":{"_et_pb_use_builder":"on","_et_pb_old_content":"","_et_gb_content_width":"","footnotes":""},"class_list":["post-187","page","type-page","status-publish","hentry"],"_links":{"self":[{"href":"https:\/\/test.philippe-durussel.info\/index.php?rest_route=\/wp\/v2\/pages\/187"}],"collection":[{"href":"https:\/\/test.philippe-durussel.info\/index.php?rest_route=\/wp\/v2\/pages"}],"about":[{"href":"https:\/\/test.philippe-durussel.info\/index.php?rest_route=\/wp\/v2\/types\/page"}],"author":[{"embeddable":true,"href":"https:\/\/test.philippe-durussel.info\/index.php?rest_route=\/wp\/v2\/users\/1"}],"replies":[{"embeddable":true,"href":"https:\/\/test.philippe-durussel.info\/index.php?rest_route=%2Fwp%2Fv2%2Fcomments&post=187"}],"version-history":[{"count":27,"href":"https:\/\/test.philippe-durussel.info\/index.php?rest_route=\/wp\/v2\/pages\/187\/revisions"}],"predecessor-version":[{"id":421,"href":"https:\/\/test.philippe-durussel.info\/index.php?rest_route=\/wp\/v2\/pages\/187\/revisions\/421"}],"up":[{"embeddable":true,"href":"https:\/\/test.philippe-durussel.info\/index.php?rest_route=\/wp\/v2\/pages\/63"}],"wp:attachment":[{"href":"https:\/\/test.philippe-durussel.info\/index.php?rest_route=%2Fwp%2Fv2%2Fmedia&parent=187"}],"curies":[{"name":"wp","href":"https:\/\/api.w.org\/{rel}","templated":true}]}}