{"id":121,"date":"2015-02-03T14:35:54","date_gmt":"2015-02-03T13:35:54","guid":{"rendered":"http:\/\/ldwgxvi.preview.infomaniak.com\/?page_id=121"},"modified":"2016-08-05T06:48:43","modified_gmt":"2016-08-05T06:48:43","slug":"121-2","status":"publish","type":"page","link":"https:\/\/test.philippe-durussel.info\/?page_id=121","title":{"rendered":"Tableau p\u00e9riodique des \u00e9l\u00e9ments"},"content":{"rendered":"<p>[et_pb_section admin_label=\u00a0\u00bbsection\u00a0\u00bb][et_pb_row admin_label=\u00a0\u00bbrow\u00a0\u00bb][et_pb_column type=\u00a0\u00bb4_4&Prime;][et_pb_text admin_label=\u00a0\u00bbTexte &#8211; tableau p\u00e9riodique des \u00e9l\u00e9ments\u00a0\u00bb background_layout=\u00a0\u00bblight\u00a0\u00bb text_orientation=\u00a0\u00bbleft\u00a0\u00bb use_border_color=\u00a0\u00bboff\u00a0\u00bb border_color=\u00a0\u00bb#ffffff\u00a0\u00bb border_style=\u00a0\u00bbsolid\u00a0\u00bb]<\/p>\n<p><strong>TABLEAU P\u00c9RIODIQUE DES \u00c9L\u00c9MENTS<\/strong><\/p>\n<p style=\"text-align: justify;\">Vous pouvez t\u00e9l\u00e9charger le tableau p\u00e9riodique des \u00e9l\u00e9ments mis \u00e0 disposition de nos \u00e9l\u00e8ves par les Ma\u00eetres de chimie du Gymnase de Burier.<\/p>\n<p style=\"text-align: justify;\">Ce tableau p\u00e9riodique des \u00e9l\u00e9ments est r\u00e9guli\u00e8rement mis \u00e0 jour. N&rsquo;h\u00e9sitez pas \u00e0 repasser sur cette page pour t\u00e9l\u00e9charger la derni\u00e8re version disponible.<\/p>\n<p style=\"text-align: justify;\">La version actuelle est celle du mois d&rsquo;ao\u00fbt 2016.<\/p>\n<p style=\"text-align: justify;\">Les\u00a0documents sont du type pdf. Pour lire ces fichiers, vous pouvez\u00a0<a title=\"L'image webcam en taille 640x480 pixel se trouve ici\" href=\"http:\/\/www.adobe.com\/fr\/products\/reader\/index.html\" target=\"_blank\" charset=\"larger\">gratuitement t\u00e9l\u00e9charger le logiciel Acrobat Reader ici<\/a>\u00a0(une nouvelle fen\u00eatre s&rsquo;ouvrira).<\/p>\n<p style=\"text-align: justify;\">Pour t\u00e9l\u00e9charger le\u00a0document d\u00e9sir\u00e9, cliquez sur les photos ci-dessous !<\/p>\n<hr \/>\n<p>[\/et_pb_text][\/et_pb_column][\/et_pb_row][\/et_pb_section][et_pb_section admin_label=\u00a0\u00bbSection\u00a0\u00bb fullwidth=\u00a0\u00bboff\u00a0\u00bb specialty=\u00a0\u00bboff\u00a0\u00bb][et_pb_row admin_label=\u00a0\u00bbLigne\u00a0\u00bb][et_pb_column type=\u00a0\u00bb1_2&Prime;][et_pb_text admin_label=\u00a0\u00bbTableau p\u00e9riodique &#8211; recto\u00a0\u00bb background_layout=\u00a0\u00bblight\u00a0\u00bb text_orientation=\u00a0\u00bbcenter\u00a0\u00bb use_border_color=\u00a0\u00bboff\u00a0\u00bb border_color=\u00a0\u00bb#ffffff\u00a0\u00bb border_style=\u00a0\u00bbsolid\u00a0\u00bb]<\/p>\n<p>Pour t\u00e9l\u00e9charger, cliquez sur l&rsquo;image !<\/p>\n<div style=\"width: 1764px\" class=\"wp-caption aligncenter\"><a href=\"http:\/\/www.durussel.ch\/attachments\/File\/Tableau_periodique_pdf\/TPEL_ENDROIT.pdf\" target=\"_blank\"><img loading=\"lazy\" decoding=\"async\" src=\"http:\/\/www.durussel.ch\/attachments\/Image\/TPEL_endroit.png\" width=\"1754\" height=\"1240\" \/><\/a><p class=\"wp-caption-text\">Tableau p\u00e9riodique : recto (fichier PDF)<\/p><\/div>\n<p>[\/et_pb_text][\/et_pb_column][et_pb_column type=\u00a0\u00bb1_2&Prime;][et_pb_text admin_label=\u00a0\u00bbTableau p\u00e9riodique &#8211; verso\u00a0\u00bb background_layout=\u00a0\u00bblight\u00a0\u00bb text_orientation=\u00a0\u00bbcenter\u00a0\u00bb use_border_color=\u00a0\u00bboff\u00a0\u00bb border_color=\u00a0\u00bb#ffffff\u00a0\u00bb border_style=\u00a0\u00bbsolid\u00a0\u00bb]<\/p>\n<p>Pour t\u00e9l\u00e9charger, cliquez sur l&rsquo;image !<\/p>\n<div style=\"width: 1764px\" class=\"wp-caption aligncenter\"><a href=\"http:\/\/www.durussel.ch\/attachments\/File\/Tableau_periodique_pdf\/TPEL_ENVERS.pdf\" target=\"_blank\"><img loading=\"lazy\" decoding=\"async\" src=\"http:\/\/www.durussel.ch\/attachments\/Image\/TPEL-envers.png\" width=\"1754\" height=\"1240\" \/><\/a><p class=\"wp-caption-text\">Tableau p\u00e9riodique verso (fichier PDF)<\/p><\/div>\n<p>[\/et_pb_text][\/et_pb_column][\/et_pb_row][\/et_pb_section]<\/p>\n","protected":false},"excerpt":{"rendered":"<p>[et_pb_section admin_label=\u00a0\u00bbsection\u00a0\u00bb][et_pb_row admin_label=\u00a0\u00bbrow\u00a0\u00bb][et_pb_column type=\u00a0\u00bb4_4&Prime;][et_pb_text admin_label=\u00a0\u00bbTexte &#8211; tableau p\u00e9riodique des \u00e9l\u00e9ments\u00a0\u00bb background_layout=\u00a0\u00bblight\u00a0\u00bb text_orientation=\u00a0\u00bbleft\u00a0\u00bb use_border_color=\u00a0\u00bboff\u00a0\u00bb border_color=\u00a0\u00bb#ffffff\u00a0\u00bb border_style=\u00a0\u00bbsolid\u00a0\u00bb] TABLEAU P\u00c9RIODIQUE DES \u00c9L\u00c9MENTS Vous pouvez t\u00e9l\u00e9charger le tableau p\u00e9riodique des \u00e9l\u00e9ments mis \u00e0 disposition de nos \u00e9l\u00e8ves par les Ma\u00eetres de chimie du Gymnase de Burier. Ce tableau p\u00e9riodique des \u00e9l\u00e9ments est r\u00e9guli\u00e8rement mis \u00e0 jour. N&rsquo;h\u00e9sitez pas \u00e0 [&hellip;]<\/p>\n","protected":false},"author":2,"featured_media":0,"parent":119,"menu_order":1,"comment_status":"open","ping_status":"open","template":"","meta":{"_et_pb_use_builder":"on","_et_pb_old_content":"<p>Vous pouvez t\u00e9l\u00e9charger le tableau p\u00e9riodique des \u00e9l\u00e9ments mis \u00e0 disposition de nos \u00e9l\u00e8ves par les Ma\u00eetres de chimie du Gymnase de Burier.<br \/><br \/>Ce tableau p\u00e9riodique des \u00e9l\u00e9ments est r\u00e9guli\u00e8rement mis \u00e0 jour. N'h\u00e9sitez pas \u00e0 repasser sur cette page pour t\u00e9l\u00e9charger la derni\u00e8re version disponible.<br \/><br \/>La version actuelle est celle du mois de novembre 2014.<br \/><br \/>Les\u00a0documents sont du type pdf. Pour lire ces fichiers, vous pouvez\u00a0<a title=\"L'image webcam en taille 640x480 pixel se trouve ici\" href=\"http:\/\/www.adobe.com\/fr\/products\/reader\/index.html\" target=\"_blank\" charset=\"larger\"><span style=\"color: #810081;\">gratuitement t\u00e9l\u00e9charger le logiciel Acrobat Reader ici<\/span><\/a>\u00a0(une nouvelle fen\u00eatre s'ouvrira).<br \/><br \/>Pour t\u00e9l\u00e9charger le\u00a0document d\u00e9sir\u00e9, cliquez sur les photos ci-dessous !<br \/><br \/><br \/><\/p><table border=\"0\" width=\"80%\" cellspacing=\"1\" cellpadding=\"1\"><tbody><tr><td><a href=\"http:\/\/www.durussel.ch\/attachments\/File\/Tableau_periodique_pdf\/TPEL-ENDROIT-09_version_01_09_2009_avec-Tf_et-Teb-sans_rayon_atomique.pdf\" target=\"_blank\"><img class=\" aligncenter\" src=\"http:\/\/www.durussel.ch\/attachments\/Image\/TPEL_endroit.png\" alt=\"\" width=\"175\" height=\"124\" border=\"3\" \/><\/a><\/td><td><a href=\"http:\/\/www.durussel.ch\/attachments\/File\/Tableau_periodique_pdf\/TPEL-ENVERS_08_version_26_08_2008.pdf\" target=\"_blank\"><img class=\" aligncenter\" src=\"http:\/\/www.durussel.ch\/attachments\/Image\/TPEL-envers.png\" alt=\"\" width=\"175\" height=\"124\" border=\"3\" \/><\/a><\/td><\/tr><tr><td style=\"text-align: center;\">Tableau p\u00e9riodique : recto<\/td><td style=\"text-align: center;\">Tableau p\u00e9riodique : verso<\/td><\/tr><\/tbody><\/table><p><br \/><br \/><\/p>","_et_gb_content_width":"","footnotes":""},"class_list":["post-121","page","type-page","status-publish","hentry"],"_links":{"self":[{"href":"https:\/\/test.philippe-durussel.info\/index.php?rest_route=\/wp\/v2\/pages\/121"}],"collection":[{"href":"https:\/\/test.philippe-durussel.info\/index.php?rest_route=\/wp\/v2\/pages"}],"about":[{"href":"https:\/\/test.philippe-durussel.info\/index.php?rest_route=\/wp\/v2\/types\/page"}],"author":[{"embeddable":true,"href":"https:\/\/test.philippe-durussel.info\/index.php?rest_route=\/wp\/v2\/users\/2"}],"replies":[{"embeddable":true,"href":"https:\/\/test.philippe-durussel.info\/index.php?rest_route=%2Fwp%2Fv2%2Fcomments&post=121"}],"version-history":[{"count":5,"href":"https:\/\/test.philippe-durussel.info\/index.php?rest_route=\/wp\/v2\/pages\/121\/revisions"}],"predecessor-version":[{"id":405,"href":"https:\/\/test.philippe-durussel.info\/index.php?rest_route=\/wp\/v2\/pages\/121\/revisions\/405"}],"up":[{"embeddable":true,"href":"https:\/\/test.philippe-durussel.info\/index.php?rest_route=\/wp\/v2\/pages\/119"}],"wp:attachment":[{"href":"https:\/\/test.philippe-durussel.info\/index.php?rest_route=%2Fwp%2Fv2%2Fmedia&parent=121"}],"curies":[{"name":"wp","href":"https:\/\/api.w.org\/{rel}","templated":true}]}}