{"id":117,"date":"2015-02-03T14:30:31","date_gmt":"2015-02-03T13:30:31","guid":{"rendered":"http:\/\/ldwgxvi.preview.infomaniak.com\/?page_id=117"},"modified":"2016-08-08T08:46:06","modified_gmt":"2016-08-08T08:46:06","slug":"meteo-de-leysin-statistiques-archivees-depuis-2003","status":"publish","type":"page","link":"https:\/\/test.philippe-durussel.info\/?page_id=117","title":{"rendered":"Statistiques archiv\u00e9es depuis 2003"},"content":{"rendered":"<p>[et_pb_section][et_pb_row][et_pb_column type=\u00a0\u00bb4_4&Prime;][et_pb_text admin_label=\u00a0\u00bbText\u00a0\u00bb]<\/p>\n<div>\n<p>Vous trouverez ici toutes les donn\u00e9es archiv\u00e9es de notre poste de mesure de Leysin (chalet Sybil, altitude 1360 m\u00e8tres) sous forme de tableaux de valeurs, de graphiques\u00a0et de statistiques d\u00e9taill\u00e9es.<\/p>\n<p>Vous pouvez \u00e9galement :<\/p>\n<\/div>\n<ul>\n<li>rechercher et comparer toutes les valeurs extr\u00eames enregistr\u00e9es par notre station : par jour, par mois, par ann\u00e9e ou depuis le d\u00e9but des donn\u00e9es (en juillet 2003).<\/li>\n<\/ul>\n<p>Si vous d\u00e9sirez acc\u00e9der \u00e0 ces donn\u00e9es en format \u00ab\u00a0pleine page\u00a0\u00bb vous pouvez\u00a0<a href=\"http:\/\/www.durussel.ch\/graphweather\/noaa\/MyGWStats.php?&amp;link=Full.xml\" target=\"_blank\" charset=\"larger\"><span style=\"color: #810081;\">cliquer sur ce lien<\/span><\/a>.<\/p>\n<p>&nbsp;<\/p>\n\n<!-- iframe plugin v.5.1 wordpress.org\/plugins\/iframe\/ -->\n<iframe loading=\"lazy\" src=\"http:\/\/www.durussel.ch\/graphweather\/noaa\/MyGWStats.php\" width=\"1000\" height=\"1800\" scrolling=\"auto\" frameborder=\"1\" class=\"iframe-class\"><\/iframe>\n\n<p>[\/et_pb_text][\/et_pb_column][\/et_pb_row][\/et_pb_section]<\/p>\n","protected":false},"excerpt":{"rendered":"<p>[et_pb_section][et_pb_row][et_pb_column type=\u00a0\u00bb4_4&Prime;][et_pb_text admin_label=\u00a0\u00bbText\u00a0\u00bb] Vous trouverez ici toutes les donn\u00e9es archiv\u00e9es de notre poste de mesure de Leysin (chalet Sybil, altitude 1360 m\u00e8tres) sous forme de tableaux de valeurs, de graphiques\u00a0et de statistiques d\u00e9taill\u00e9es. Vous pouvez \u00e9galement : rechercher et comparer toutes les valeurs extr\u00eames enregistr\u00e9es par notre station : par jour, par mois, par ann\u00e9e [&hellip;]<\/p>\n","protected":false},"author":2,"featured_media":0,"parent":92,"menu_order":8,"comment_status":"open","ping_status":"open","template":"","meta":{"_et_pb_use_builder":"on","_et_pb_old_content":"<div>Vous trouverez ici toutes les donn\u00e9es archiv\u00e9es de notre poste de mesure de Leysin (chalet Sybil, altitude 1360 m\u00e8tres) sous forme de tableaux de valeurs, de graphiques\u00a0et de statistiques d\u00e9taill\u00e9es.<br \/><br \/>Vous pouvez \u00e9galement :<\/div><ul><li>rechercher et comparer toutes les valeurs extr\u00eames enregistr\u00e9es par notre station : par jour, par mois, par ann\u00e9e ou depuis le d\u00e9but des donn\u00e9es (en juillet 2003).<\/li><\/ul><p>Si vous d\u00e9sirez acc\u00e9der \u00e0 ces donn\u00e9es en format \"pleine page\" vous pouvez\u00a0<a href=\"http:\/\/www.durussel.ch\/graphweather\/noaa\/MyGWStats.php?&link=Full.xml\" target=\"_blank\" charset=\"larger\"><span style=\"color: #810081;\">cliquer sur ce lien<\/span><\/a>.<\/p><p>\u00a0<\/p><p>[iframe src=\"http:\/\/www.durussel.ch\/graphweather\/noaa\/MyGWStats.php\" width=\"1000\" height=\"1800\" scrolling=\"auto\" frameborder=\"1\"]<\/p>","_et_gb_content_width":"","footnotes":""},"class_list":["post-117","page","type-page","status-publish","hentry"],"_links":{"self":[{"href":"https:\/\/test.philippe-durussel.info\/index.php?rest_route=\/wp\/v2\/pages\/117"}],"collection":[{"href":"https:\/\/test.philippe-durussel.info\/index.php?rest_route=\/wp\/v2\/pages"}],"about":[{"href":"https:\/\/test.philippe-durussel.info\/index.php?rest_route=\/wp\/v2\/types\/page"}],"author":[{"embeddable":true,"href":"https:\/\/test.philippe-durussel.info\/index.php?rest_route=\/wp\/v2\/users\/2"}],"replies":[{"embeddable":true,"href":"https:\/\/test.philippe-durussel.info\/index.php?rest_route=%2Fwp%2Fv2%2Fcomments&post=117"}],"version-history":[{"count":1,"href":"https:\/\/test.philippe-durussel.info\/index.php?rest_route=\/wp\/v2\/pages\/117\/revisions"}],"predecessor-version":[{"id":473,"href":"https:\/\/test.philippe-durussel.info\/index.php?rest_route=\/wp\/v2\/pages\/117\/revisions\/473"}],"up":[{"embeddable":true,"href":"https:\/\/test.philippe-durussel.info\/index.php?rest_route=\/wp\/v2\/pages\/92"}],"wp:attachment":[{"href":"https:\/\/test.philippe-durussel.info\/index.php?rest_route=%2Fwp%2Fv2%2Fmedia&parent=117"}],"curies":[{"name":"wp","href":"https:\/\/api.w.org\/{rel}","templated":true}]}}