{"id":113,"date":"2015-02-03T14:27:38","date_gmt":"2015-02-03T13:27:38","guid":{"rendered":"http:\/\/ldwgxvi.preview.infomaniak.com\/?page_id=113"},"modified":"2016-08-08T08:46:28","modified_gmt":"2016-08-08T08:46:28","slug":"meteo-de-leysin-donnees-et-graphiques-archives-depuis-2003","status":"publish","type":"page","link":"https:\/\/test.philippe-durussel.info\/?page_id=113","title":{"rendered":"Donn\u00e9es archiv\u00e9es depuis 2003"},"content":{"rendered":"<p>[et_pb_section][et_pb_row][et_pb_column type=\u00a0\u00bb4_4&Prime;][et_pb_text admin_label=\u00a0\u00bbText\u00a0\u00bb]<\/p>\n<div>Vous trouverez ici toutes les donn\u00e9es archiv\u00e9es de notre poste de mesure de Leysin (chalet Sybil, altitude 1360 m\u00e8tres) sous forme de graphiques et de tableaux interactifs.Vous pouvez \u00e9galement :<\/div>\n<ul>\n<li>comparer tous les mois entre eux,<\/li>\n<li>comparer toutes les ann\u00e9es entre elles.<\/li>\n<\/ul>\n<p>Si vous d\u00e9sirez acc\u00e9der \u00e0 ces donn\u00e9es en format \u00ab\u00a0pleine page\u00a0\u00bb vous pouvez <a href=\"http:\/\/www.durussel.ch\/graphweather\/noaa\/rapports-mensuels.php\" target=\"_blank\" charset=\"larger\"><span style=\"color: #810081;\">cliquer sur ce lien<\/span><\/a>.<\/p>\n\n<!-- iframe plugin v.5.1 wordpress.org\/plugins\/iframe\/ -->\n<iframe loading=\"lazy\" src=\"http:\/\/www.durussel.ch\/graphweather\/noaa\/rapports-mensuels.php\" width=\"1000\" height=\"1800\" scrolling=\"auto\" frameborder=\"1\" class=\"iframe-class\"><\/iframe>\n\n<p>&nbsp;<\/p>\n<p>[\/et_pb_text][\/et_pb_column][\/et_pb_row][\/et_pb_section]<\/p>\n","protected":false},"excerpt":{"rendered":"<p>[et_pb_section][et_pb_row][et_pb_column type=\u00a0\u00bb4_4&Prime;][et_pb_text admin_label=\u00a0\u00bbText\u00a0\u00bb] Vous trouverez ici toutes les donn\u00e9es archiv\u00e9es de notre poste de mesure de Leysin (chalet Sybil, altitude 1360 m\u00e8tres) sous forme de graphiques et de tableaux interactifs.Vous pouvez \u00e9galement : comparer tous les mois entre eux, comparer toutes les ann\u00e9es entre elles. Si vous d\u00e9sirez acc\u00e9der \u00e0 ces donn\u00e9es en format \u00ab\u00a0pleine [&hellip;]<\/p>\n","protected":false},"author":2,"featured_media":0,"parent":92,"menu_order":6,"comment_status":"open","ping_status":"open","template":"","meta":{"_et_pb_use_builder":"on","_et_pb_old_content":"<div>Vous trouverez ici toutes les donn\u00e9es archiv\u00e9es de notre poste de mesure de Leysin (chalet Sybil, altitude 1360 m\u00e8tres) sous forme de graphiques et de tableaux interactifs.Vous pouvez \u00e9galement :<\/div><ul><li>comparer tous les mois entre eux,<\/li><li>comparer toutes les ann\u00e9es entre elles.<\/li><\/ul><p>Si vous d\u00e9sirez acc\u00e9der \u00e0 ces donn\u00e9es en format \"pleine page\" vous pouvez <a href=\"http:\/\/www.durussel.ch\/graphweather\/noaa\/rapports-mensuels.php\" target=\"_blank\" charset=\"larger\"><span style=\"color: #810081;\">cliquer sur ce lien<\/span><\/a>.<\/p><p>[iframe src=\"http:\/\/www.durussel.ch\/graphweather\/noaa\/rapports-mensuels.php\" width=\"1000\" height=\"1800\" scrolling=\"auto\" frameborder=\"1\"]<\/p><p>\u00a0<\/p>","_et_gb_content_width":"","footnotes":""},"class_list":["post-113","page","type-page","status-publish","hentry"],"_links":{"self":[{"href":"https:\/\/test.philippe-durussel.info\/index.php?rest_route=\/wp\/v2\/pages\/113"}],"collection":[{"href":"https:\/\/test.philippe-durussel.info\/index.php?rest_route=\/wp\/v2\/pages"}],"about":[{"href":"https:\/\/test.philippe-durussel.info\/index.php?rest_route=\/wp\/v2\/types\/page"}],"author":[{"embeddable":true,"href":"https:\/\/test.philippe-durussel.info\/index.php?rest_route=\/wp\/v2\/users\/2"}],"replies":[{"embeddable":true,"href":"https:\/\/test.philippe-durussel.info\/index.php?rest_route=%2Fwp%2Fv2%2Fcomments&post=113"}],"version-history":[{"count":2,"href":"https:\/\/test.philippe-durussel.info\/index.php?rest_route=\/wp\/v2\/pages\/113\/revisions"}],"predecessor-version":[{"id":474,"href":"https:\/\/test.philippe-durussel.info\/index.php?rest_route=\/wp\/v2\/pages\/113\/revisions\/474"}],"up":[{"embeddable":true,"href":"https:\/\/test.philippe-durussel.info\/index.php?rest_route=\/wp\/v2\/pages\/92"}],"wp:attachment":[{"href":"https:\/\/test.philippe-durussel.info\/index.php?rest_route=%2Fwp%2Fv2%2Fmedia&parent=113"}],"curies":[{"name":"wp","href":"https:\/\/api.w.org\/{rel}","templated":true}]}}